{"id":2754,"date":"2022-03-05T18:51:34","date_gmt":"2022-03-05T17:51:34","guid":{"rendered":"https:\/\/feelfreeagency.com\/envirofond\/?page_id=2754"},"modified":"2022-03-05T19:28:50","modified_gmt":"2022-03-05T18:28:50","slug":"rozhodnute-ziadosti","status":"publish","type":"page","link":"https:\/\/feelfreeagency.com\/envirofond\/rozhodnute-ziadosti\/","title":{"rendered":"Rozhodnut\u00e9 \u017eiadosti"},"content":{"rendered":"\t\t<div data-elementor-type=\"wp-page\" data-elementor-id=\"2754\" class=\"elementor elementor-2754\" data-elementor-settings=\"[]\">\n\t\t\t\t\t\t<div class=\"elementor-inner\">\n\t\t\t\t\t\t\t<div class=\"elementor-section-wrap\">\n\t\t\t\t\t\t\t<section class=\"elementor-section elementor-top-section elementor-element elementor-element-1e5b797 elementor-section-boxed elementor-section-height-default elementor-section-height-default\" data-id=\"1e5b797\" data-element_type=\"section\">\n\t\t\t\t\t\t<div class=\"elementor-container elementor-column-gap-default\">\n\t\t\t\t\t\t\t<div class=\"elementor-row\">\n\t\t\t\t\t<div class=\"elementor-column elementor-col-100 elementor-top-column elementor-element elementor-element-34c7ba6\" data-id=\"34c7ba6\" data-element_type=\"column\">\n\t\t\t<div class=\"elementor-column-wrap elementor-element-populated\">\n\t\t\t\t\t\t\t<div class=\"elementor-widget-wrap\">\n\t\t\t\t\t\t<div class=\"elementor-element elementor-element-781ab0a divider_yes elementor-widget elementor-widget-wgl-double-headings\" data-id=\"781ab0a\" data-element_type=\"widget\" data-widget_type=\"wgl-double-headings.default\">\n\t\t\t\t<div class=\"elementor-widget-container\">\n\t\t\t<div class=\"wgl-double_heading aleft\"><div class=\"dbl-subtitle\"><span>Preh\u013ead \u017eiadate\u013eov o poskytnutie finan\u010dn\u00fdch prostriedkov formou dot\u00e1cie z Environment\u00e1lneho fondu, o ktor\u00fdch podpore rozhodol minister \u017eivotn\u00e9ho prostredia SR<\/span><\/div>                <h5 class=\"dbl-title_wrapper\"><span class=\"dbl-title dbl-title_1\">A. Oblas\u0165: OCHRANA OVZDU\u0160IA\n<\/span>                 <\/h5>        <\/div>\t\t<\/div>\n\t\t\t\t<\/div>\n\t\t\t\t<div class=\"elementor-element elementor-element-2576af2 elementor-widget elementor-widget-text-editor\" data-id=\"2576af2\" data-element_type=\"widget\" data-widget_type=\"text-editor.default\">\n\t\t\t\t<div class=\"elementor-widget-container\">\n\t\t\t<style>\/*! elementor - v3.5.6 - 28-02-2022 *\/\n.elementor-widget-text-editor.elementor-drop-cap-view-stacked .elementor-drop-cap{background-color:#818a91;color:#fff}.elementor-widget-text-editor.elementor-drop-cap-view-framed .elementor-drop-cap{color:#818a91;border:3px solid;background-color:transparent}.elementor-widget-text-editor:not(.elementor-drop-cap-view-default) .elementor-drop-cap{margin-top:8px}.elementor-widget-text-editor:not(.elementor-drop-cap-view-default) .elementor-drop-cap-letter{width:1em;height:1em}.elementor-widget-text-editor .elementor-drop-cap{float:left;text-align:center;line-height:1;font-size:50px}.elementor-widget-text-editor .elementor-drop-cap-letter{display:inline-block}<\/style>\t\t\t\t\t<div class=\"elementor-text-editor elementor-clearfix\">\n\t\t\t\t<p>\u010cinnos\u0165 A1: Podpora v\u00fdroby tepla a teplej vody prostredn\u00edctvom vyu\u017e\u00edvania n\u00edzkoemisn\u00fdch zdrojov<\/p><table class=\"tblBorder\" style=\"height: 1654px;\" width=\"475\"><thead><tr class=\"subtable_title\"><th class=\"subtable_td1\" style=\"text-align: center;\"><strong>Poradov\u00e9 \u010d\u00edslo<\/strong><\/th><th class=\"subtable_td1\" style=\"text-align: center;\"><strong><span id=\"M3_rptReviews_ctl00_rptReviewsData_ctl00_projectId\">\u010c\u00edslo rozhodnutia zo d\u0148a<\/span><\/strong><\/th><th class=\"subtable_td1 evf-l-align\" style=\"text-align: center;\"><strong>N\u00e1zov \u017eiadate\u013ea<\/strong><\/th><th class=\"subtable_td1 evf-l-align\" style=\"text-align: center;\"><strong>N\u00e1zov projektu<\/strong><\/th><th class=\"subtable_td1 evf-r-align\" style=\"text-align: center;\"><strong>Schv\u00e1len\u00e1 dot\u00e1cia v EUR<\/strong><\/th><\/tr><\/thead><tbody><tr><td>1<\/td><td class=\"evf-c-align\">E16\/A1-73\/21 29.11.2021<\/td><td>Obec Sady nad Torysou<\/td><td class=\"evf-l-align\">Rekon\u0161trukcia materskej \u0161koly a jed\u00e1lne v obci Sady nad Torysou<\/td><td class=\"evf-r-align\">50\u00a0275,00<\/td><\/tr><tr><td>2<\/td><td class=\"evf-c-align\">E26\/A1-35\/21 29.11.2021<\/td><td>Obec Vy\u0161n\u00fd Kub\u00edn<\/td><td class=\"evf-l-align\">Obnova budovy M\u0160 Vy\u0161n\u00fd Kub\u00edn, vykurovanie, v\u00fdmena zdroja vykurovania<\/td><td class=\"evf-r-align\">48\u00a0208,00<\/td><\/tr><tr><td>3<\/td><td class=\"evf-c-align\">E28\/A1-47\/21 29.11.2021<\/td><td>Obec \u010cabradsk\u00fd Vrbovok<\/td><td class=\"evf-l-align\">Rekon\u0161trukcia kult\u00farneho domu \u010cabradsk\u00fd Vrbovok-k\u00farenie<\/td><td class=\"evf-r-align\">74\u00a0159,00<\/td><\/tr><tr><td>4<\/td><td class=\"evf-c-align\">E42\/A1-52\/21 29.11.2021<\/td><td>Obec Vinica<\/td><td class=\"evf-l-align\">Budova \u0161koly s\u00fap. \u010d. 400 v obci Vinica<\/td><td class=\"evf-r-align\">194\u00a0628,00<\/td><\/tr><tr><td>5<\/td><td class=\"evf-c-align\">E65\/A1-73\/21 29.11.2021<\/td><td>Obec Trsten\u00e9 pri Horn\u00e1de<\/td><td class=\"evf-l-align\">Rekon\u0161trukcia k\u00farenia novej budovy Z\u00e1kladnej \u0161koly Trsten\u00e9 pri Horn\u00e1de<\/td><td class=\"evf-r-align\">80\u00a0037,00<\/td><\/tr><tr><td>6<\/td><td class=\"evf-c-align\">E67\/A1-76\/21 29.11.2021<\/td><td>Obec Bodza<\/td><td class=\"evf-l-align\">V\u00fdmena zdroja tepla a pridru\u017een\u00fdch rozvodov Kult\u00farneho domu<\/td><td class=\"evf-r-align\">18\u00a0995,00<\/td><\/tr><tr><td>7<\/td><td class=\"evf-c-align\">E80\/A1-26\/21 29.11.2021<\/td><td>Obec Kalameny<\/td><td class=\"evf-l-align\">N\u00edzkoemisn\u00e9 vykurovanie v budove kult\u00farneho domu a obecn\u00e9ho \u00faradu<\/td><td class=\"evf-r-align\">148\u00a0968,00<\/td><\/tr><tr><td>8<\/td><td class=\"evf-c-align\">E81\/A1-65\/21 29.11.2021<\/td><td>Obec Orlov<\/td><td class=\"evf-l-align\">Zvy\u0161ovanie energetickej hospod\u00e1rnosti budovy obecn\u00e9ho \u00faradu v obci Orlov<\/td><td class=\"evf-r-align\">31\u00a0104,00<\/td><\/tr><tr><td>9<\/td><td class=\"evf-c-align\">E86\/A1-40\/21 29.11.2021<\/td><td>Obec Vlachovo<\/td><td class=\"evf-l-align\">V\u00fdmena zdroja tepla a pridru\u017een\u00fdch rozvodov v budove Z\u0160 a M\u0160 Vlachovo<\/td><td class=\"evf-r-align\">78\u00a0495,00<\/td><\/tr><tr><td>10<\/td><td class=\"evf-c-align\">E9\/A1-38\/21 25.06.2021<\/td><td>Obec Sklabi\u0148a<\/td><td class=\"evf-l-align\">Rekon\u0161trukcia vykurovacieho zariadenia budovy Z\u0160 a M\u0160 Sklabi\u0148a, osadenie konzol pre tepeln\u00e9 \u010derpadlo<\/td><td class=\"evf-r-align\">68\u00a0854,00<\/td><\/tr><\/tbody><\/table>\t\t\t\t\t<\/div>\n\t\t\t\t\t\t<\/div>\n\t\t\t\t<\/div>\n\t\t\t\t<div class=\"elementor-element elementor-element-5a42e99 elementor-widget elementor-widget-text-editor\" data-id=\"5a42e99\" data-element_type=\"widget\" data-widget_type=\"text-editor.default\">\n\t\t\t\t<div class=\"elementor-widget-container\">\n\t\t\t\t\t\t\t\t<div class=\"elementor-text-editor elementor-clearfix\">\n\t\t\t\t<p>\u010cinnos\u0165 A2: Podpora v\u00fdroby tepla, teplej vody a elektrickej energie prostredn\u00edctvom vyu\u017e\u00edvania obnovite\u013en\u00fdch zdrojov<\/p><table class=\"tblBorder\"><thead><tr class=\"subtable_title\"><th class=\"subtable_td1\" style=\"text-align: center;\"><strong>Poradov\u00e9 \u010d\u00edslo<\/strong><\/th><th class=\"subtable_td1\" style=\"text-align: center;\"><strong><span id=\"M3_rptReviews_ctl01_rptReviewsData_ctl00_projectId\">\u010c\u00edslo rozhodnutia zo d\u0148a<\/span><\/strong><\/th><th class=\"subtable_td1 evf-l-align\" style=\"text-align: center;\"><strong>N\u00e1zov \u017eiadate\u013ea<\/strong><\/th><th class=\"subtable_td1 evf-l-align\" style=\"text-align: center;\"><strong>N\u00e1zov projektu<\/strong><\/th><th class=\"subtable_td1 evf-r-align\" style=\"text-align: center;\"><strong>Schv\u00e1len\u00e1 dot\u00e1cia v EUR<\/strong><\/th><\/tr><\/thead><tbody><tr><td>1<\/td><td class=\"evf-c-align\">E11\/A2-65\/21 29.11.2021<\/td><td>Obec Ve\u013ek\u00e1 Lesn\u00e1<\/td><td class=\"evf-l-align\">Podpora v\u00fdroby tepla prostredn\u00edctvom vyu\u017e\u00edvania n\u00edzkoemisn\u00fdch zdrojov v budove kult\u00farneho domu<\/td><td class=\"evf-r-align\">52\u00a0879,00<\/td><\/tr><tr><td>2<\/td><td class=\"evf-c-align\">E27\/A2-27\/21 25.06.2021<\/td><td>Obec Lontov<\/td><td class=\"evf-l-align\">Rekon\u0161trukcia materskej \u0161koly<\/td><td class=\"evf-r-align\">50\u00a0451,00<\/td><\/tr><tr><td>3<\/td><td class=\"evf-c-align\">E29\/A2-17\/21 29.11.2021<\/td><td>Obec Ve\u013ek\u00e9 Dr\u017ekovce<\/td><td class=\"evf-l-align\">In\u0161tal\u00e1cia tepeln\u00e9ho \u010derpadla a ostrovn\u00fdch fotovoltick\u00fdch panelov<\/td><td class=\"evf-r-align\">187\u00a0089,00<\/td><\/tr><tr><td>4<\/td><td class=\"evf-c-align\">E45\/A2-26\/21 29.11.2021<\/td><td>Obec Zemianska Ol\u010da<\/td><td class=\"evf-l-align\">Moderniz\u00e1cia zdroja tepla s vyu\u017eit\u00edm OZE Z\u0160 Zemianska Ol\u010da<\/td><td class=\"evf-r-align\">174\u00a0706,00<\/td><\/tr><tr><td>5<\/td><td class=\"evf-c-align\">E70\/A2-19\/21 29.11.2021<\/td><td>Mesto Brezov\u00e1 pod Bradlom<\/td><td class=\"evf-l-align\">Z\u00e1kladn\u00e1 \u0161kola, Doln\u00e9 L\u00faky 357, Brezov\u00e1 pod Bradlom<\/td><td class=\"evf-r-align\">120\u00a0637,00<\/td><\/tr><tr><td>6<\/td><td class=\"evf-c-align\">E78\/A2-37\/21 29.11.2021<\/td><td>Obec Kr\u00e1\u013eova Lehota<\/td><td class=\"evf-l-align\">Rekon\u0161trukcia kotolne v materskej \u0161kole Kr\u00e1\u013eova Lehota na biomasu<\/td><td class=\"evf-r-align\">162\u00a0098,00<\/td><\/tr><tr><td>7<\/td><td class=\"evf-c-align\">E90\/A2-15\/21 29.11.2021<\/td><td>Obec Vr\u00e1di\u0161te<\/td><td class=\"evf-l-align\">in\u0161tal\u00e1cia tepeln\u00fdch \u010derpadiel vzduch &#8211; vzduch<\/td><td class=\"evf-r-align\">125\u00a0124,00<\/td><\/tr><\/tbody><\/table>\t\t\t\t\t<\/div>\n\t\t\t\t\t\t<\/div>\n\t\t\t\t<\/div>\n\t\t\t\t<div class=\"elementor-element elementor-element-47c0cba elementor-widget elementor-widget-text-editor\" data-id=\"47c0cba\" data-element_type=\"widget\" data-widget_type=\"text-editor.default\">\n\t\t\t\t<div class=\"elementor-widget-container\">\n\t\t\t\t\t\t\t\t<div class=\"elementor-text-editor elementor-clearfix\">\n\t\t\t\t<p>\u010cinnos\u0165 A3: Podpora projektov zameran\u00fdch na zlep\u0161enie kvality ovzdu\u0161ia prostredn\u00edctvom adapta\u010dn\u00fdch opatren\u00ed, najm\u00e4 v oblastiach riadenia kvality ovzdu\u0161ia<\/p><table class=\"tblBorder\"><thead><tr class=\"subtable_title\"><th class=\"subtable_td1\" style=\"text-align: center;\"><strong>Poradov\u00e9 \u010d\u00edslo<\/strong><\/th><th class=\"subtable_td1\" style=\"text-align: center;\"><strong><span id=\"M3_rptReviews_ctl02_rptReviewsData_ctl00_projectId\">\u010c\u00edslo rozhodnutia zo d\u0148a<\/span><\/strong><\/th><th class=\"subtable_td1 evf-l-align\" style=\"text-align: center;\"><strong>N\u00e1zov \u017eiadate\u013ea<\/strong><\/th><th class=\"subtable_td1 evf-l-align\" style=\"text-align: center;\"><strong>N\u00e1zov projektu<\/strong><\/th><th class=\"subtable_td1 evf-r-align\" style=\"text-align: center;\"><strong>Schv\u00e1len\u00e1 dot\u00e1cia v EUR<\/strong><\/th><\/tr><\/thead><tbody><tr><td>1<\/td><td class=\"evf-c-align\">E137\/A3-28\/21 25.06.2021<\/td><td>Mesto Nov\u00e9 Z\u00e1mky<\/td><td class=\"evf-l-align\">Zmiernenie nepriazniv\u00fdch d\u00f4sledkov kl\u00edmy v meste Nov\u00e9 Z\u00e1mky<\/td><td class=\"evf-r-align\">130\u00a0000,00<\/td><\/tr><tr><td>2<\/td><td class=\"evf-c-align\">E149\/A3-16\/21 29.11.2021<\/td><td>Mesto Tren\u010dianske Teplice<\/td><td class=\"evf-l-align\">Zlep\u0161enie kvality ovzdu\u0161ia<\/td><td class=\"evf-r-align\">136\u00a0143,00<\/td><\/tr><tr><td>3<\/td><td class=\"evf-c-align\">E167\/A3-40\/21 29.11.2021<\/td><td>Obec Be\u0161e\u0148ov\u00e1<\/td><td class=\"evf-l-align\">ZLEP\u0160ENIE KVALITY OVZDU\u0160IA \u010cISTEN\u00cdM PL\u00d4CH A KOMUNIK\u00c1CI\u00cd V SPR\u00c1VE OBCE BE\u0160E\u0147OV\u00c1<\/td><td class=\"evf-r-align\">148\u00a0200,00<\/td><\/tr><tr><td>4<\/td><td class=\"evf-c-align\">E174\/A3-12\/21 29.11.2021<\/td><td>Mesto Hlohovec<\/td><td class=\"evf-l-align\">Adapta\u010dn\u00e9 opatrenia mesta Hlohovec na zlep\u0161enie kvality ovzdu\u0161ia<\/td><td class=\"evf-r-align\">145\u00a0979,00<\/td><\/tr><tr><td>5<\/td><td class=\"evf-c-align\">E189\/A3-79\/21 29.11.2021<\/td><td>Obec Zempl\u00ednska Teplica<\/td><td class=\"evf-l-align\">Zlep\u0161enie stavu ovzdu\u0161ia v obci Zempl\u00ednska Teplica<\/td><td class=\"evf-r-align\">167\u00a0454,00<\/td><\/tr><tr><td>6<\/td><td class=\"evf-c-align\">E196\/A3-23\/21 29.11.2021<\/td><td>Obec Lie\u0161\u0165any<\/td><td class=\"evf-l-align\">N\u00e1kup \u010distiaceho vozidla pre potreby obce Lie\u0161\u0165any<\/td><td class=\"evf-r-align\">79\u00a0192,00<\/td><\/tr><tr><td>7<\/td><td class=\"evf-c-align\">E206\/A3-38\/21 25.06.2021<\/td><td>Obec Kl\u00e1\u0161tor pod Znievom<\/td><td class=\"evf-l-align\">Zlep\u0161enie kvality ovzdu\u0161ia v Obci Kl\u00e1\u0161tor pod Znievom prostredn\u00edctvom adapta\u010dn\u00fdch opatren\u00ed v oblasti riadenia kvality ovzdu\u0161ia<\/td><td class=\"evf-r-align\">84\u00a0550,00<\/td><\/tr><tr><td>8<\/td><td class=\"evf-c-align\">E222\/A3-26\/21 29.11.2021<\/td><td>Mesto Kol\u00e1rovo<\/td><td class=\"evf-l-align\">Zlep\u0161enie stavu ovzdu\u0161ia v meste Kol\u00e1rovo<\/td><td class=\"evf-r-align\">189\u00a0924,00<\/td><\/tr><tr><td>9<\/td><td class=\"evf-c-align\">E239\/A3-26\/21 29.11.2021<\/td><td>Mesto Nesvady<\/td><td class=\"evf-l-align\">Komun\u00e1lne elektrick\u00e9 vozidlo s cisternovou nadstavbou<\/td><td class=\"evf-r-align\">52\u00a0326,00<\/td><\/tr><tr><td>10<\/td><td class=\"evf-c-align\">E244\/A3-38\/21 25.06.2021<\/td><td>Mesto Turany<\/td><td class=\"evf-l-align\">Zlep\u0161enie stavu ovzdu\u0161ia v meste Turany<\/td><td class=\"evf-r-align\">142\u00a0060,00<\/td><\/tr><tr><td>11<\/td><td class=\"evf-c-align\">E256\/A3-06\/21 29.11.2021<\/td><td>Obec Roho\u017en\u00edk<\/td><td class=\"evf-l-align\">Zlep\u0161enie kvality ovzdu\u0161ia v Roho\u017en\u00edku<\/td><td class=\"evf-r-align\">194\u00a0413,00<\/td><\/tr><\/tbody><\/table>\t\t\t\t\t<\/div>\n\t\t\t\t\t\t<\/div>\n\t\t\t\t<\/div>\n\t\t\t\t<div class=\"elementor-element elementor-element-bbec412 divider_yes elementor-widget elementor-widget-wgl-double-headings\" data-id=\"bbec412\" data-element_type=\"widget\" data-widget_type=\"wgl-double-headings.default\">\n\t\t\t\t<div class=\"elementor-widget-container\">\n\t\t\t<div class=\"wgl-double_heading aleft\">                <h5 class=\"dbl-title_wrapper\"><span class=\"dbl-title dbl-title_1\">B. Oblas\u0165: OCHRANA A VYU\u017d\u00cdVANIE V\u00d4D\n<\/span>                 <\/h5>        <\/div>\t\t<\/div>\n\t\t\t\t<\/div>\n\t\t\t\t<div class=\"elementor-element elementor-element-f626886 elementor-widget elementor-widget-text-editor\" data-id=\"f626886\" data-element_type=\"widget\" data-widget_type=\"text-editor.default\">\n\t\t\t\t<div class=\"elementor-widget-container\">\n\t\t\t\t\t\t\t\t<div class=\"elementor-text-editor elementor-clearfix\">\n\t\t\t\t<p>\u010cinnos\u0165 BK1AP: Roz\u0161\u00edrenie alebo intenzifik\u00e1cia existuj\u00facich \u010distiarn\u00ed odpadov\u00fdch v\u00f4d (pre najmenej rozvinut\u00e9 okresy)<\/p><table class=\"tblBorder\"><thead><tr class=\"subtable_title\"><th class=\"subtable_td1\" style=\"text-align: center;\"><strong>Poradov\u00e9 \u010d\u00edslo<\/strong><\/th><th class=\"subtable_td1\" style=\"text-align: center;\"><strong><span id=\"M3_rptReviews_ctl03_rptReviewsData_ctl00_projectId\">\u010c\u00edslo rozhodnutia zo d\u0148a<\/span><\/strong><\/th><th class=\"subtable_td1 evf-l-align\" style=\"text-align: center;\"><strong>N\u00e1zov \u017eiadate\u013ea<\/strong><\/th><th class=\"subtable_td1 evf-l-align\" style=\"text-align: center;\"><strong>N\u00e1zov projektu<\/strong><\/th><th class=\"subtable_td1 evf-r-align\" style=\"text-align: center;\"><strong>Schv\u00e1len\u00e1 dot\u00e1cia v EUR<\/strong><\/th><\/tr><\/thead><tbody><tr><td>1<\/td><td class=\"evf-c-align\">E501\/BK1AP-63\/21 28.10.2021<\/td><td>Obec Ro\u017ekovany<\/td><td class=\"evf-l-align\">Rekon\u0161trukcia \u010cOV a \u010cS Ro\u017ekovany<\/td><td class=\"evf-r-align\">100\u00a0518,00<\/td><\/tr><tr><td>2<\/td><td class=\"evf-c-align\">E505\/BK1AP-49\/21 28.10.2021<\/td><td>Obec Rov\u0148any<\/td><td class=\"evf-l-align\">Intenzifik\u00e1cia \u010cOV Rov\u0148any<\/td><td class=\"evf-r-align\">100\u00a0794,00<\/td><\/tr><\/tbody><\/table><p>\u010cinnos\u0165 BK4AP: \u010cistenie odpadov\u00fdch v\u00f4d v ostatn\u00fdch aglomer\u00e1ci\u00e1ch do 2 000 ekvivalentn\u00fdch obyvate\u013eov (pre najmenej rozvinut\u00e9 okresy)<\/p><table class=\"tblBorder\"><thead><tr class=\"subtable_title\"><th class=\"subtable_td1\" style=\"text-align: left;\"><strong>Poradov\u00e9 \u010d\u00edslo<\/strong><\/th><th class=\"subtable_td1\" style=\"text-align: center;\"><strong><span id=\"M3_rptReviews_ctl04_rptReviewsData_ctl00_projectId\">\u010c\u00edslo rozhodnutia zo d\u0148a<\/span><\/strong><\/th><th class=\"subtable_td1 evf-l-align\" style=\"text-align: center;\"><strong>N\u00e1zov \u017eiadate\u013ea<\/strong><\/th><th class=\"subtable_td1 evf-l-align\" style=\"text-align: center;\"><strong>N\u00e1zov projektu<\/strong><\/th><th class=\"subtable_td1 evf-r-align\" style=\"text-align: center;\"><strong>Schv\u00e1len\u00e1 dot\u00e1cia v EUR<\/strong><\/th><\/tr><\/thead><tbody><tr><td>1<\/td><td class=\"evf-c-align\">E550\/BK4AP-59\/21 25.06.2021<\/td><td>Obec \u010cerven\u00fd Kl\u00e1\u0161tor<\/td><td class=\"evf-l-align\">\u010cOV 2 Smerd\u017eonka a spla\u0161kov\u00e1 kanaliz\u00e1cia \u010dasti obce \u010cerven\u00fd Kl\u00e1\u0161tor &#8211; Smerd\u017eonka<\/td><td class=\"evf-r-align\">305\u00a0813,60<\/td><\/tr><tr><td>2<\/td><td class=\"evf-c-align\">E530\/BK4AP-73\/21 28.10.2021<\/td><td>Obec Bel\u017ea<\/td><td class=\"evf-l-align\">Kanaliz\u00e1cia Bel\u017ea<\/td><td class=\"evf-r-align\">204\u00a0130,00<\/td><\/tr><tr><td>3<\/td><td class=\"evf-c-align\">E513\/BK4AP-73\/21 28.10.2021<\/td><td>Obec Kr\u00e1\u013eovce<\/td><td class=\"evf-l-align\">Kr\u00e1\u013eovce &#8211; kanaliz\u00e1cia a \u010cOV 2. Stavba &#8211; pr\u00edvodn\u00e1 stoka do \u010cOV<\/td><td class=\"evf-r-align\">199\u00a0044,00<\/td><\/tr><tr><td>4<\/td><td class=\"evf-c-align\">E561\/BK4AP-60\/21 28.10.2021<\/td><td>Obec Buglovce<\/td><td class=\"evf-l-align\">Buglovce &#8211; In\u017einierske siete pre IBV Konopiska<\/td><td class=\"evf-r-align\">60\u00a0401,00<\/td><\/tr><tr><td>5<\/td><td class=\"evf-c-align\">E532\/BK4AP-73\/21 29.11.2021<\/td><td>Obec Ol\u0161ovany<\/td><td class=\"evf-l-align\">Ol\u0161ovany &#8211; Kanaliz\u00e1cia<\/td><td class=\"evf-r-align\">205\u00a0063,00<\/td><\/tr><\/tbody><\/table><p>\u010cinnos\u0165 BK5AP: Roz\u0161\u00edrenie alebo rekon\u0161trukcia existuj\u00facej stokovej siete (pre najmenej rozvinut\u00e9 okresy)<\/p><table class=\"tblBorder\"><thead><tr class=\"subtable_title\"><th class=\"subtable_td1\" style=\"text-align: center;\"><strong>Poradov\u00e9 \u010d\u00edslo<\/strong><\/th><th class=\"subtable_td1\" style=\"text-align: center;\"><strong><span id=\"M3_rptReviews_ctl05_rptReviewsData_ctl00_projectId\">\u010c\u00edslo rozhodnutia zo d\u0148a<\/span><\/strong><\/th><th class=\"subtable_td1 evf-l-align\" style=\"text-align: center;\"><strong>N\u00e1zov \u017eiadate\u013ea<\/strong><\/th><th class=\"subtable_td1 evf-l-align\" style=\"text-align: center;\"><strong>N\u00e1zov projektu<\/strong><\/th><th class=\"subtable_td1 evf-r-align\" style=\"text-align: center;\"><strong>Schv\u00e1len\u00e1 dot\u00e1cia v EUR<\/strong><\/th><\/tr><\/thead><tbody><tr><td>1<\/td><td class=\"evf-c-align\">E606\/BK5AP-52\/21 28.10.2021<\/td><td>Obec \u010cebovce<\/td><td class=\"evf-l-align\">\u010cEBOVCE SPLA\u0160KOV\u00c1 KANALIZ\u00c1CIA IV. ETAPA<\/td><td class=\"evf-r-align\">398\u00a0883,27<\/td><\/tr><tr><td>2<\/td><td class=\"evf-c-align\">E594\/BK5AP-79\/21 28.10.2021<\/td><td>Obec Bor\u0161a<\/td><td class=\"evf-l-align\">Roz\u0161\u00edrenie spla\u0161kovej kanaliz\u00e1cie v obci Bor\u0161a<\/td><td class=\"evf-r-align\">260\u00a0395,00<\/td><\/tr><tr><td>3<\/td><td class=\"evf-c-align\">E601\/BK5AP-73\/21 28.10.2021<\/td><td>Obec Ba\u0161ka<\/td><td class=\"evf-l-align\">Roz\u0161\u00edrenie in\u017einierskych siet\u00ed &#8211; Ba\u0161ka<\/td><td class=\"evf-r-align\">200\u00a0000,00<\/td><\/tr><tr><td>4<\/td><td class=\"evf-c-align\">E600\/BK5AP-57\/21 28.10.2021<\/td><td>Obec Barto\u0161ovce<\/td><td class=\"evf-l-align\">Roz\u0161\u00edrenie spla\u0161kovej kanaliz\u00e1cie v obci Barto\u0161ovce<\/td><td class=\"evf-r-align\">198\u00a0000,00<\/td><\/tr><tr><td>5<\/td><td class=\"evf-c-align\">E607\/BK5AP-73\/21 28.10.2021<\/td><td>Obec Kal\u0161a<\/td><td class=\"evf-l-align\">Kal\u0161a &#8211; roz\u0161\u00edrenie kanaliz\u00e1cie<\/td><td class=\"evf-r-align\">112\u00a0253,00<\/td><\/tr><tr><td>6<\/td><td class=\"evf-c-align\">E590\/BK5AP-74\/21 29.11.2021<\/td><td>Obec Margecany<\/td><td class=\"evf-l-align\">Margecany &#8211; miestne komunik\u00e1cie, vodovod a kanaliz\u00e1cia pre nov\u00fa IBV, \u010das\u0165 Pod Horou &#8211; spla\u0161kov\u00e1 kanaliz\u00e1cia &#8211; 1. etapa<\/td><td class=\"evf-r-align\">204\u00a0228,00<\/td><\/tr><\/tbody><\/table><p>\u010cinnos\u0165 BV1AP: Budovanie verejn\u00e9ho vodovodu vyu\u017e\u00edvaj\u00faceho u\u017e existuj\u00face vod\u00e1rensk\u00e9 kapacity (pre najmenej rozvinut\u00e9 okresy)<\/p><table class=\"tblBorder\"><thead><tr class=\"subtable_title\"><th class=\"subtable_td1\" style=\"text-align: center;\"><strong>Poradov\u00e9 \u010d\u00edslo<\/strong><\/th><th class=\"subtable_td1\" style=\"text-align: center;\"><strong><span id=\"M3_rptReviews_ctl06_rptReviewsData_ctl00_projectId\">\u010c\u00edslo rozhodnutia zo d\u0148a<\/span><\/strong><\/th><th class=\"subtable_td1 evf-l-align\" style=\"text-align: center;\"><strong>N\u00e1zov \u017eiadate\u013ea<\/strong><\/th><th class=\"subtable_td1 evf-l-align\" style=\"text-align: center;\"><strong>N\u00e1zov projektu<\/strong><\/th><th class=\"subtable_td1 evf-r-align\" style=\"text-align: center;\"><strong>Schv\u00e1len\u00e1 dot\u00e1cia v EUR<\/strong><\/th><\/tr><\/thead><tbody><tr><td>1<\/td><td class=\"evf-c-align\">E618\/BV1AP-68\/21 25.06.2021<\/td><td>Obec Vy\u0161n\u00fd Kazim\u00edr<\/td><td class=\"evf-l-align\">Vodovod v obci Vy\u0161n\u00fd Kazim\u00edr<\/td><td class=\"evf-r-align\">365\u00a0986,00<\/td><\/tr><tr><td>2<\/td><td class=\"evf-c-align\">E687\/BV1AP-75\/21 28.10.2021<\/td><td>Obec Hnojn\u00e9<\/td><td class=\"evf-l-align\">Dom sm\u00fatku Hnojn\u00e9 &#8211; vodovodn\u00e1 pr\u00edpojka<\/td><td class=\"evf-r-align\">64\u00a0785,00<\/td><\/tr><tr><td>3<\/td><td class=\"evf-c-align\">E673\/BV1AP-77\/21 09.11.2021<\/td><td>Obec Sv\u00e4tu\u0161<\/td><td class=\"evf-l-align\">Obecn\u00fd vodovod Sv\u00e4tu\u0161<\/td><td class=\"evf-r-align\">199\u00a0990,00<\/td><\/tr><tr><td>4<\/td><td class=\"evf-c-align\">E658\/BV1AP-75\/21 09.11.2021<\/td><td>Obec Horovce<\/td><td class=\"evf-l-align\">Horovce &#8211; obecn\u00fd vodovod<\/td><td class=\"evf-r-align\">199\u00a0405,00<\/td><\/tr><tr><td>5<\/td><td class=\"evf-c-align\">E628\/BV1AP-79\/21 29.11.2021<\/td><td>Obec Brezina<\/td><td class=\"evf-l-align\">Skupinov\u00fd vodovod II. etapa Ve\u013eaty &#8211; Micha\u013eany &#8211; Lastovce &#8211; Kazim\u00edr &#8211; Brezina<\/td><td class=\"evf-r-align\">204\u00a0660,00<\/td><\/tr><\/tbody><\/table><p>\u010cinnos\u0165 BV2AP: Budovanie verejn\u00e9ho vodovodu s vyu\u017eit\u00edm mal\u00fdch vod\u00e1rensk\u00fdch zdrojov (pre najmenej rozvinut\u00e9 okresy)<\/p><table class=\"tblBorder\"><thead><tr class=\"subtable_title\"><th class=\"subtable_td1\" style=\"text-align: center;\"><strong>Poradov\u00e9 \u010d\u00edslo<\/strong><\/th><th class=\"subtable_td1\" style=\"text-align: center;\"><strong><span id=\"M3_rptReviews_ctl07_rptReviewsData_ctl00_projectId\">\u010c\u00edslo rozhodnutia zo d\u0148a<\/span><\/strong><\/th><th class=\"subtable_td1 evf-l-align\" style=\"text-align: center;\"><strong>N\u00e1zov \u017eiadate\u013ea<\/strong><\/th><th class=\"subtable_td1 evf-l-align\" style=\"text-align: center;\"><strong>N\u00e1zov projektu<\/strong><\/th><th class=\"subtable_td1 evf-r-align\" style=\"text-align: center;\"><strong>Schv\u00e1len\u00e1 dot\u00e1cia v EUR<\/strong><\/th><\/tr><\/thead><tbody><tr><td>1<\/td><td class=\"evf-c-align\">E682\/BV2AP-60\/21 25.06.2021<\/td><td>Obec Kl\u010dov<\/td><td class=\"evf-l-align\">Vodovod a kanaliz\u00e1cia Kl\u010dov<\/td><td class=\"evf-r-align\">100\u00a0451,70<\/td><\/tr><tr><td>2<\/td><td class=\"evf-c-align\">E626\/BV2AP-77\/21 29.11.2021<\/td><td>Obec Be\u0148atina<\/td><td class=\"evf-l-align\">VODOVOD BE\u0147ATINA<\/td><td class=\"evf-r-align\">171\u00a0130,00<\/td><\/tr><\/tbody><\/table><p>\u010cinnos\u0165 BV3AP: Roz\u0161\u00edrenie alebo rekon\u0161trukcia existuj\u00faceho verejn\u00e9ho vodovodu (pre najmenej rozvinut\u00e9 okresy)<\/p><table class=\"tblBorder\"><thead><tr class=\"subtable_title\"><th class=\"subtable_td1\" style=\"text-align: center;\"><strong>Poradov\u00e9 \u010d\u00edslo<\/strong><\/th><th class=\"subtable_td1\" style=\"text-align: center;\"><strong><span id=\"M3_rptReviews_ctl08_rptReviewsData_ctl00_projectId\">\u010c\u00edslo rozhodnutia zo d\u0148a<\/span><\/strong><\/th><th class=\"subtable_td1 evf-l-align\" style=\"text-align: center;\"><strong>N\u00e1zov \u017eiadate\u013ea<\/strong><\/th><th class=\"subtable_td1 evf-l-align\" style=\"text-align: center;\"><strong>N\u00e1zov projektu<\/strong><\/th><th class=\"subtable_td1 evf-r-align\" style=\"text-align: center;\"><strong>Schv\u00e1len\u00e1 dot\u00e1cia v EUR<\/strong><\/th><\/tr><\/thead><tbody><tr><td>1<\/td><td class=\"evf-c-align\">E649\/BV3AP-57\/21 25.06.2021<\/td><td>Obec Becherov<\/td><td class=\"evf-l-align\">Verejn\u00fd vodovod Becherov \u2013 obytn\u00fd s\u00fabor Hrabn\u00edk<\/td><td class=\"evf-r-align\">127\u00a0748,70<\/td><\/tr><tr><td>2<\/td><td class=\"evf-c-align\">E650\/BV3AP-50\/21 28.10.2021<\/td><td>Obec Gemersk\u00e1 Ves<\/td><td class=\"evf-l-align\">Roz\u0161\u00edrenie verejn\u00e9ho vodovodu obce Gemersk\u00e1 Ves<\/td><td class=\"evf-r-align\">88\u00a0770,00<\/td><\/tr><tr><td>3<\/td><td class=\"evf-c-align\">E671\/BV3AP-61\/21 28.10.2021<\/td><td>Obec Habura<\/td><td class=\"evf-l-align\">Habura &#8211; vodovod, 4. etapa, rekon\u0161trukcia pr\u00edvodn\u00e9ho vodovodn\u00e9ho r\u00e1du<\/td><td class=\"evf-r-align\">60\u00a0082,00<\/td><\/tr><tr><td>4<\/td><td class=\"evf-c-align\">E643\/BV3AP-73\/21 28.10.2021<\/td><td>Obec H\u00fd\u013eov<\/td><td class=\"evf-l-align\">Vodovod &#8211; H\u00fd\u013eov -Z\u00e1sobn\u00e9 vodovodn\u00e9 potrubie<\/td><td class=\"evf-r-align\">269\u00a0789,00<\/td><\/tr><tr><td>5<\/td><td class=\"evf-c-align\">E637\/BV3AP-79\/21 28.10.2021<\/td><td>Obec Kazim\u00edr<\/td><td class=\"evf-l-align\">Skupinov\u00fd vodovod II. etapa Ve\u013eaty &#8211; Micha\u013eany -Lastovce &#8211; Kazim\u00edr &#8211; Brezina<\/td><td class=\"evf-r-align\">204\u00a0720,00<\/td><\/tr><tr><td>6<\/td><td class=\"evf-c-align\">E627\/BV3AP-75\/21 09.11.2021<\/td><td>Obec Kloko\u010dov<\/td><td class=\"evf-l-align\">Vodovod \u2013 Kloko\u010dov Pa\u013ekov, rozvodn\u00e1 sie\u0165<\/td><td class=\"evf-r-align\">370\u00a0486,00<\/td><\/tr><tr><td>7<\/td><td class=\"evf-c-align\">E661\/BV3AP-60\/21 28.10.2021<\/td><td>Obec Buglovce<\/td><td class=\"evf-l-align\">Buglovce &#8211; In\u017einierske siete pre IBV Konopiska &#8211; SO 03 Vodovod<\/td><td class=\"evf-r-align\">31\u00a0089,00<\/td><\/tr><tr><td>8<\/td><td class=\"evf-c-align\">E619\/BV3AP-67\/21 28.11.2021<\/td><td>Obec Kru\u017elov\u00e1<\/td><td class=\"evf-l-align\">Kru\u017elov\u00e1 &#8211; Vodovod, Roz\u0161\u00edrenie vodovodu, 2. etapa<\/td><td class=\"evf-r-align\">94\u00a0780,00<\/td><\/tr><tr><td>9<\/td><td class=\"evf-c-align\">E660\/BV3AP-63\/21 09.11.2021<\/td><td>Obec Pe\u010dovsk\u00e1 Nov\u00e1 Ves<\/td><td class=\"evf-l-align\">Dobudovanie vodovodu a kanaliz\u00e1cie v obci Pe\u010dovsk\u00e1 Nov\u00e1 Ves<\/td><td class=\"evf-r-align\">116\u00a0860,00<\/td><\/tr><tr><td>10<\/td><td class=\"evf-c-align\">E672\/BV3AP-63\/21 29.11.2021<\/td><td>Obec Uzovce<\/td><td class=\"evf-l-align\">Obec Uzovce &#8211; Rekon\u0161trukcia vodovodu<\/td><td class=\"evf-r-align\">283\u00a0579,00<\/td><\/tr><\/tbody><\/table><p>\u010cinnos\u0165 BK1a: Roz\u0161\u00edrenie, intenzifik\u00e1cia alebo rekon\u0161trukcia existuj\u00facich \u010distiarn\u00ed odpadov\u00fdch v\u00f4d rozopstavanos\u0165 od 85,01 %<\/p><table class=\"tblBorder\"><thead><tr class=\"subtable_title\"><th class=\"subtable_td1\" style=\"text-align: center;\"><strong>Poradov\u00e9 \u010d\u00edslo<\/strong><\/th><th class=\"subtable_td1\" style=\"text-align: center;\"><strong><span id=\"M3_rptReviews_ctl09_rptReviewsData_ctl00_projectId\">\u010c\u00edslo rozhodnutia zo d\u0148a<\/span><\/strong><\/th><th class=\"subtable_td1 evf-l-align\" style=\"text-align: center;\"><strong>N\u00e1zov \u017eiadate\u013ea<\/strong><\/th><th class=\"subtable_td1 evf-l-align\" style=\"text-align: center;\"><strong>N\u00e1zov projektu<\/strong><\/th><th class=\"subtable_td1 evf-r-align\" style=\"text-align: center;\"><strong>Schv\u00e1len\u00e1 dot\u00e1cia v EUR<\/strong><\/th><\/tr><\/thead><tbody><tr><td>1<\/td><td class=\"evf-c-align\">E101\/BK1a-18\/21 09.11.2021<\/td><td>Obec Dulov<\/td><td class=\"evf-l-align\">Stavebn\u00e9 \u00fapravy, rekon\u0161trukcia a intenzifik\u00e1cia \u010cOV Dulov<\/td><td class=\"evf-r-align\">16\u00a0264,00<\/td><\/tr><\/tbody><\/table><p>\u010cinnos\u0165 BK1c: Roz\u0161\u00edrenie, intenzifik\u00e1cia alebo rekon\u0161trukcia existuj\u00facich \u010distiarn\u00ed odpadov\u00fdch v\u00f4d rozostavanos\u0165 do 60,00 %<\/p><table class=\"tblBorder\"><thead><tr class=\"subtable_title\"><th class=\"subtable_td1\" style=\"text-align: center;\"><strong>Poradov\u00e9 \u010d\u00edslo<\/strong><\/th><th class=\"subtable_td1\" style=\"text-align: center;\"><strong><span id=\"M3_rptReviews_ctl10_rptReviewsData_ctl00_projectId\">\u010c\u00edslo rozhodnutia zo d\u0148a<\/span><\/strong><\/th><th class=\"subtable_td1 evf-l-align\" style=\"text-align: center;\"><strong>N\u00e1zov \u017eiadate\u013ea<\/strong><\/th><th class=\"subtable_td1 evf-l-align\" style=\"text-align: center;\"><strong>N\u00e1zov projektu<\/strong><\/th><th class=\"subtable_td1 evf-r-align\" style=\"text-align: center;\"><strong>Schv\u00e1len\u00e1 dot\u00e1cia v EUR<\/strong><\/th><\/tr><\/thead><tbody><tr><td>1<\/td><td class=\"evf-c-align\">E99\/BK1c-78\/21 09.11.2021<\/td><td>Obec Arnutovce<\/td><td class=\"evf-l-align\">Rekon\u0161trukcia a intenzifik\u00e1cia \u010cOV Arnutovce<\/td><td class=\"evf-r-align\">201\u00a0681,00<\/td><\/tr><tr><td>2<\/td><td class=\"evf-c-align\">E112\/BK1c-62\/21 09.11.2021<\/td><td>Obec Batizovce<\/td><td class=\"evf-l-align\">Rekon\u0161trukcia \u010cOV Batizovce<\/td><td class=\"evf-r-align\">165\u00a0003,00<\/td><\/tr><\/tbody><\/table><p>\u010cinnos\u0165 BK2c: \u010cistenie odpadov\u00fdch v\u00f4d v aglomer\u00e1ci\u00e1ch od 2 000 EO do 10 000 EO rozostavanos\u0165 do 60,00 %<\/p><table class=\"tblBorder\"><thead><tr class=\"subtable_title\"><th class=\"subtable_td1\" style=\"text-align: center;\"><strong>Poradov\u00e9 \u010d\u00edslo<\/strong><\/th><th class=\"subtable_td1\" style=\"text-align: center;\"><strong><span id=\"M3_rptReviews_ctl11_rptReviewsData_ctl00_projectId\">\u010c\u00edslo rozhodnutia zo d\u0148a<\/span><\/strong><\/th><th class=\"subtable_td1 evf-l-align\" style=\"text-align: center;\"><strong>N\u00e1zov \u017eiadate\u013ea<\/strong><\/th><th class=\"subtable_td1 evf-l-align\" style=\"text-align: center;\"><strong>N\u00e1zov projektu<\/strong><\/th><th class=\"subtable_td1 evf-r-align\" style=\"text-align: center;\"><strong>Schv\u00e1len\u00e1 dot\u00e1cia v EUR<\/strong><\/th><\/tr><\/thead><tbody><tr><td>1<\/td><td class=\"evf-c-align\">E348\/BK2c-13\/21 09.11.2021<\/td><td>Obec Ba\u0161ovce<\/td><td class=\"evf-l-align\">Vodovod obce Ba\u0161ovce, Kanaliz\u00e1cia obce Ba\u0161ovce \u2013 \u010das\u0165 kanaliz\u00e1cia II<\/td><td class=\"evf-r-align\">201\u00a0377,00<\/td><\/tr><tr><td>2<\/td><td class=\"evf-c-align\">E345\/BK2c-28\/21 29.11.2021<\/td><td>Obec Svod\u00edn<\/td><td class=\"evf-l-align\">Svod\u00edn, celoobecn\u00e1 \u010distiare\u0148 odpadov\u00fdch v\u00f4d<\/td><td class=\"evf-r-align\">500\u00a0000,00<\/td><\/tr><\/tbody><\/table><p>\u010cinnos\u0165 BK4b: \u010cistenie odpadov\u00fdch v\u00f4d v aglomer\u00e1ci\u00e1ch do 2 000 EO rozostavanos\u0165 od 60,01 % do 85,00 %<\/p><table class=\"tblBorder\"><thead><tr class=\"subtable_title\"><th class=\"subtable_td1\" style=\"text-align: center;\"><strong>Poradov\u00e9 \u010d\u00edslo<\/strong><\/th><th class=\"subtable_td1\" style=\"text-align: center;\"><strong><span id=\"M3_rptReviews_ctl12_rptReviewsData_ctl00_projectId\">\u010c\u00edslo rozhodnutia zo d\u0148a<\/span><\/strong><\/th><th class=\"subtable_td1 evf-l-align\" style=\"text-align: center;\"><strong>N\u00e1zov \u017eiadate\u013ea<\/strong><\/th><th class=\"subtable_td1 evf-l-align\" style=\"text-align: center;\"><strong>N\u00e1zov projektu<\/strong><\/th><th class=\"subtable_td1 evf-r-align\" style=\"text-align: center;\"><strong>Schv\u00e1len\u00e1 dot\u00e1cia v EUR<\/strong><\/th><\/tr><\/thead><tbody><tr><td>1<\/td><td class=\"evf-c-align\">E393\/BK4b-27\/21 09.11.2021<\/td><td>Obec Hronsk\u00e9 K\u013ea\u010dany<\/td><td class=\"evf-l-align\">Hronsk\u00e9 K\u013ea\u010dany &#8211; kanaliz\u00e1cia obce<\/td><td class=\"evf-r-align\">295\u00a0341,00<\/td><\/tr><tr><td>2<\/td><td class=\"evf-c-align\">E381\/BK4b-26\/21 29.11.2021<\/td><td>Obec Martovce<\/td><td class=\"evf-l-align\">Martovce, obecn\u00e1 \u010cOV DUCI pre 1000 EO<\/td><td class=\"evf-r-align\">95\u00a0000,00<\/td><\/tr><\/tbody><\/table><p>\u010cinnos\u0165 BK4c: \u010cistenie odpadov\u00fdch v\u00f4d v aglomer\u00e1ci\u00e1ch do 2 000 EO rozostavanos\u0165 do 60,00 %<\/p><table class=\"tblBorder\"><thead><tr class=\"subtable_title\"><th class=\"subtable_td1\" style=\"text-align: center;\"><strong>Poradov\u00e9 \u010d\u00edslo<\/strong><\/th><th class=\"subtable_td1\" style=\"text-align: center;\"><strong><span id=\"M3_rptReviews_ctl13_rptReviewsData_ctl00_projectId\">\u010c\u00edslo rozhodnutia zo d\u0148a<\/span><\/strong><\/th><th class=\"subtable_td1 evf-l-align\" style=\"text-align: center;\"><strong>N\u00e1zov \u017eiadate\u013ea<\/strong><\/th><th class=\"subtable_td1 evf-l-align\" style=\"text-align: center;\"><strong>N\u00e1zov projektu<\/strong><\/th><th class=\"subtable_td1 evf-r-align\" style=\"text-align: center;\"><strong>Schv\u00e1len\u00e1 dot\u00e1cia v EUR<\/strong><\/th><\/tr><\/thead><tbody><tr><td>1<\/td><td class=\"evf-c-align\">E367\/BK4c-12\/21 09.11.2021<\/td><td>Obec Jal\u0161ov\u00e9<\/td><td class=\"evf-l-align\">\u010cistiare\u0148 odpadov\u00fdch v\u00f4d<\/td><td class=\"evf-r-align\">141\u00a0238,00<\/td><\/tr><tr><td>2<\/td><td class=\"evf-c-align\">E398\/BK4c-14\/21 09.11.2021<\/td><td>Obec Soboti\u0161te<\/td><td class=\"evf-l-align\">Soboti\u0161te &#8211; spla\u0161kov\u00e1 kanaliz\u00e1cia I. etapa<\/td><td class=\"evf-r-align\">500\u00a0000,00<\/td><\/tr><tr><td>3<\/td><td class=\"evf-c-align\">E371\/BK4c-15\/21 09.11.2021<\/td><td>Obec Vr\u00e1di\u0161te<\/td><td class=\"evf-l-align\">Odkanalizovanie zdru\u017een\u00fdch obc\u00ed Viesky<\/td><td class=\"evf-r-align\">461\u00a0545,00<\/td><\/tr><tr><td>4<\/td><td class=\"evf-c-align\">E331\/BK4c-37\/21 29.11.2021<\/td><td>Obec Hybe<\/td><td class=\"evf-l-align\">Odkanalizovanie a \u010distenie odpadov\u00fdch v\u00f4d v oblasti horn\u00e9ho Liptova &#8211; Hybe, V\u00fdchodn\u00e1, Va\u017eec, k.\u00fa. Hybe &#8211; V\u00fdchodn\u00e1- Va\u017eec<\/td><td class=\"evf-r-align\">422\u00a0415,00<\/td><\/tr><tr><td>5<\/td><td class=\"evf-c-align\">E312\/BK4c-6\/21 29.11.2021<\/td><td>Obec Pernek<\/td><td class=\"evf-l-align\">Verejn\u00e1 kanaliz\u00e1cia a \u010cOV &#8211; Pernek<\/td><td class=\"evf-r-align\">241\u00a0845,00<\/td><\/tr><tr><td>6<\/td><td class=\"evf-c-align\">E370\/BK4c-9\/21 29.11.2021<\/td><td>Obec Doln\u00e9 Ore\u0161any<\/td><td class=\"evf-l-align\">Spla\u0161kov\u00e1 kanaliz\u00e1cia Doln\u00e9 Ore\u0161any II. etapa<\/td><td class=\"evf-r-align\">202\u00a0314,00<\/td><\/tr><tr><td>7<\/td><td class=\"evf-c-align\">E328\/BK4c-16\/21 29.11.2021<\/td><td>Obec Mn\u00edchova Lehota<\/td><td class=\"evf-l-align\">Tren\u010dianske Stankovce a pri\u013eahl\u00e9 obce Mn\u00edchova Lehota &#8211; kanaliz\u00e1cia<\/td><td class=\"evf-r-align\">215\u00a0863,00<\/td><\/tr><tr><td>8<\/td><td class=\"evf-c-align\">E302\/BK4c-38\/21 29.11.2021<\/td><td>Obec \u0160\u00fatovo<\/td><td class=\"evf-l-align\">\u0160\u00fatovo &#8211; kanaliz\u00e1cia<\/td><td class=\"evf-r-align\">500\u00a0000,00<\/td><\/tr><tr><td>9<\/td><td class=\"evf-c-align\">E324\/BK4c-28\/21 29.11.2021<\/td><td>Obec Be\u0161e\u0148ov<\/td><td class=\"evf-l-align\">Be\u0161e\u0148ov, celoobecn\u00e1 \u010distiare\u0148 odpadov\u00fdch v\u00f4d, 1. Stavba s\u00faboru stavieb<\/td><td class=\"evf-r-align\">263\u00a0204,00<\/td><\/tr><\/tbody><\/table><p>\u010cinnos\u0165 BK5b: Roz\u0161\u00edrenie alebo rekon\u0161trukcia existuj\u00facej stokovej siete rozostavanos\u0165 od 60,01 % do 85,00 %<\/p><table class=\"tblBorder\"><thead><tr class=\"subtable_title\"><th class=\"subtable_td1\" style=\"text-align: center;\"><strong>Poradov\u00e9 \u010d\u00edslo<\/strong><\/th><th class=\"subtable_td1\" style=\"text-align: center;\"><strong><span id=\"M3_rptReviews_ctl14_rptReviewsData_ctl00_projectId\">\u010c\u00edslo rozhodnutia zo d\u0148a<\/span><\/strong><\/th><th class=\"subtable_td1 evf-l-align\" style=\"text-align: center;\"><strong>N\u00e1zov \u017eiadate\u013ea<\/strong><\/th><th class=\"subtable_td1 evf-l-align\" style=\"text-align: center;\"><strong>N\u00e1zov projektu<\/strong><\/th><th class=\"subtable_td1 evf-r-align\" style=\"text-align: center;\"><strong>Schv\u00e1len\u00e1 dot\u00e1cia v EUR<\/strong><\/th><\/tr><\/thead><tbody><tr><td>1<\/td><td class=\"evf-c-align\">E421\/BK5b-8\/21 28.11.2021<\/td><td>Obec Tom\u00e1\u0161ov<\/td><td class=\"evf-l-align\">Roz\u0161\u00edrenie verejn\u00e9ho vodovodu a verejnej spla\u0161kovej kanaliz\u00e1cie, Z\u00e1hradn\u00edcka ulica<\/td><td class=\"evf-r-align\">143\u00a0025,00<\/td><\/tr><\/tbody><\/table><p>\u010cinnos\u0165 BK5c: Roz\u0161\u00edrenie alebo rekon\u0161trukcia existuj\u00facej stokovej siete rozostavanos\u0165 do 60,00 %<\/p><table class=\"tblBorder\"><thead><tr class=\"subtable_title\"><th class=\"subtable_td1\" style=\"text-align: center;\"><strong>Poradov\u00e9 \u010d\u00edslo<\/strong><\/th><th class=\"subtable_td1\" style=\"text-align: center;\"><strong><span id=\"M3_rptReviews_ctl15_rptReviewsData_ctl00_projectId\">\u010c\u00edslo rozhodnutia zo d\u0148a<\/span><\/strong><\/th><th class=\"subtable_td1 evf-l-align\" style=\"text-align: center;\"><strong>N\u00e1zov \u017eiadate\u013ea<\/strong><\/th><th class=\"subtable_td1 evf-l-align\" style=\"text-align: center;\"><strong>N\u00e1zov projektu<\/strong><\/th><th class=\"subtable_td1 evf-r-align\" style=\"text-align: center;\"><strong>Schv\u00e1len\u00e1 dot\u00e1cia v EUR<\/strong><\/th><\/tr><\/thead><tbody><tr><td>1<\/td><td class=\"evf-c-align\">E412\/BK5c-47\/21 09.11.2021<\/td><td>Mesto Dudince<\/td><td class=\"evf-l-align\">Stokov\u00e1 sie\u0165 a vodovod &#8211; IBV Dudince<\/td><td class=\"evf-r-align\">40\u00a0281,00<\/td><\/tr><tr><td>2<\/td><td class=\"evf-c-align\">E440\/BK5c-39\/21 09.11.2021<\/td><td>Obec Bobrov<\/td><td class=\"evf-l-align\">Bobrov &#8211; roz\u0161\u00edrenie kanaliz\u00e1cie a vodovodu<\/td><td class=\"evf-r-align\">104\u00a0541,00<\/td><\/tr><tr><td>3<\/td><td class=\"evf-c-align\">E478\/BK5c-9\/21 09.11.2021<\/td><td>Obec Horn\u00e9 Ore\u0161any<\/td><td class=\"evf-l-align\">Kanaliz\u00e1cia IBV NIVA &#8211; Horn\u00e9 Ore\u0161any<\/td><td class=\"evf-r-align\">102\u00a0985,00<\/td><\/tr><tr><td>4<\/td><td class=\"evf-c-align\">E423BK5c-58\/21 09.11.2021<\/td><td>Obec Pakostov<\/td><td class=\"evf-l-align\">Pakostov &#8211; kanaliz\u00e1cia a \u010cOV, II. etapa<\/td><td class=\"evf-r-align\">170\u00a0900,00<\/td><\/tr><tr><td>5<\/td><td class=\"evf-c-align\">E445\/BK5c-39\/21 09.11.2021<\/td><td>Obec Z\u00e1kamenn\u00e9<\/td><td class=\"evf-l-align\">Roz\u0161\u00edrenie infra\u0161trukt\u00fary pre IBV Z\u00e1sihlie II<\/td><td class=\"evf-r-align\">184\u00a0938,00<\/td><\/tr><tr><td>6<\/td><td class=\"evf-c-align\">E439\/BK5c-56\/21 29.11.2021<\/td><td>Obec Koko\u0161ovce<\/td><td class=\"evf-l-align\">Koko\u0161ovce, miestna komunik\u00e1cia &#8220;\u0160treka&#8221; , SO 04 Vodovod a SO 05 Spla\u0161kov\u00e1 kanaliz\u00e1cia<\/td><td class=\"evf-r-align\">93\u00a0000,00<\/td><\/tr><tr><td>7<\/td><td class=\"evf-c-align\">E428\/BK5c-25\/21 29.11.2021<\/td><td>Mesto Nitra<\/td><td class=\"evf-l-align\">Roz\u0161\u00edrenie kanaliza\u010dnej siete v Nitre<\/td><td class=\"evf-r-align\">478\u00a0616,00<\/td><\/tr><\/tbody><\/table><p>\u010cinnos\u0165 BV1c: Budovanie verejn\u00e9ho vodovodu vyu\u017e\u00edvaj\u00faceho u\u017e existuj\u00face vod\u00e1rensk\u00e9 kapacity rozostavanos\u0165 do 60,00 %<\/p><table class=\"tblBorder\"><thead><tr class=\"subtable_title\"><th class=\"subtable_td1\" style=\"text-align: center;\"><strong>Poradov\u00e9 \u010d\u00edslo<\/strong><\/th><th class=\"subtable_td1\" style=\"text-align: center;\"><strong><span id=\"M3_rptReviews_ctl16_rptReviewsData_ctl00_projectId\">\u010c\u00edslo rozhodnutia zo d\u0148a<\/span><\/strong><\/th><th class=\"subtable_td1 evf-l-align\" style=\"text-align: center;\"><strong>N\u00e1zov \u017eiadate\u013ea<\/strong><\/th><th class=\"subtable_td1 evf-l-align\" style=\"text-align: center;\"><strong>N\u00e1zov projektu<\/strong><\/th><th class=\"subtable_td1 evf-r-align\" style=\"text-align: center;\"><strong>Schv\u00e1len\u00e1 dot\u00e1cia v EUR<\/strong><\/th><\/tr><\/thead><tbody><tr><td>1<\/td><td class=\"evf-c-align\">E762\/BV1c-58\/21 09.11.2021<\/td><td>Obec \u010cernina<\/td><td class=\"evf-l-align\">\u010cernina &#8211; Vodovod<\/td><td class=\"evf-r-align\">282\u00a0172,00<\/td><\/tr><tr><td>2<\/td><td class=\"evf-c-align\">E763\/BV1c-58\/21 09.11.2021<\/td><td>Obec Hrubov<\/td><td class=\"evf-l-align\">Hrubov &#8211; Vodovod<\/td><td class=\"evf-r-align\">499\u00a0924,00<\/td><\/tr><tr><td>3<\/td><td class=\"evf-c-align\">E759\/BV1c-58\/21 09.11.2021<\/td><td>Obec Ba\u0161kovce<\/td><td class=\"evf-l-align\">Ba\u0161kovce &#8211; Vodovod<\/td><td class=\"evf-r-align\">499\u00a0884,00<\/td><\/tr><tr><td>4<\/td><td class=\"evf-c-align\">E729\/BV1c-27\/21 09.11.2021<\/td><td>Obec Dr\u017eenice<\/td><td class=\"evf-l-align\">Vodovod Dr\u017eenice, Vodovodn\u00e9 pr\u00edpojky SO03 a SO05<\/td><td class=\"evf-r-align\">500\u00a0000,00<\/td><\/tr><tr><td>5<\/td><td class=\"evf-c-align\">E767\/BV1c-56\/21 09.11.2021<\/td><td>Obec Medzany<\/td><td class=\"evf-l-align\">Medzany &#8211; vodovod, roz\u0161\u00edrenie vodovodu<\/td><td class=\"evf-r-align\">498\u00a0428,00<\/td><\/tr><tr><td>6<\/td><td class=\"evf-c-align\">E764\/BV1c-25\/21 09.11.2021<\/td><td>Obec Hrubo\u0148ovo<\/td><td class=\"evf-l-align\">Prepojenie vodovodu \u010cermany &#8211; Hrubo\u0148ovo, \u0160urianky<\/td><td class=\"evf-r-align\">347\u00a0630,00<\/td><\/tr><tr><td>7<\/td><td class=\"evf-c-align\">E693\/BV1c-42\/21 09.11.2021<\/td><td>Obec Oravsk\u00fd Biely Potok<\/td><td class=\"evf-l-align\">Oravsk\u00fd Biely Potok &#8211; Mlynisko, roz\u0161\u00edrenie vodovodu<\/td><td class=\"evf-r-align\">155\u00a0099,00<\/td><\/tr><tr><td>8<\/td><td class=\"evf-c-align\">E740\/BV1c-15\/21 09.11.2021<\/td><td>Obec Oresk\u00e9<\/td><td class=\"evf-l-align\">Senica &#8211; Hol\u00ed\u010d, prepojenie vodovodu 2. etapa, Senica &#8211; Rado\u0161ovce, Senica &#8211; Hol\u00ed\u010d, prepojenie vodovodu 2. etapa &#8211; 2. \u010das\u0165<\/td><td class=\"evf-r-align\">499\u00a0558,00<\/td><\/tr><tr><td>9<\/td><td class=\"evf-c-align\">E760\/BV1c-58\/21 16.12.2021<\/td><td>Obec Turcovce<\/td><td class=\"evf-l-align\">Turcovce &#8211; Vodovod<\/td><td class=\"evf-r-align\">325\u00a0139,00<\/td><\/tr><\/tbody><\/table><p>\u010cinnos\u0165 BV2b: Budovanie verejn\u00e9ho vodovodu as vyu\u017eit\u00edm mal\u00fdch vod\u00e1rensk\u00fdch zdrojov rozostavanos\u0165 od 60,01 % do 85,00 %<\/p><table class=\"tblBorder\"><thead><tr class=\"subtable_title\"><th class=\"subtable_td1\" style=\"text-align: center;\"><strong>Poradov\u00e9 \u010d\u00edslo<\/strong><\/th><th class=\"subtable_td1\" style=\"text-align: center;\"><strong><span id=\"M3_rptReviews_ctl17_rptReviewsData_ctl00_projectId\">\u010c\u00edslo rozhodnutia zo d\u0148a<\/span><\/strong><\/th><th class=\"subtable_td1 evf-l-align\" style=\"text-align: center;\"><strong>N\u00e1zov \u017eiadate\u013ea<\/strong><\/th><th class=\"subtable_td1 evf-l-align\" style=\"text-align: center;\"><strong>N\u00e1zov projektu<\/strong><\/th><th class=\"subtable_td1 evf-r-align\" style=\"text-align: center;\"><strong>Schv\u00e1len\u00e1 dot\u00e1cia v EUR<\/strong><\/th><\/tr><\/thead><tbody><tr><td>1<\/td><td class=\"evf-c-align\">E771\/BV2b-22\/21 09.11.2021<\/td><td>Obec Hatn\u00e9<\/td><td class=\"evf-l-align\">Celoobecn\u00fd vodovod Hatn\u00e9<\/td><td class=\"evf-r-align\">105\u00a0148,00<\/td><\/tr><\/tbody><\/table><p>\u010cinnos\u0165 BV2c: Budovanie verejn\u00e9ho vodovodu as vyu\u017eit\u00edm mal\u00fdch vod\u00e1rensk\u00fdch zdrojov rozostavanos\u0165 do 60,00 %<\/p><table class=\"tblBorder\"><thead><tr class=\"subtable_title\"><th class=\"subtable_td1\" style=\"text-align: center;\"><strong>Poradov\u00e9 \u010d\u00edslo<\/strong><\/th><th class=\"subtable_td1\" style=\"text-align: center;\"><strong><span id=\"M3_rptReviews_ctl18_rptReviewsData_ctl00_projectId\">\u010c\u00edslo rozhodnutia zo d\u0148a<\/span><\/strong><\/th><th class=\"subtable_td1 evf-l-align\" style=\"text-align: center;\"><strong>N\u00e1zov \u017eiadate\u013ea<\/strong><\/th><th class=\"subtable_td1 evf-l-align\" style=\"text-align: center;\"><strong>N\u00e1zov projektu<\/strong><\/th><th class=\"subtable_td1 evf-r-align\" style=\"text-align: center;\"><strong>Schv\u00e1len\u00e1 dot\u00e1cia v EUR<\/strong><\/th><\/tr><\/thead><tbody><tr><td>1<\/td><td class=\"evf-c-align\">E758\/BV2c-31\/21 09.11.2021<\/td><td>Obec Ladice<\/td><td class=\"evf-l-align\">Ladice-vodojem Podskalie<\/td><td class=\"evf-r-align\">204\u00a0663,00<\/td><\/tr><tr><td>2<\/td><td class=\"evf-c-align\">E724\/BV2c-16\/21 09.11.2021<\/td><td>Obec Petrova Lehota<\/td><td class=\"evf-l-align\">Vodovod &#8211; Petrova Lehota<\/td><td class=\"evf-r-align\">202\u00a0939,00<\/td><\/tr><tr><td>3<\/td><td class=\"evf-c-align\">E704\/BV2c-42\/21 29.11.2021<\/td><td>Mesto Tvrdo\u0161\u00edn<\/td><td class=\"evf-l-align\">Vybudovanie infra\u0161trukt\u00fary vodn\u00e9ho hospod\u00e1rstva v mestskej \u010dasti Tvrdo\u0161\u00edn &#8211; Oravice, objekty: SO 01 Vodovod, SO 03 Stokov\u00e1 sie\u0165, SO 04 \u010cOV<\/td><td class=\"evf-r-align\">188\u00a0423,00<\/td><\/tr><\/tbody><\/table><p>\u010cinnos\u0165 BV3c: Roz\u0161\u00edrenie alebo rekon\u0161trukcia existuj\u00faceho verejn\u00e9ho vodovodu rozostavanos\u0165 do 60,00 %<\/p><table class=\"tblBorder\"><thead><tr class=\"subtable_title\"><th class=\"subtable_td1\" style=\"text-align: center;\"><strong>Poradov\u00e9 \u010d\u00edslo<\/strong><\/th><th class=\"subtable_td1\" style=\"text-align: center;\"><strong><span id=\"M3_rptReviews_ctl19_rptReviewsData_ctl00_projectId\">\u010c\u00edslo rozhodnutia zo d\u0148a<\/span><\/strong><\/th><th class=\"subtable_td1 evf-l-align\" style=\"text-align: center;\"><strong>N\u00e1zov \u017eiadate\u013ea<\/strong><\/th><th class=\"subtable_td1 evf-l-align\" style=\"text-align: center;\"><strong>N\u00e1zov projektu<\/strong><\/th><th class=\"subtable_td1 evf-r-align\" style=\"text-align: center;\"><strong>Schv\u00e1len\u00e1 dot\u00e1cia v EUR<\/strong><\/th><\/tr><\/thead><tbody><tr><td>1<\/td><td class=\"evf-c-align\">E738\/BV3c-30\/21 09.11.2021<\/td><td>Obec Mal\u00e9 Rip\u0148any<\/td><td class=\"evf-l-align\">Roz\u0161\u00edrenie vodovodu Vetva A, B, C<\/td><td class=\"evf-r-align\">101\u00a0984,00<\/td><\/tr><tr><td>2<\/td><td class=\"evf-c-align\">E707\/BV3c-13\/21 09.11.2021<\/td><td>Obec Moravany nad V\u00e1hom<\/td><td class=\"evf-l-align\">Pred\u013a\u017eenie vodovodu Moravany nad V\u00e1hom, N\u00e1bre\u017en\u00e1 ulica<\/td><td class=\"evf-r-align\">89\u00a0765,00<\/td><\/tr><tr><td>3<\/td><td class=\"evf-c-align\">E757\/BV3c-25\/21 09.11.2021<\/td><td>Obec \u0160urianky<\/td><td class=\"evf-l-align\">\u0160urianky &#8211; roz\u0161\u00edrenie vodovodu Perkovce<\/td><td class=\"evf-r-align\">32\u00a0247,00<\/td><\/tr><tr><td>4<\/td><td class=\"evf-c-align\">E694\/BV3c-53\/21 29.11.2021<\/td><td>Mesto Slia\u010d<\/td><td class=\"evf-l-align\">Slia\u010d Kanaliz\u00e1cia Tov\u00e1rensk\u00e1, Mlynsk\u00e1 ulica (SO04 Tov\u00e1rensk\u00e1 ulica &#8211; Vodovod, Mlynsk\u00e1 ulica &#8211; Vodovod<\/td><td class=\"evf-r-align\">170\u00a0912,00<\/td><\/tr><\/tbody><\/table><p>\u010cinnos\u0165 BV4c: \u00daprava a rekon\u0161trukcia existuj\u00facich vod\u00e1rensk\u00fdch zdrojov a s t\u00fdm spojen\u00fdch zariaden\u00ed rozostavanos\u0165 do 60,00 %<\/p><table class=\"tblBorder\"><thead><tr class=\"subtable_title\"><th class=\"subtable_td1\" style=\"text-align: center;\"><strong>Poradov\u00e9 \u010d\u00edslo<\/strong><\/th><th class=\"subtable_td1\" style=\"text-align: center;\"><strong><span id=\"M3_rptReviews_ctl20_rptReviewsData_ctl00_projectId\">\u010c\u00edslo rozhodnutia zo d\u0148a<\/span><\/strong><\/th><th class=\"subtable_td1 evf-l-align\" style=\"text-align: center;\"><strong>N\u00e1zov \u017eiadate\u013ea<\/strong><\/th><th class=\"subtable_td1 evf-l-align\" style=\"text-align: center;\"><strong>N\u00e1zov projektu<\/strong><\/th><th class=\"subtable_td1 evf-r-align\" style=\"text-align: center;\"><strong>Schv\u00e1len\u00e1 dot\u00e1cia v EUR<\/strong><\/th><\/tr><\/thead><tbody><tr><td>1<\/td><td class=\"evf-c-align\">E692\/BV4c-8\/21 09.11.2021<\/td><td>Obec Hrub\u00fd \u0160\u00far<\/td><td class=\"evf-l-align\">Vodovod \u2013 Hrub\u00fd \u0160\u00far, stavebn\u00fd objekt: Rekon\u0161trukcia armat\u00farnej \u0161achty a vystrojenia H\u0160-10<\/td><td class=\"evf-r-align\">94\u00a0463,00<\/td><\/tr><\/tbody><\/table><p>\u010cinnos\u0165 BP1: Opatrenia na vodnom toku<\/p><table class=\"tblBorder\"><thead><tr class=\"subtable_title\"><th class=\"subtable_td1\" style=\"text-align: center;\"><strong>Poradov\u00e9 \u010d\u00edslo<\/strong><\/th><th class=\"subtable_td1\" style=\"text-align: center;\"><strong><span id=\"M3_rptReviews_ctl21_rptReviewsData_ctl00_projectId\">\u010c\u00edslo rozhodnutia zo d\u0148a<\/span><\/strong><\/th><th class=\"subtable_td1 evf-l-align\" style=\"text-align: center;\"><strong>N\u00e1zov \u017eiadate\u013ea<\/strong><\/th><th class=\"subtable_td1 evf-l-align\" style=\"text-align: center;\"><strong>N\u00e1zov projektu<\/strong><\/th><th class=\"subtable_td1 evf-r-align\" style=\"text-align: center;\"><strong>Schv\u00e1len\u00e1 dot\u00e1cia v EUR<\/strong><\/th><\/tr><\/thead><tbody><tr><td>1<\/td><td class=\"evf-c-align\">E782\/BP1-65\/21 09.11.2021<\/td><td>Obec Hrani\u010dn\u00e9<\/td><td class=\"evf-l-align\">Protipovod\u0148ov\u00e9 \u00fapravy v obci Hrani\u010dn\u00e9<\/td><td class=\"evf-r-align\">126\u00a0830,00<\/td><\/tr><\/tbody><\/table><p>\u010cinnos\u0165 BP2: Opatrenia mimo vodn\u00e9ho toku<\/p><table class=\"tblBorder\"><thead><tr class=\"subtable_title\"><th class=\"subtable_td1\" style=\"text-align: center;\"><strong>Poradov\u00e9 \u010d\u00edslo<\/strong><\/th><th class=\"subtable_td1\" style=\"text-align: center;\"><strong><span id=\"M3_rptReviews_ctl22_rptReviewsData_ctl00_projectId\">\u010c\u00edslo rozhodnutia zo d\u0148a<\/span><\/strong><\/th><th class=\"subtable_td1 evf-l-align\" style=\"text-align: center;\"><strong>N\u00e1zov \u017eiadate\u013ea<\/strong><\/th><th class=\"subtable_td1 evf-l-align\" style=\"text-align: center;\"><strong>N\u00e1zov projektu<\/strong><\/th><th class=\"subtable_td1 evf-r-align\" style=\"text-align: center;\"><strong>Schv\u00e1len\u00e1 dot\u00e1cia v EUR<\/strong><\/th><\/tr><\/thead><tbody><tr><td>1<\/td><td class=\"evf-c-align\">E1916\/BP2-25\/21 09.11.2021<\/td><td>Mesto Zlat\u00e9 Moravce<\/td><td class=\"evf-l-align\">Odvedenie da\u017e\u010fov\u00fdch v\u00f4d v meste Zlat\u00e9 Moravce<\/td><td class=\"evf-r-align\">186\u00a0793,00<\/td><\/tr><tr><td>2<\/td><td class=\"evf-c-align\">E1887\/BP2-9\/21 09.11.2021<\/td><td>Obec K\u00e1tlovce<\/td><td class=\"evf-l-align\">Protipovod\u0148ov\u00e9 a protier\u00f3zne opatrenia v obci K\u00e1tlovce<\/td><td class=\"evf-r-align\">102\u00a0121,00<\/td><\/tr><tr><td>3<\/td><td class=\"evf-c-align\">E1915\/BP2-8\/21 09.11.2021<\/td><td>Obec Vlky<\/td><td class=\"evf-l-align\">V\u00fdstavba odvod\u0148ovac\u00edch zariaden\u00ed v obci Vlky<\/td><td class=\"evf-r-align\">34\u00a0197,00<\/td><\/tr><\/tbody><\/table>\t\t\t\t\t<\/div>\n\t\t\t\t\t\t<\/div>\n\t\t\t\t<\/div>\n\t\t\t\t<div class=\"elementor-element elementor-element-cd55817 divider_yes elementor-widget elementor-widget-wgl-double-headings\" data-id=\"cd55817\" data-element_type=\"widget\" data-widget_type=\"wgl-double-headings.default\">\n\t\t\t\t<div class=\"elementor-widget-container\">\n\t\t\t<div class=\"wgl-double_heading aleft\">                <h5 class=\"dbl-title_wrapper\"><span class=\"dbl-title dbl-title_1\">C. Oblas\u0165: ROZVOJ ODPADOV\u00c9HO HOSPOD\u00c1RSTVA A OBEHOV\u00c9HO HOSPOD\u00c1RSTVA Z POH\u013dADU ODPADOV (Oddiel I. \u0160pecifik\u00e1cie \u010dinnost\u00ed podpory na rok 2021)\n<\/span>                 <\/h5>        <\/div>\t\t<\/div>\n\t\t\t\t<\/div>\n\t\t\t\t<div class=\"elementor-element elementor-element-f68fbab elementor-widget elementor-widget-text-editor\" data-id=\"f68fbab\" data-element_type=\"widget\" data-widget_type=\"text-editor.default\">\n\t\t\t\t<div class=\"elementor-widget-container\">\n\t\t\t\t\t\t\t\t<div class=\"elementor-text-editor elementor-clearfix\">\n\t\t\t\t<p>\u010cinnos\u0165 C1: Trieden\u00fd zber komun\u00e1lneho odpadu<\/p><table class=\"tblBorder\"><thead><tr class=\"subtable_title\"><th class=\"subtable_td1\" style=\"text-align: center;\"><strong>Poradov\u00e9 \u010d\u00edslo<\/strong><\/th><th class=\"subtable_td1\" style=\"text-align: center;\"><strong><span id=\"M3_rptReviews_ctl23_rptReviewsData_ctl00_projectId\">\u010c\u00edslo rozhodnutia zo d\u0148a<\/span><\/strong><\/th><th class=\"subtable_td1 evf-l-align\" style=\"text-align: center;\"><strong>N\u00e1zov \u017eiadate\u013ea<\/strong><\/th><th class=\"subtable_td1 evf-l-align\" style=\"text-align: center;\"><strong>N\u00e1zov projektu<\/strong><\/th><th class=\"subtable_td1 evf-r-align\" style=\"text-align: center;\"><strong>Schv\u00e1len\u00e1 dot\u00e1cia v EUR<\/strong><\/th><\/tr><\/thead><tbody><tr><td>1<\/td><td class=\"evf-c-align\">E905\/C1-30\/21 25.06.2021<\/td><td>Obec Ludanice<\/td><td class=\"evf-l-align\">Dobudovanie technickej infra\u0161trukt\u00fary v obci Ludanice<\/td><td class=\"evf-r-align\">70\u00a0000,00<\/td><\/tr><tr><td>2<\/td><td class=\"evf-c-align\">E922\/C1-13\/21 25.06.2021<\/td><td>Mesto Vrbov\u00e9<\/td><td class=\"evf-l-align\">Vybavenie zbern\u00e9ho dvora v meste Vrbov\u00e9<\/td><td class=\"evf-r-align\">75\u00a0000,00<\/td><\/tr><tr><td>3<\/td><td class=\"evf-c-align\">E948\/C1-24\/21 25.06.2021<\/td><td>Obec Horovce<\/td><td class=\"evf-l-align\">Dobudovanie technickej infra\u0161trukt\u00fary v obci Horovce z d\u00f4vodu zabezpe\u010denia efekt\u00edvneho zberu komun\u00e1lneho odpadu<\/td><td class=\"evf-r-align\">72\u00a0000,00<\/td><\/tr><tr><td>4<\/td><td class=\"evf-c-align\">E967\/C1-28\/21 25.06.2021<\/td><td>Obec Ch\u013eaba<\/td><td class=\"evf-l-align\">N\u00e1kup techniky na zlep\u0161enie trieden\u00e9ho zberu komun\u00e1lneho odpadu v obci Ch\u013eaba<\/td><td class=\"evf-r-align\">75\u00a0000,00<\/td><\/tr><tr><td>5<\/td><td class=\"evf-c-align\">E976\/C1-39\/21 25.06.2021<\/td><td>Obec M\u00fatne<\/td><td class=\"evf-l-align\">Roz\u0161\u00edrenie efektivity trieden\u00e9ho zberu v obci M\u00fatne<\/td><td class=\"evf-r-align\">18\u00a0000,00<\/td><\/tr><tr><td>6<\/td><td class=\"evf-c-align\">E983\/C1-27\/21 25.06.2021<\/td><td>Obec Plav\u00e9 Vozokany<\/td><td class=\"evf-l-align\">Trieden\u00fd zber komun\u00e1lneho odpadu \u2013 obec Plav\u00e9 Vozokany<\/td><td class=\"evf-r-align\">60\u00a0000,00<\/td><\/tr><tr><td>7<\/td><td class=\"evf-c-align\">E993\/C1-10\/21 25.06.2021<\/td><td>Obec L\u00fa\u010d na Ostrove<\/td><td class=\"evf-l-align\">Obstaranie technologick\u00e9ho vybavenia na podporu trieden\u00e9ho zberu komun\u00e1lneho odpadu v obci L\u00fa\u010d na Ostrove<\/td><td class=\"evf-r-align\">68\u00a0000,00<\/td><\/tr><tr><td>8<\/td><td class=\"evf-c-align\">E999\/C1-28\/21 25.06.2021<\/td><td>Obec Pal\u00e1rikovo<\/td><td class=\"evf-l-align\">N\u00e1kup techniky na zlep\u0161enie trieden\u00e9ho zberu komun\u00e1lneho odpadu<\/td><td class=\"evf-r-align\">70\u00a0000,00<\/td><\/tr><tr><td>9<\/td><td class=\"evf-c-align\">E1012\/C1-62\/21 25.06.2021<\/td><td>Mesto Svit<\/td><td class=\"evf-l-align\">Dobudovanie technickej infra\u0161trukt\u00fary v meste Svit z d\u00f4vodu zabezpe\u010denia efekt\u00edvneho zberu komun\u00e1lneho odpadu<\/td><td class=\"evf-r-align\">70\u00a0000,00<\/td><\/tr><tr><td>10<\/td><td class=\"evf-c-align\">E1052\/C1-03\/21 25.06.2021<\/td><td>Mestsk\u00e1 \u010das\u0165 Bratislava &#8211; Vajnory<\/td><td class=\"evf-l-align\">Zabezpe\u010denie efekt\u00edvneho zberu BRKO v mestskej \u010dasti Bratislava &#8211; Vajnory<\/td><td class=\"evf-r-align\">70\u00a0000,00<\/td><\/tr><tr><td>11<\/td><td class=\"evf-c-align\">E1077\/C1-27\/21 25.06.2021<\/td><td>Obec Hronsk\u00e9 K\u013ea\u010dany<\/td><td class=\"evf-l-align\">Zlep\u0161enie podmienok trieden\u00e9ho zberu komun\u00e1lneho odpadu v obci Hronsk\u00e9 K\u013ea\u010dany<\/td><td class=\"evf-r-align\">73\u00a0000,00<\/td><\/tr><tr><td>12<\/td><td class=\"evf-c-align\">E828\/C1-79\/21 06.12.2021<\/td><td>Obec Lastovce<\/td><td class=\"evf-l-align\">Podpora trieden\u00e9ho zberu komun\u00e1lneho odpadu v obci Lastovce<\/td><td class=\"evf-r-align\">80\u00a0000,00<\/td><\/tr><tr><td>13<\/td><td class=\"evf-c-align\">E949\/C1-35\/21 06.12.2021<\/td><td>Obec Bziny<\/td><td class=\"evf-l-align\">Triedime a zhodnocujeme biologicky rozlo\u017eite\u013en\u00fd komun\u00e1lny odpad<\/td><td class=\"evf-r-align\">31\u00a0722,00<\/td><\/tr><tr><td>14<\/td><td class=\"evf-c-align\">E872\/C1-73\/21 06.12.2021<\/td><td>Obec \u010ce\u010dejovce<\/td><td class=\"evf-l-align\">Intenzifik\u00e1cia trieden\u00e9ho zberu komun\u00e1lnych odpadov v obci \u010ce\u010dejovce<\/td><td class=\"evf-r-align\">80\u00a0000,00<\/td><\/tr><tr><td>15<\/td><td class=\"evf-c-align\">E933\/C1-19\/21 06.12.2021<\/td><td>Obec Poriadie<\/td><td class=\"evf-l-align\">N\u00e1kup technick\u00e9ho vybavenia pre trieden\u00fd zber v obci Poriadie<\/td><td class=\"evf-r-align\">67\u00a0260,00<\/td><\/tr><tr><td>16<\/td><td class=\"evf-c-align\">E1011\/C1-22\/21 06.12.2021<\/td><td>Obec Vrchtepl\u00e1<\/td><td class=\"evf-l-align\">ZV\u00dd\u0160ENIE KAPACITY TRIEDEN\u00c9HO ZBERU KOMUN\u00c1LNEHO ODPADU V OBCI VRCHTEPL\u00c1<\/td><td class=\"evf-r-align\">49\u00a0704,00<\/td><\/tr><tr><td>17<\/td><td class=\"evf-c-align\">E888\/C1-52\/21 06.12.2021<\/td><td>Obec Vinica<\/td><td class=\"evf-l-align\">Zabezpe\u010denie efekt\u00edvneho zberu komun\u00e1lneho odpadu v obci Vinica<\/td><td class=\"evf-r-align\">35\u00a0998,00<\/td><\/tr><tr><td>18<\/td><td class=\"evf-c-align\">E911\/C1-27\/21 06.12.2021<\/td><td>Obec Tekovsk\u00e9 Lu\u017eany<\/td><td class=\"evf-l-align\">Obstaranie technick\u00e9ho vybavenia za \u00fa\u010delom zefekt\u00edvnenia jestvuj\u00faceho syst\u00e9mu zberu a triedenia odpadu v obci Tekovsk\u00e9 Lu\u017eany<\/td><td class=\"evf-r-align\">79\u00a0686,00<\/td><\/tr><tr><td>19<\/td><td class=\"evf-c-align\">E971\/C1-25\/21 06.12.2021<\/td><td>Obec Jel\u0161ovce<\/td><td class=\"evf-l-align\">N\u00e1kup techniky na zlep\u0161enie trieden\u00e9ho zberu komun\u00e1lneho odpadu v obci Jel\u0161ovce<\/td><td class=\"evf-r-align\">17\u00a0575,00<\/td><\/tr><\/tbody><\/table><p>\u010cinnos\u0165 C2: Predch\u00e1dzanie vzniku biologicky rozlo\u017eite\u013en\u00fdch komun\u00e1lnych odpadov a zhodnocovanie biologicky rozlo\u017eite\u013en\u00fdch komun\u00e1lnych odpadov<\/p><table class=\"tblBorder\"><thead><tr class=\"subtable_title\"><th class=\"subtable_td1\" style=\"text-align: center;\"><strong>Poradov\u00e9 \u010d\u00edslo<\/strong><\/th><th class=\"subtable_td1\" style=\"text-align: center;\"><strong><span id=\"M3_rptReviews_ctl24_rptReviewsData_ctl00_projectId\">\u010c\u00edslo rozhodnutia zo d\u0148a<\/span><\/strong><\/th><th class=\"subtable_td1 evf-l-align\" style=\"text-align: center;\"><strong>N\u00e1zov \u017eiadate\u013ea<\/strong><\/th><th class=\"subtable_td1 evf-l-align\" style=\"text-align: center;\"><strong>N\u00e1zov projektu<\/strong><\/th><th class=\"subtable_td1 evf-r-align\" style=\"text-align: center;\"><strong>Schv\u00e1len\u00e1 dot\u00e1cia v EUR<\/strong><\/th><\/tr><\/thead><tbody><tr><td>1<\/td><td class=\"evf-c-align\">E1194\/C2-28\/21 25.06.2021<\/td><td>Obec Vlkas<\/td><td class=\"evf-l-align\">N\u00e1kup kompost\u00e9rov do obce Vlkas<\/td><td class=\"evf-r-align\">23\u00a0000,00<\/td><\/tr><tr><td>2<\/td><td class=\"evf-c-align\">E1220\/C2-38\/21 25.06.2021<\/td><td>Obec Krpe\u013eany<\/td><td class=\"evf-l-align\">Predch\u00e1dzanie vzniku biologicky rozlo\u017eite\u013en\u00fdch komun\u00e1lnych odpadov v obci Krpe\u013eany<\/td><td class=\"evf-r-align\">30\u00a0000,00<\/td><\/tr><tr><td>3<\/td><td class=\"evf-c-align\">E1289\/C2-11\/21 25.06.2021<\/td><td>Mesto Galanta<\/td><td class=\"evf-l-align\">Predch\u00e1dzanie vzniku biologicky rozlo\u017eite\u013en\u00fdch komun\u00e1lnych odpadov a zhodnocovanie biologicky rozlo\u017eite\u013en\u00fdch komun\u00e1lnych odpadov v meste Galanta<\/td><td class=\"evf-r-align\">150\u00a0000,00<\/td><\/tr><tr><td>4<\/td><td class=\"evf-c-align\">E1299\/C2-76\/21 25.06.2021<\/td><td>Obec Go\u010dovo<\/td><td class=\"evf-l-align\">Zhodnocovanie biologicky rozlo\u017eite\u013en\u00fdch odpadov v obci Go\u010dovo<\/td><td class=\"evf-r-align\">10\u00a0000,00<\/td><\/tr><tr><td>5<\/td><td class=\"evf-c-align\">E1307\/C2-76\/21 25.06.2021<\/td><td>Obec Kru\u017en\u00e1<\/td><td class=\"evf-l-align\">Zhodnocovanie biologicky rozlo\u017eite\u013en\u00fdch odpadov v obci Kru\u017en\u00e1<\/td><td class=\"evf-r-align\">13\u00a0000,00<\/td><\/tr><tr><td>6<\/td><td class=\"evf-c-align\">E1313\/C2-73\/21 25.06.2021<\/td><td>Obec Ba\u0161ka<\/td><td class=\"evf-l-align\">Zhodnocovanie biologicky rozlo\u017eite\u013en\u00fdch odpadov v obci Ba\u0161ka<\/td><td class=\"evf-r-align\">20\u00a0000,00<\/td><\/tr><tr><td>7<\/td><td class=\"evf-c-align\">E1322\/C2-45\/21 25.06.2021<\/td><td>Obec Bac\u00fach<\/td><td class=\"evf-l-align\">Predch\u00e1dzanie vzniku biologicky rozlo\u017eite\u013en\u00fdch komun\u00e1lnych odpadov zak\u00fapen\u00edm kompost\u00e9rov do dom\u00e1cnost\u00ed v obci Bac\u00fach<\/td><td class=\"evf-r-align\">59\u00a0000,00<\/td><\/tr><tr><td>8<\/td><td class=\"evf-c-align\">E1328\/C2-73\/21 25.06.2021<\/td><td>Obec Zlat\u00e1 Idka<\/td><td class=\"evf-l-align\">Zhodnocovanie biologicky rozlo\u017eite\u013en\u00fdch odpadov v obci Zlat\u00e1 Idka<\/td><td class=\"evf-r-align\">13\u00a0000,00<\/td><\/tr><tr><td>9<\/td><td class=\"evf-c-align\">E1334\/C2-19\/21 25.06.2021<\/td><td>Obec Jablonka<\/td><td class=\"evf-l-align\">Podpora predch\u00e1dzania vzniku a zhodnocovania BRKO v obci Jablonka<\/td><td class=\"evf-r-align\">38\u00a0000,00<\/td><\/tr><tr><td>10<\/td><td class=\"evf-c-align\">E1347\/C2-21\/21 25.06.2021<\/td><td>Obec Ve\u013ek\u00e9 Kr\u0161te\u0148any<\/td><td class=\"evf-l-align\">Obstaranie kompost\u00e9rov na predch\u00e1dzanie vzniku BRKO pre obec Ve\u013ek\u00e9 Kr\u0161te\u0148any<\/td><td class=\"evf-r-align\">20\u00a0000,00<\/td><\/tr><tr><td>11<\/td><td class=\"evf-c-align\">E1358\/C2-37\/21 25.06.2021<\/td><td>Obec Prosiek<\/td><td class=\"evf-l-align\">Predch\u00e1dzanie vzniku a zhodnocovanie BRKO v obci Prosiek<\/td><td class=\"evf-r-align\">19\u00a0000,00<\/td><\/tr><tr><td>12<\/td><td class=\"evf-c-align\">E1366\/C2-14\/21 25.06.2021<\/td><td>Obec Lak\u0161\u00e1rska Nov\u00e1 Ves<\/td><td class=\"evf-l-align\">Predch\u00e1dzanie vzniku biologicky rozlo\u017eite\u013en\u00e9ho komun\u00e1lneho odpadu a jeho \u010fal\u0161ie zhodnocovanie v obci Lak\u0161\u00e1rska Nov\u00e1 Ves<\/td><td class=\"evf-r-align\">45\u00a0000,00<\/td><\/tr><tr><td>13<\/td><td class=\"evf-c-align\">E1377\/C2-43\/21 25.06.2021<\/td><td>Obec Hrocho\u0165<\/td><td class=\"evf-l-align\">N\u00e1kup techniky pre zhodnocovanie biologicky rozlo\u017eite\u013en\u00fdch odpadov v obci Hrocho\u0165<\/td><td class=\"evf-r-align\">24\u00a0000,00<\/td><\/tr><tr><td>14<\/td><td class=\"evf-c-align\">E1388\/C2-21\/21 25.06.2021<\/td><td>Obec Mal\u00e9 Kr\u0161te\u0148any<\/td><td class=\"evf-l-align\">Rie\u0161enie bioodpadu v obci Mal\u00e9 Kr\u0161te\u0148any<\/td><td class=\"evf-r-align\">20\u00a0000,00<\/td><\/tr><tr><td>15<\/td><td class=\"evf-c-align\">E1401\/C2-76\/21 25.06.2021<\/td><td>Obec L\u00fa\u010dka<\/td><td class=\"evf-l-align\">Zhodnocovanie biologicky rozlo\u017eite\u013en\u00fdch odpadov v obci L\u00fa\u010dka<\/td><td class=\"evf-r-align\">7\u00a0500,00<\/td><\/tr><tr><td>16<\/td><td class=\"evf-c-align\">E1405\/C2-26\/21 25.06.2021<\/td><td>Mesto Hurbanovo<\/td><td class=\"evf-l-align\">Zhodnocovanie biologicky rozlo\u017eite\u013en\u00fdch komun\u00e1lnych odpadov v meste Hurbanovo C2<\/td><td class=\"evf-r-align\">75\u00a0000,00<\/td><\/tr><tr><td>17<\/td><td class=\"evf-c-align\">E1406\/C2-06\/21 25.06.2021<\/td><td>Obec Roho\u017en\u00edk<\/td><td class=\"evf-l-align\">Zhodnocovanie biologicky rozlo\u017eite\u013en\u00fdch komun\u00e1lnych odpadov v Roho\u017en\u00edku<\/td><td class=\"evf-r-align\">140\u00a0000,00<\/td><\/tr><tr><td>18<\/td><td class=\"evf-c-align\">E1282\/C2-61\/21 14.10.2021<\/td><td>Obec \u010certi\u017en\u00e9<\/td><td class=\"evf-l-align\">Podpora dom\u00e1ceho kompostovania v obci \u010certi\u017en\u00e9<\/td><td class=\"evf-r-align\">19\u00a0992,00<\/td><\/tr><tr><td>19<\/td><td class=\"evf-c-align\">E1365\/C2-16\/21 29.11.2021<\/td><td>Obec Doln\u00e1 Poruba<\/td><td class=\"evf-l-align\">Predch\u00e1dzanie vzniku biologicky rozlo\u017eite\u013en\u00e9ho komun\u00e1lneho odpadu v obci Doln\u00e1 Poruba<\/td><td class=\"evf-r-align\">35\u00a0575,00<\/td><\/tr><tr><td>20<\/td><td class=\"evf-c-align\">E1193\/C2-57\/21 29.11.2021<\/td><td>Obec Stebn\u00edk<\/td><td class=\"evf-l-align\">Kompost\u00e9ry na spracovanie BRKO pre obyvate\u013eov obce Stebn\u00edk<\/td><td class=\"evf-r-align\">27\u00a0550,00<\/td><\/tr><tr><td>21<\/td><td class=\"evf-c-align\">E1265\/C2-6\/21 29.11.2021<\/td><td>Obec Solo\u0161nica<\/td><td class=\"evf-l-align\">Obstaranie kompost\u00e9rov v obci Solo\u0161nica<\/td><td class=\"evf-r-align\">112\u00a0093,00<\/td><\/tr><tr><td>22<\/td><td class=\"evf-c-align\">E1384\/C2-20\/21 29.11.2021<\/td><td>Mesto Nov\u00e9 Mesto nad V\u00e1hom<\/td><td class=\"evf-l-align\">Zhodnocovanie biologicky rozlo\u017eite\u013en\u00fdch komun\u00e1lnych odpadov v Novom Meste nad V\u00e1hom<\/td><td class=\"evf-r-align\">63\u00a0213,00<\/td><\/tr><tr><td>23<\/td><td class=\"evf-c-align\">E1231\/C2-23\/21 29.11.2021<\/td><td>Obec Diviaky nad Nitricou<\/td><td class=\"evf-l-align\">Predch\u00e1dzanie vzniku odpadu &#8211; kompostovan\u00edm v obci Diviaky nad Nitricou<\/td><td class=\"evf-r-align\">70\u00a0680,00<\/td><\/tr><tr><td>24<\/td><td class=\"evf-c-align\">E1339\/C2 20\/21 29.11.2021<\/td><td>Obec Ko\u010dovce<\/td><td class=\"evf-l-align\">N\u00e1kup techniky pre zhodnocovanie biologicky rozlo\u017eite\u013en\u00fdch odpadov v obci Ko\u010dovce<\/td><td class=\"evf-r-align\">100\u00a0076,00<\/td><\/tr><tr><td>25<\/td><td class=\"evf-c-align\">E1287\/C2-37\/21 29.11.2021<\/td><td>Mesto Liptovsk\u00fd Mikul\u00e1\u0161<\/td><td class=\"evf-l-align\">Zhodnocovanie biologicky rozlo\u017eite\u013en\u00fdch kuchynsk\u00fdch odpadov v Liptovskom Mikul\u00e1\u0161i<\/td><td class=\"evf-r-align\">150\u00a0000,00<\/td><\/tr><tr><td>26<\/td><td class=\"evf-c-align\">E1234\/C2-39\/21 29.11.2021<\/td><td>Obec Rab\u010dice<\/td><td class=\"evf-l-align\">Predch\u00e1dzanie vzniku odpadu &#8211; kompostovan\u00edm v obci Rab\u010dice<\/td><td class=\"evf-r-align\">59\u00a0850,00<\/td><\/tr><tr><td>27<\/td><td class=\"evf-c-align\">E1240\/C2-15\/21 29.11.2021<\/td><td>Obec Brodsk\u00e9<\/td><td class=\"evf-l-align\">N\u00e1kup technol\u00f3gie pre zhodnocovanie biologicky rozlo\u017eite\u013en\u00fdch odpadov v obci Brodsk\u00e9<\/td><td class=\"evf-r-align\">120\u00a0835,00<\/td><\/tr><tr><td>28<\/td><td class=\"evf-c-align\">E1170\/C2-25\/21 29.11.2021<\/td><td>Mesto Vr\u00e1ble<\/td><td class=\"evf-l-align\">Predch\u00e1dzanie vzniku a zhodnocovanie BRKO vo Vr\u00e1b\u013eoch<\/td><td class=\"evf-r-align\">142\u00a0678,00<\/td><\/tr><tr><td>29<\/td><td class=\"evf-c-align\">E1225\/C2-16\/21 29.11.2021<\/td><td>Obec Mn\u00edchova Lehota<\/td><td class=\"evf-l-align\">Predch\u00e1dzanie vzniku biologicky rozlo\u017eite\u013en\u00fdch komun\u00e1lnych odpadov v obci Mn\u00edchova Lehota<\/td><td class=\"evf-r-align\">116\u00a0171,00<\/td><\/tr><tr><td>30<\/td><td class=\"evf-c-align\">E1370\/C2-67\/21 29.11.2021<\/td><td>Zdru\u017eenie mikroregi\u00f3nu BESKYD<\/td><td class=\"evf-l-align\">Predch\u00e1dzanie vzniku BRKO v mikroregi\u00f3ne BESKYD<\/td><td class=\"evf-r-align\">149\u00a0985,00<\/td><\/tr><tr><td>31<\/td><td class=\"evf-c-align\">E1451C2-25\/21 29.11.2021<\/td><td>Obec \u017ditavce<\/td><td class=\"evf-l-align\">Zefekt\u00edvnenie triedenia BRKO v dom\u00e1cnostiach v obci \u017ditavce<\/td><td class=\"evf-r-align\">16\u00a0700,00<\/td><\/tr><tr><td>32<\/td><td class=\"evf-c-align\">E1247\/C2-75\/21 29.11.2021<\/td><td>Obec \u010cierne Pole<\/td><td class=\"evf-l-align\">Predch\u00e1dzanie vzniku a zhodnocovanie BRKO v obci \u010cierne Pole<\/td><td class=\"evf-r-align\">48\u00a0763,00<\/td><\/tr><tr><td>33<\/td><td class=\"evf-c-align\">E1271\/C2-28\/21 29.11.2021<\/td><td>Obec Nov\u00e1 Vieska<\/td><td class=\"evf-l-align\">Predch\u00e1dzanie vzniku BRKO a jeho \u010fal\u0161ie zhodnocovanie v obci Nov\u00e1 Vieska<\/td><td class=\"evf-r-align\">53\u00a0846,00<\/td><\/tr><tr><td>34<\/td><td class=\"evf-c-align\">E1350\/C2-16\/21 29.11.2021<\/td><td>Obec Mote\u0161ice<\/td><td class=\"evf-l-align\">Podpora predch\u00e1dzania vzniku a zhodnocovania BRKO v obci Mote\u0161ice<\/td><td class=\"evf-r-align\">40\u00a0698,00<\/td><\/tr><tr><td>35<\/td><td class=\"evf-c-align\">E1178\/C2-42\/21 29.11.2021<\/td><td>Mesto Trsten\u00e1<\/td><td class=\"evf-l-align\">N\u00e1kup zbern\u00fdch n\u00e1dob na kuchynsk\u00fd odpad pre ob\u010danov mesta Trsten\u00e1<\/td><td class=\"evf-r-align\">18\u00a0114,00<\/td><\/tr><tr><td>36<\/td><td class=\"evf-c-align\">E1239\/C2-39\/21 29.11.2021<\/td><td>Obec Klin<\/td><td class=\"evf-l-align\">Predch\u00e1dzanie vzniku odpadu &#8211; kompostovan\u00edm v obci Klin<\/td><td class=\"evf-r-align\">62\u00a0130,00<\/td><\/tr><tr><td>37<\/td><td class=\"evf-c-align\">E1397\/C2-37\/21 06.12.2021<\/td><td>Obec Uhorsk\u00e1 Ves<\/td><td class=\"evf-l-align\">Zabezpe\u010denie efekt\u00edvneho zberu komun\u00e1lneho odpadu v obci Uhorsk\u00e1 Ves<\/td><td class=\"evf-r-align\">19\u00a0140,00<\/td><\/tr><tr><td>38<\/td><td class=\"evf-c-align\">E1298\/C2-17\/21 06.12.2021<\/td><td>Obec Uhrovec<\/td><td class=\"evf-l-align\">Zhodnotenie biologicky rozlo\u017eite\u013en\u00fdch odpadov v obci Uhrovec<\/td><td class=\"evf-r-align\">47\u00a0367,00<\/td><\/tr><tr><td>39<\/td><td class=\"evf-c-align\">E1368\/C2-35\/21 06.12.2021<\/td><td>Obec Dlh\u00e1 nad Oravou<\/td><td class=\"evf-l-align\">Revitaliz\u00e1cia zhodnocovania biologicky rozlo\u017eite\u013en\u00fdch odpadov v obci Dlh\u00e1 nad Oravou<\/td><td class=\"evf-r-align\">70\u00a0330,00<\/td><\/tr><tr><td>40<\/td><td class=\"evf-c-align\">E1341\/C2-27\/21 06.12.2021<\/td><td>Obec Be\u0161a<\/td><td class=\"evf-l-align\">N\u00e1kup kompost\u00e9rov pre dom\u00e1cnosti v obci Be\u0161a<\/td><td class=\"evf-r-align\">34\u00a0505,00<\/td><\/tr><tr><td>41<\/td><td class=\"evf-c-align\">E1306\/C2-76\/21 06.12.2021<\/td><td>Obec Dlh\u00e1 Ves<\/td><td class=\"evf-l-align\">Zhodnocovanie biologicky rozlo\u017eite\u013en\u00fdch odpadov v obci Dlh\u00e1 Ves<\/td><td class=\"evf-r-align\">13\u00a0566,00<\/td><\/tr><tr><td>42<\/td><td class=\"evf-c-align\">E1177\/C2-67\/21 06.12.2021<\/td><td>Mesto Svidn\u00edk<\/td><td class=\"evf-l-align\">Predch\u00e1dzanie vzniku BRKO v meste Svidn\u00edk<\/td><td class=\"evf-r-align\">150\u00a0000,00<\/td><\/tr><tr><td>43<\/td><td class=\"evf-c-align\">E1311\/C2-55\/21 06.12.2021<\/td><td>Obec Vyhne<\/td><td class=\"evf-l-align\">Podpora nakladania a zhodnocovania BRKO v obci Vyhne<\/td><td class=\"evf-r-align\">33\u00a0250,00<\/td><\/tr><tr><td>44<\/td><td class=\"evf-c-align\">E1238\/C2-24\/21 06.12.2021<\/td><td>Obec Kva\u0161ov<\/td><td class=\"evf-l-align\">Predch\u00e1dzanie vzniku biologicky rozlo\u017eite\u013en\u00fdch komun\u00e1lnych odpadov a zhodnocovanie biologicky rozlo\u017eite\u013en\u00fdch komun\u00e1lnych odpadov v obci Kva\u0161ov<\/td><td class=\"evf-r-align\">15\u00a0744,00<\/td><\/tr><tr><td>45<\/td><td class=\"evf-c-align\">E1430\/C2-68\/21 06.12.2021<\/td><td>Obec Ni\u017en\u00fd Kru\u010dov<\/td><td class=\"evf-l-align\">Predch\u00e1dzanie vzniku BRKO v obci Ni\u017en\u00fd Kru\u010dov<\/td><td class=\"evf-r-align\">29\u00a0206,00<\/td><\/tr><tr><td>46<\/td><td class=\"evf-c-align\">E1320\/C2-27\/21 06.12.2021<\/td><td>Obec Bory<\/td><td class=\"evf-l-align\">Predch\u00e1dzanie vzniku BRKO dom\u00e1cim kompostovan\u00edm v obci Bory<\/td><td class=\"evf-r-align\">20\u00a0936,00<\/td><\/tr><tr><td>47<\/td><td class=\"evf-c-align\">E1398\/C2-68\/21 06.12.2021<\/td><td>Obec Skrabsk\u00e9<\/td><td class=\"evf-l-align\">Predch\u00e1dzanie vzniku a zhodnocovanie BRKO v obci Skrabsk\u00e9<\/td><td class=\"evf-r-align\">142\u00a0462,00<\/td><\/tr><tr><td>48<\/td><td class=\"evf-c-align\">E1186\/C2-40\/21 06.12.2021<\/td><td>Obec Liptovsk\u00e1 Tepl\u00e1<\/td><td class=\"evf-l-align\">Predch\u00e1dzanie vzniku BRKO v obci Liptovsk\u00e1 Tepl\u00e1<\/td><td class=\"evf-r-align\">68\u00a0685,00<\/td><\/tr><tr><td>49<\/td><td class=\"evf-c-align\">E1281\/C2-37\/21 06.12.2021<\/td><td>Obec Va\u017eec<\/td><td class=\"evf-l-align\">Zhodnocovanie biologicky rozlo\u017eite\u013en\u00fdch komun\u00e1lnych odpadov v obci Va\u017eec<\/td><td class=\"evf-r-align\">55\u00a0670,00<\/td><\/tr><tr><td>50<\/td><td class=\"evf-c-align\">E1385\/C2-27\/21 06.12.2021<\/td><td>Obec Podlu\u017eany<\/td><td class=\"evf-l-align\">Zhodnocovanie biologicky rozlo\u017eite\u013en\u00fdch komun\u00e1lnych odpadov v obci Podlu\u017eany<\/td><td class=\"evf-r-align\">31\u00a0121,00<\/td><\/tr><tr><td>51<\/td><td class=\"evf-c-align\">E1222\/C2-73\/21 06.12.2021<\/td><td>Obec Beniakovce<\/td><td class=\"evf-l-align\">Predch\u00e1dzanie vzniku a zhodnocovanie BRKO v obci Beniakovce<\/td><td class=\"evf-r-align\">34\u00a0771,00<\/td><\/tr><tr><td>52<\/td><td class=\"evf-c-align\">E1348\/C2-35\/21 06.12.2021<\/td><td>Obec Malatin\u00e1<\/td><td class=\"evf-l-align\">Predch\u00e1dzanie vzniku a zhodnocovanie BRKO v obci Malatin\u00e1<\/td><td class=\"evf-r-align\">44\u00a0118,00<\/td><\/tr><tr><td>53<\/td><td class=\"evf-c-align\">E1203\/C2-22\/21 06.12.2021<\/td><td>Obec Doln\u00e1 Marikov\u00e1<\/td><td class=\"evf-l-align\">Predch\u00e1dzanie vzniku a zhodnocovanie BRKO v obci Doln\u00e1 Marikov\u00e1<\/td><td class=\"evf-r-align\">141\u00a0109,00<\/td><\/tr><tr><td>54<\/td><td class=\"evf-c-align\">E1323\/C2-21\/21 06.12.2021<\/td><td>Obec Hradi\u0161te<\/td><td class=\"evf-l-align\">Kompost\u00e9ry pre obec Hradi\u0161te<\/td><td class=\"evf-r-align\">39\u00a0900,00<\/td><\/tr><tr><td>55<\/td><td class=\"evf-c-align\">E1293\/C2-79\/21 06.12.2021<\/td><td>Obec Slovensk\u00e9 Nov\u00e9 Mesto<\/td><td class=\"evf-l-align\">Predch\u00e1dzanie vzniku a\u00a0zhodnocovanie biologicky rozlo\u017eite\u013en\u00fdch komun\u00e1lnych odpadov v obci Slovensk\u00e9 Nov\u00e9 Mesto<\/td><td class=\"evf-r-align\">150\u00a0000,00<\/td><\/tr><tr><td>56<\/td><td class=\"evf-c-align\">E1278\/C2-24\/21 06.12.2021<\/td><td>Obec Belu\u0161a<\/td><td class=\"evf-l-align\">Belu\u0161a &#8211; kompost\u00e9ry<\/td><td class=\"evf-r-align\">69\u00a0312,00<\/td><\/tr><tr><td>57<\/td><td class=\"evf-c-align\">E1248\/C2-79\/21 06.12.2021<\/td><td>Obec Dargov<\/td><td class=\"evf-l-align\">Predch\u00e1dzanie vzniku a zhodnocovanie BRKO v obci Dargov<\/td><td class=\"evf-r-align\">61\u00a0527,00<\/td><\/tr><tr><td>58<\/td><td class=\"evf-c-align\">E1457\/C2-28\/21 06.12.2021<\/td><td>Obec Dvory nad \u017ditavou<\/td><td class=\"evf-l-align\">Zhodnocovanie BRKO v obci Dvory nad \u017ditavou<\/td><td class=\"evf-r-align\">126\u00a0158,00<\/td><\/tr><tr><td>59<\/td><td class=\"evf-c-align\">E1308\/C2-16\/21 06.12.2021<\/td><td>Obec Tren\u010dianske Mitice<\/td><td class=\"evf-l-align\">Podpora predch\u00e1dzania vzniku a zhodnocovania BRKO v obci Tren\u010dianske Mitice<\/td><td class=\"evf-r-align\">60\u00a0990,00<\/td><\/tr><tr><td>60<\/td><td class=\"evf-c-align\">E1317\/C2-50\/21 06.12.2021<\/td><td>Obec Gemersk\u00e1 Ves<\/td><td class=\"evf-l-align\">Zhodnocovanie biologicky rozlo\u017eite\u013en\u00fdch odpadov v obci Gemersk\u00e1 Ves<\/td><td class=\"evf-r-align\">23\u00a0501,00<\/td><\/tr><\/tbody><\/table><p>\u010cinnos\u0165 C3: Zavedenie a zlep\u0161ovanie trieden\u00e9ho zberu v obciach a vybudovanie zbern\u00fdch dvorov a centier op\u00e4tovn\u00e9ho pou\u017e\u00edvania<\/p><table class=\"tblBorder\"><thead><tr class=\"subtable_title\"><th class=\"subtable_td1\" style=\"text-align: center;\"><strong>Poradov\u00e9 \u010d\u00edslo<\/strong><\/th><th class=\"subtable_td1\" style=\"text-align: center;\"><strong><span id=\"M3_rptReviews_ctl25_rptReviewsData_ctl00_projectId\">\u010c\u00edslo rozhodnutia zo d\u0148a<\/span><\/strong><\/th><th class=\"subtable_td1 evf-l-align\" style=\"text-align: center;\"><strong>N\u00e1zov \u017eiadate\u013ea<\/strong><\/th><th class=\"subtable_td1 evf-l-align\" style=\"text-align: center;\"><strong>N\u00e1zov projektu<\/strong><\/th><th class=\"subtable_td1 evf-r-align\" style=\"text-align: center;\"><strong>Schv\u00e1len\u00e1 dot\u00e1cia v EUR<\/strong><\/th><\/tr><\/thead><tbody><tr><td>1<\/td><td class=\"evf-c-align\">E1081\/C3-26\/21 25.06.2021<\/td><td>Obec B\u00e1torove Kosihy<\/td><td class=\"evf-l-align\">Rekon\u0161trukcia prev\u00e1dzkovej budovy zbern\u00e9ho dvora<\/td><td class=\"evf-r-align\">50\u00a0000,00<\/td><\/tr><tr><td>2<\/td><td class=\"evf-c-align\">E1092\/C3-14\/21 25.06.2021<\/td><td>Obec Doj\u010d<\/td><td class=\"evf-l-align\">Zlep\u0161enie trieden\u00e9ho zberu v\u202fobci Doj\u010d<\/td><td class=\"evf-r-align\">11\u00a0870,00<\/td><\/tr><tr><td>3<\/td><td class=\"evf-c-align\">E1103\/C3-40\/21 25.06.2021<\/td><td>Obec \u013duboch\u0148a<\/td><td class=\"evf-l-align\">Zbern\u00fd dvor<\/td><td class=\"evf-r-align\">45\u00a0000,00<\/td><\/tr><\/tbody><\/table>\t\t\t\t\t<\/div>\n\t\t\t\t\t\t<\/div>\n\t\t\t\t<\/div>\n\t\t\t\t<div class=\"elementor-element elementor-element-ced1091 divider_yes elementor-widget elementor-widget-wgl-double-headings\" data-id=\"ced1091\" data-element_type=\"widget\" data-widget_type=\"wgl-double-headings.default\">\n\t\t\t\t<div class=\"elementor-widget-container\">\n\t\t\t<div class=\"wgl-double_heading aleft\">                <h5 class=\"dbl-title_wrapper\"><span class=\"dbl-title dbl-title_1\">C. Oblas\u0165: ROZVOJ ODPADOV\u00c9HO HOSPOD\u00c1RSTVA A OBEHOV\u00c9HO HOSPOD\u00c1RSTVA Z POH\u013dADU ODPADOV (Oddiel II. \u0160pecifik\u00e1cie \u010dinnost\u00ed podpory na rok 2021)\n<\/span>                 <\/h5>        <\/div>\t\t<\/div>\n\t\t\t\t<\/div>\n\t\t\t\t<div class=\"elementor-element elementor-element-8998cc2 elementor-widget elementor-widget-text-editor\" data-id=\"8998cc2\" data-element_type=\"widget\" data-widget_type=\"text-editor.default\">\n\t\t\t\t<div class=\"elementor-widget-container\">\n\t\t\t\t\t\t\t\t<div class=\"elementor-text-editor elementor-clearfix\">\n\t\t\t\t<p>\u010cinnos\u0165 C4: Trieden\u00fd zber komun\u00e1lneho odpadu<\/p><table class=\"tblBorder\"><thead><tr class=\"subtable_title\"><th class=\"subtable_td1\" style=\"text-align: center;\"><strong>Poradov\u00e9 \u010d\u00edslo<\/strong><\/th><th class=\"subtable_td1\" style=\"text-align: center;\"><strong><span id=\"M3_rptReviews_ctl26_rptReviewsData_ctl00_projectId\">\u010c\u00edslo rozhodnutia zo d\u0148a<\/span><\/strong><\/th><th class=\"subtable_td1 evf-l-align\" style=\"text-align: center;\"><strong>N\u00e1zov \u017eiadate\u013ea<\/strong><\/th><th class=\"subtable_td1 evf-l-align\" style=\"text-align: center;\"><strong>N\u00e1zov projektu<\/strong><\/th><th class=\"subtable_td1 evf-r-align\" style=\"text-align: center;\"><strong>Schv\u00e1len\u00e1 dot\u00e1cia v EUR<\/strong><\/th><\/tr><\/thead><tbody><tr><td>1<\/td><td class=\"evf-c-align\">E1467\/C4-44\/21 25.06.2021<\/td><td>Mesto Bansk\u00e1 \u0160tiavnica<\/td><td class=\"evf-l-align\">N\u00e1kup h\u00e1kov\u00e9ho nosi\u010da a kontajnerov pre trieden\u00fd zber komun\u00e1lneho odpadu v Banskej \u0160tiavnici<\/td><td class=\"evf-r-align\">65\u00a0000,00<\/td><\/tr><tr><td>2<\/td><td class=\"evf-c-align\">E1468\/C4-15\/21 25.06.2021<\/td><td>Mesto Hol\u00ed\u010d<\/td><td class=\"evf-l-align\">Podpora trieden\u00e9ho zberu komun\u00e1lneho odpadu v meste Hol\u00ed\u010d prostredn\u00edctvom n\u00e1kupu malotraktora s vle\u010dkou a \u010deln\u00fdm naklada\u010dom<\/td><td class=\"evf-r-align\">50\u00a0000,00<\/td><\/tr><tr><td>3<\/td><td class=\"evf-c-align\">E1498\/C4-56\/21 25.06.2021<\/td><td>Obec Bretejovce<\/td><td class=\"evf-l-align\">Intenzifik\u00e1cia trieden\u00e9ho zberu komun\u00e1lnych odpadov v obci Bretejovce<\/td><td class=\"evf-r-align\">58\u00a0000,00<\/td><\/tr><tr><td>4<\/td><td class=\"evf-c-align\">E1503\/C4-79\/21 25.06.2021<\/td><td>Obec Dargov<\/td><td class=\"evf-l-align\">Intenzifik\u00e1cia trieden\u00e9ho zberu komun\u00e1lnych odpadov v obci Dargov<\/td><td class=\"evf-r-align\">73\u00a0000,00<\/td><\/tr><tr><td>5<\/td><td class=\"evf-c-align\">E1508\/C4-24\/21 25.06.2021<\/td><td>Obec Kva\u0161ov<\/td><td class=\"evf-l-align\">Trieden\u00fd zber komun\u00e1lneho odpadu v obci Kva\u0161ov<\/td><td class=\"evf-r-align\">75\u00a0000,00<\/td><\/tr><tr><td>6<\/td><td class=\"evf-c-align\">E1512\/C4-73\/21 25.06.2021<\/td><td>Obec Ve\u013ek\u00e1 Ida<\/td><td class=\"evf-l-align\">Intenzifik\u00e1cia trieden\u00e9ho zberu komun\u00e1lnych odpadov v obci Ve\u013ek\u00e1 Ida<\/td><td class=\"evf-r-align\">73\u00a0000,00<\/td><\/tr><tr><td>7<\/td><td class=\"evf-c-align\">E1529\/C4-61\/21 25.06.2021<\/td><td>Obec Zbudsk\u00e1 Bel\u00e1<\/td><td class=\"evf-l-align\">Trieden\u00fd zber komun\u00e1lneho odpadu v obci Zbudsk\u00e1 Bel\u00e1<\/td><td class=\"evf-r-align\">60\u00a0000,00<\/td><\/tr><tr><td>8<\/td><td class=\"evf-c-align\">E1538\/C4-25\/21 25.06.2021<\/td><td>Obec \u010cif\u00e1re<\/td><td class=\"evf-l-align\">N\u00e1kup techniky na zlep\u0161enie trieden\u00e9ho zberu komun\u00e1lneho odpadu<\/td><td class=\"evf-r-align\">75\u00a0000,00<\/td><\/tr><tr><td>9<\/td><td class=\"evf-c-align\">E1549\/C4-55\/21 25.06.2021<\/td><td>Obec Ihr\u00e1\u010d<\/td><td class=\"evf-l-align\">N\u00e1kup komun\u00e1lnej techniky ur\u010den\u00fd na zber komun\u00e1lneho odpadu v obci Ihr\u00e1\u010d<\/td><td class=\"evf-r-align\">45\u00a0000,00<\/td><\/tr><tr><td>10<\/td><td class=\"evf-c-align\">E1574\/C4-27\/21 25.06.2021<\/td><td>Obec N\u00fdrovce<\/td><td class=\"evf-l-align\">Podpora triedenia zberu v obci N\u00fdrovce<\/td><td class=\"evf-r-align\">75\u00a0000,00<\/td><\/tr><tr><td>11<\/td><td class=\"evf-c-align\">E1595\/C4-59\/21 25.06.2021<\/td><td>Obec Kr\u00ed\u017eov\u00e1 Ves<\/td><td class=\"evf-l-align\">Trieden\u00fd zber KO v obci Kr\u00ed\u017eov\u00e1 Ves<\/td><td class=\"evf-r-align\">73\u00a0000,00<\/td><\/tr><tr><td>12<\/td><td class=\"evf-c-align\">E1610\/C4-65\/21 25.06.2021<\/td><td>Obec Litmanov\u00e1<\/td><td class=\"evf-l-align\">Podpora trieden\u00e9ho zberu komun\u00e1lnych odpadov v obci Litmanov\u00e1<\/td><td class=\"evf-r-align\">75\u00a0000,00<\/td><\/tr><tr><td>13<\/td><td class=\"evf-c-align\">E1614\/C4-65\/21 25.06.2021<\/td><td>Obec Kamienka<\/td><td class=\"evf-l-align\">Trieden\u00fd zber komun\u00e1lneho odpadu<\/td><td class=\"evf-r-align\">50\u00a0000,00<\/td><\/tr><tr><td>14<\/td><td class=\"evf-c-align\">E1622\/C4-32\/21 25.06.2021<\/td><td>Obec Doln\u00fd Hri\u010dov<\/td><td class=\"evf-l-align\">N\u00e1kup na dobudovanie technickej infra\u0161trukt\u00fary v obci<\/td><td class=\"evf-r-align\">75\u00a0000,00<\/td><\/tr><\/tbody><\/table><p>\u010cinnos\u0165 C5: Predch\u00e1dzanie vzniku biologicky rozlo\u017eite\u013en\u00fdch komun\u00e1lnych odpadov a zhodnocovanie biologicky rozlo\u017eite\u013en\u00fdch komun\u00e1lnych odpadov<\/p><table class=\"tblBorder\"><thead><tr class=\"subtable_title\"><th class=\"subtable_td1\" style=\"text-align: center;\"><strong>Poradov\u00e9 \u010d\u00edslo<\/strong><\/th><th class=\"subtable_td1\" style=\"text-align: center;\"><strong><span id=\"M3_rptReviews_ctl27_rptReviewsData_ctl00_projectId\">\u010c\u00edslo rozhodnutia zo d\u0148a<\/span><\/strong><\/th><th class=\"subtable_td1 evf-l-align\" style=\"text-align: center;\"><strong>N\u00e1zov \u017eiadate\u013ea<\/strong><\/th><th class=\"subtable_td1 evf-l-align\" style=\"text-align: center;\"><strong>N\u00e1zov projektu<\/strong><\/th><th class=\"subtable_td1 evf-r-align\" style=\"text-align: center;\"><strong>Schv\u00e1len\u00e1 dot\u00e1cia v EUR<\/strong><\/th><\/tr><\/thead><tbody><tr><td>1<\/td><td class=\"evf-c-align\">E1655\/C5-51\/21 25.06.2021<\/td><td>Mesto Hn\u00fa\u0161\u0165a<\/td><td class=\"evf-l-align\">Predch\u00e1dzanie vzniku BRKO a zhodnotenie BRKO v meste Hn\u00fa\u0161\u0165a<\/td><td class=\"evf-r-align\">150\u00a0000,00<\/td><\/tr><tr><td>2<\/td><td class=\"evf-c-align\">E1666\/C5-44\/21 25.06.2021<\/td><td>Obec Sv\u00e4t\u00fd Anton<\/td><td class=\"evf-l-align\">Zhodnocovanie BRKO v obci Sv\u00e4t\u00fd Anton<\/td><td class=\"evf-r-align\">93\u00a0000,00<\/td><\/tr><tr><td>3<\/td><td class=\"evf-c-align\">E1677\/C5-31\/21 25.06.2021<\/td><td>Obec Tes\u00e1rske Mly\u0148any<\/td><td class=\"evf-l-align\">Predch\u00e1dzanie vzniku a zhodnocovanie BRKO v obci Tes\u00e1rske Mly\u0148any<\/td><td class=\"evf-r-align\">74\u00a0000,00<\/td><\/tr><tr><td>4<\/td><td class=\"evf-c-align\">E1704\/C5-77\/21 25.06.2021<\/td><td>Obec Podhoro\u010f<\/td><td class=\"evf-l-align\">Predch\u00e1dzanie vzniku a zhodnocovanie BRKO v obci Podhoro\u010f<\/td><td class=\"evf-r-align\">62\u00a0000,00<\/td><\/tr><tr><td>5<\/td><td class=\"evf-c-align\">E1705\/C5-75\/21 25.06.2021<\/td><td>Obec Pozdi\u0161ovce<\/td><td class=\"evf-l-align\">Mal\u00e1 kompost\u00e1re\u0148 Pozdi\u0161ovce<\/td><td class=\"evf-r-align\">140\u00a0000,00<\/td><\/tr><tr><td>6<\/td><td class=\"evf-c-align\">E1722\/C5-73\/21 25.06.2021<\/td><td>Obec Nov\u00e1\u010dany<\/td><td class=\"evf-l-align\">Mal\u00e1 kompost\u00e1re\u0148<\/td><td class=\"evf-r-align\">60\u00a0000,00<\/td><\/tr><tr><td>7<\/td><td class=\"evf-c-align\">E1765\/C5-47\/21 25.06.2021<\/td><td>Obec Horn\u00e9 Mladonice<\/td><td class=\"evf-l-align\">Zhodnocovanie biologicky rozlo\u017eite\u013en\u00fdch komun\u00e1lnych odpadov v Horn\u00fdch Mladoniciach<\/td><td class=\"evf-r-align\">17\u00a0000,00<\/td><\/tr><tr><td>8<\/td><td class=\"evf-c-align\">E1767\/C5-52\/21 25.06.2021<\/td><td>Obec Z\u00e1horce<\/td><td class=\"evf-l-align\">N\u00e1kup techniky pre zhodnocovanie biologicky rozlo\u017eite\u013en\u00fdch odpadov v obci Z\u00e1horce<\/td><td class=\"evf-r-align\">98\u00a0000,00<\/td><\/tr><tr><td>9<\/td><td class=\"evf-c-align\">E1778\/C5-16\/21 25.06.2021<\/td><td>Obec Skalka nad V\u00e1hom<\/td><td class=\"evf-l-align\">Zabezpe\u010denie zhodnocovania BRKO v obci Skalka nad V\u00e1hom<\/td><td class=\"evf-r-align\">70\u00a0000,00<\/td><\/tr><tr><td>10<\/td><td class=\"evf-c-align\">E1790\/C5-33\/21 25.06.2021<\/td><td>Obec Predmier<\/td><td class=\"evf-l-align\">Predch\u00e1dzanie vzniku BRO v obci Predmier<\/td><td class=\"evf-r-align\">46\u00a0000,00<\/td><\/tr><tr><td>11<\/td><td class=\"evf-c-align\">E1792\/C5-47\/21 25.06.2021<\/td><td>Obec U\u0148at\u00edn<\/td><td class=\"evf-l-align\">Podpora predch\u00e1dzaniu vzniku BRKO v obci U\u0148at\u00edn<\/td><td class=\"evf-r-align\">6\u00a0175,00<\/td><\/tr><tr><td>12<\/td><td class=\"evf-c-align\">E1827\/C5-47\/21 25.06.2021<\/td><td>Obec \u017dibritov<\/td><td class=\"evf-l-align\">Predch\u00e1dzanie vzniku biologicky rozlo\u017eite\u013en\u00fdch komun\u00e1lnych odpadov v obci \u017dibritov<\/td><td class=\"evf-r-align\">6\u00a0500,00<\/td><\/tr><tr><td>13<\/td><td class=\"evf-c-align\">E1830\/C5-11\/21 25.06.2021<\/td><td>Obec \u0160intava<\/td><td class=\"evf-l-align\">Kompostovanie v obci \u0160intava<\/td><td class=\"evf-r-align\">114\u00a0000,00<\/td><\/tr><tr><td>14<\/td><td class=\"evf-c-align\">E1831\/C5-73\/21 25.06.2021<\/td><td>Obec Nov\u00fd Sala\u0161<\/td><td class=\"evf-l-align\">Predch\u00e1dzanie vzniku a zhodnocovanie BRKO v obci Nov\u00fd Sala\u0161<\/td><td class=\"evf-r-align\">33\u00a0100,00<\/td><\/tr><tr><td>15<\/td><td class=\"evf-c-align\">E1832\/C5-08\/21 25.06.2021<\/td><td>Obec Vlky<\/td><td class=\"evf-l-align\">Predch\u00e1dzanie vzniku BRO v obci Vlky<\/td><td class=\"evf-r-align\">31\u00a0000,00<\/td><\/tr><tr><td>16<\/td><td class=\"evf-c-align\">E1844\/C5-18\/21 25.06.2021<\/td><td>Mesto Nov\u00e1 Dubnica<\/td><td class=\"evf-l-align\">Zavedenie komunitn\u00e9ho kompostovania pri bytov\u00fdch domoch v meste Nov\u00e1 Dubnica<\/td><td class=\"evf-r-align\">128\u00a0000,00<\/td><\/tr><tr><td>17<\/td><td class=\"evf-c-align\">E1819\/C5-25\/21 14.10.2021<\/td><td>Obec Babindol<\/td><td class=\"evf-l-align\">Predch\u00e1dzanie vzniku a zhodnocovanie BRKO v obci Babindol<\/td><td class=\"evf-r-align\">24\u00a0676,00<\/td><\/tr><tr><td>18<\/td><td class=\"evf-c-align\">E1683\/C5-77\/21 09.11.2021<\/td><td>Obec Be\u017eovce<\/td><td class=\"evf-l-align\">Predch\u00e1dzanie vzniku a zhodnocovanie BRKO v obci Be\u017eovce<\/td><td class=\"evf-r-align\">33\u00a0800,00<\/td><\/tr><tr><td>19<\/td><td class=\"evf-c-align\">E1812\/C5-30\/21 09.11.2021<\/td><td>Obec Krn\u010da<\/td><td class=\"evf-l-align\">N\u00e1kup techniky pre zhodnocovanie biologicky rozlo\u017eite\u013en\u00fdch odpadov v obci Krn\u010da<\/td><td class=\"evf-r-align\">101\u00a0640,00<\/td><\/tr><\/tbody><\/table><p>\u010cinnos\u0165 C6: Zavedenie a zlep\u0161ovanie trieden\u00e9ho zberu v obciach a vybudovanie zbern\u00fdch dvorov a centier op\u00e4tovn\u00e9ho pou\u017e\u00edvania<\/p><table class=\"tblBorder\"><thead><tr class=\"subtable_title\"><th class=\"subtable_td1\" style=\"text-align: center;\"><strong>Poradov\u00e9 \u010d\u00edslo<\/strong><\/th><th class=\"subtable_td1\" style=\"text-align: center;\"><strong><span id=\"M3_rptReviews_ctl28_rptReviewsData_ctl00_projectId\">\u010c\u00edslo rozhodnutia zo d\u0148a<\/span><\/strong><\/th><th class=\"subtable_td1 evf-l-align\" style=\"text-align: center;\"><strong>N\u00e1zov \u017eiadate\u013ea<\/strong><\/th><th class=\"subtable_td1 evf-l-align\" style=\"text-align: center;\"><strong>N\u00e1zov projektu<\/strong><\/th><th class=\"subtable_td1 evf-r-align\" style=\"text-align: center;\"><strong>Schv\u00e1len\u00e1 dot\u00e1cia v EUR<\/strong><\/th><\/tr><\/thead><tbody><tr><td>1<\/td><td class=\"evf-c-align\">E1117\/C6-05\/21 25.06.2021<\/td><td>Mestsk\u00e1 \u010das\u0165 Bratislava &#8211; Petr\u017ealka<\/td><td class=\"evf-l-align\">N\u00e1kup ve\u013ekoobjemov\u00fdch kontajnerov pre Mestsk\u00fa \u010das\u0165 Bratislava-Petr\u017ealka-Rozvoj odpadov\u00e9ho hospod\u00e1rstva a obehov\u00e9ho hospod\u00e1rstva z poh\u013eadu odpadov -C6<\/td><td class=\"evf-r-align\">20\u00a0000,00<\/td><\/tr><tr><td>2<\/td><td class=\"evf-c-align\">E1129\/C6-39\/21 25.06.2021<\/td><td>Obec Vavre\u010dka<\/td><td class=\"evf-l-align\">Zbern\u00fd dvor v obci Vavre\u010dka<\/td><td class=\"evf-r-align\">132\u00a0284,00<\/td><\/tr><tr><td>3<\/td><td class=\"evf-c-align\">E1144\/C6-26\/21 25.06.2021<\/td><td>Mesto Kom\u00e1rno<\/td><td class=\"evf-l-align\">Zbern\u00fd dvor Kom\u00e1rno<\/td><td class=\"evf-r-align\">140\u00a0000,00<\/td><\/tr><\/tbody><\/table>\t\t\t\t\t<\/div>\n\t\t\t\t\t\t<\/div>\n\t\t\t\t<\/div>\n\t\t\t\t<div class=\"elementor-element elementor-element-0c4b8d8 divider_yes elementor-widget elementor-widget-wgl-double-headings\" data-id=\"0c4b8d8\" data-element_type=\"widget\" data-widget_type=\"wgl-double-headings.default\">\n\t\t\t\t<div class=\"elementor-widget-container\">\n\t\t\t<div class=\"wgl-double_heading aleft\">                <h5 class=\"dbl-title_wrapper\"><span class=\"dbl-title dbl-title_1\">D. OBLAS\u0164: OCHRANA PR\u00cdRODY, BIODIVERZITY A KRAJINY\n<\/span>                 <\/h5>        <\/div>\t\t<\/div>\n\t\t\t\t<\/div>\n\t\t\t\t<div class=\"elementor-element elementor-element-5194883 elementor-widget elementor-widget-text-editor\" data-id=\"5194883\" data-element_type=\"widget\" data-widget_type=\"text-editor.default\">\n\t\t\t\t<div class=\"elementor-widget-container\">\n\t\t\t\t\t\t\t\t<div class=\"elementor-text-editor elementor-clearfix\">\n\t\t\t\t<p>\u010cinnos\u0165 D2: Ochrana prirodzen\u00e9ho druhov\u00e9ho zlo\u017eenia ekosyst\u00e9mov<\/p><table class=\"tblBorder\"><thead><tr class=\"subtable_title\"><th class=\"subtable_td1\" style=\"text-align: center;\"><strong>Poradov\u00e9 \u010d\u00edslo<\/strong><\/th><th class=\"subtable_td1\"><strong><span id=\"M3_rptReviews_ctl29_rptReviewsData_ctl00_projectId\">\u010c\u00edslo rozhodnutia zo d\u0148a<\/span><\/strong><\/th><th class=\"subtable_td1 evf-l-align\" style=\"text-align: center;\"><strong>N\u00e1zov \u017eiadate\u013ea<\/strong><\/th><th class=\"subtable_td1 evf-l-align\" style=\"text-align: center;\"><strong>N\u00e1zov projektu<\/strong><\/th><th class=\"subtable_td1 evf-r-align\" style=\"text-align: center;\"><strong>Schv\u00e1len\u00e1 dot\u00e1cia v EUR<\/strong><\/th><\/tr><\/thead><tbody><tr><td>1<\/td><td class=\"evf-c-align\">E2806\/D2-68\/21 14.10.2021<\/td><td>Obec Ni\u017en\u00fd Kru\u010dov<\/td><td class=\"evf-l-align\">Revitaliz\u00e1cia oddychovej z\u00f3ny v obci Ni\u017en\u00fd Kru\u010dov<\/td><td class=\"evf-r-align\">105\u00a0946,00<\/td><\/tr><\/tbody><\/table><p>\u010cinnos\u0165 D5: Realiz\u00e1cia opatren\u00ed na dosiahnutie alebo udr\u017eiavanie priazniv\u00e9ho stavu chr\u00e1nen\u00fdch druhov a biotopov v mest\u00e1ch a obciach a ich bl\u00edzkosti<\/p><table class=\"tblBorder\"><thead><tr class=\"subtable_title\"><th class=\"subtable_td1\" style=\"text-align: center;\"><strong>Poradov\u00e9 \u010d\u00edslo<\/strong><\/th><th class=\"subtable_td1\" style=\"text-align: center;\"><strong><span id=\"M3_rptReviews_ctl30_rptReviewsData_ctl00_projectId\">\u010c\u00edslo rozhodnutia zo d\u0148a<\/span><\/strong><\/th><th class=\"subtable_td1 evf-l-align\" style=\"text-align: center;\"><strong>N\u00e1zov \u017eiadate\u013ea<\/strong><\/th><th class=\"subtable_td1 evf-l-align\" style=\"text-align: center;\"><strong>N\u00e1zov projektu<\/strong><\/th><th class=\"subtable_td1 evf-r-align\" style=\"text-align: center;\"><strong>Schv\u00e1len\u00e1 dot\u00e1cia v EUR<\/strong><\/th><\/tr><\/thead><tbody><tr><td>1<\/td><td class=\"evf-c-align\">E2756\/D5-76\/21 14.10.2021<\/td><td>Obec Boh\u00fa\u0148ovo<\/td><td class=\"evf-l-align\">Boh\u00fa\u0148ovo revitaliz\u00e1cia m\u0155tveho ramena Slan\u00e1<\/td><td class=\"evf-r-align\">189\u00a0549,00<\/td><\/tr><tr><td>2<\/td><td class=\"evf-c-align\">E2745\/D5-43\/21 14.10.2021<\/td><td>Obec Poniky<\/td><td class=\"evf-l-align\">Obstaranie a in\u0161tal\u00e1cia kontajnerov\u00fdch stoj\u00edsk a n\u00e1kup zbern\u00fdch n\u00e1dob, ktor\u00fdch technick\u00e9 prevedenie zabra\u0148uje pr\u00edstupu medve\u010fa hned\u00e9ho k odpadu<\/td><td class=\"evf-r-align\">63\u00a0706,00<\/td><\/tr><tr><td>3<\/td><td class=\"evf-c-align\">E2742\/D5-38\/21 14.10.2021<\/td><td>Obec Bel\u00e1 &#8211; Dulice<\/td><td class=\"evf-l-align\">Obmena a doplnenie medved\u00edch kontajnerov v katastri Obce Bel\u00e1-Dulice<\/td><td class=\"evf-r-align\">8\u00a0907,00<\/td><\/tr><\/tbody><\/table><p>\u010cinnos\u0165 D7: Realiz\u00e1cia opatren\u00ed na ochranu a trvalo udr\u017eate\u013en\u00e9 vyu\u017e\u00edvanie biotopov jask\u00fd\u0148 a krasov\u00fdch javov<\/p><table class=\"tblBorder\"><thead><tr class=\"subtable_title\"><th class=\"subtable_td1\" style=\"text-align: center;\"><strong>Poradov\u00e9 \u010d\u00edslo<\/strong><\/th><th class=\"subtable_td1\" style=\"text-align: center;\"><strong><span id=\"M3_rptReviews_ctl31_rptReviewsData_ctl00_projectId\">\u010c\u00edslo rozhodnutia zo d\u0148a<\/span><\/strong><\/th><th class=\"subtable_td1 evf-l-align\" style=\"text-align: center;\"><strong>N\u00e1zov \u017eiadate\u013ea<\/strong><\/th><th class=\"subtable_td1 evf-l-align\" style=\"text-align: center;\"><strong>N\u00e1zov projektu<\/strong><\/th><th class=\"subtable_td1 evf-r-align\" style=\"text-align: center;\"><strong>Schv\u00e1len\u00e1 dot\u00e1cia v EUR<\/strong><\/th><\/tr><\/thead><tbody><tr><td>1<\/td><td class=\"evf-c-align\">E3961\/D7-43\/21 16.12.2021<\/td><td>\u0160t\u00e1tna ochrana pr\u00edrody Slovenskej republiky<\/td><td class=\"evf-l-align\">Realiz\u00e1cia opatren\u00ed na ochranu a trvalo udr\u017eate\u013en\u00e9 vyu\u017e\u00edvanie biotopov vybran\u00fdch jask\u00fd\u0148<\/td><td class=\"evf-r-align\">200\u00a0000,00<\/td><\/tr><\/tbody><\/table><p>\u010cinnos\u0165 D8: Realiz\u00e1cia opatren\u00ed, ktor\u00fdch cie\u013eom je posilni\u0165 \u010dinnos\u0165 Z\u00e1sahov\u00e9ho t\u00edmu pre medve\u010fa hned\u00e9ho<\/p><table class=\"tblBorder\"><thead><tr class=\"subtable_title\"><th class=\"subtable_td1\" style=\"text-align: center;\"><strong>Poradov\u00e9 \u010d\u00edslo<\/strong><\/th><th class=\"subtable_td1\" style=\"text-align: center;\"><strong><span id=\"M3_rptReviews_ctl32_rptReviewsData_ctl00_projectId\">\u010c\u00edslo rozhodnutia zo d\u0148a<\/span><\/strong><\/th><th class=\"subtable_td1 evf-l-align\" style=\"text-align: center;\"><strong>N\u00e1zov \u017eiadate\u013ea<\/strong><\/th><th class=\"subtable_td1 evf-l-align\" style=\"text-align: center;\"><strong>N\u00e1zov projektu<\/strong><\/th><th class=\"subtable_td1 evf-r-align\" style=\"text-align: center;\"><strong>Schv\u00e1len\u00e1 dot\u00e1cia v EUR<\/strong><\/th><\/tr><\/thead><tbody><tr><td>1<\/td><td class=\"evf-c-align\">E3960\/D8-43\/21 16.12.2021<\/td><td>\u0160t\u00e1tna ochrana pr\u00edrody Slovenskej republiky<\/td><td class=\"evf-l-align\">Posilnenie \u010dinnosti Z\u00e1sahov\u00e9ho t\u00edmu pre medve\u010fa hned\u00e9ho<\/td><td class=\"evf-r-align\">196\u00a0602,00<\/td><\/tr><\/tbody><\/table><p>\u010cinnos\u0165 D9: Realiz\u00e1cia opatren\u00ed na zefekt\u00edvnenie \u010dinnosti str\u00e1\u017ee pr\u00edrody a zlep\u0161enie komunik\u00e1cie s org\u00e1nmi starostlivosti o \u017eivotn\u00e9 prostredie<\/p><table class=\"tblBorder\"><thead><tr class=\"subtable_title\"><th class=\"subtable_td1\" style=\"text-align: center;\"><strong>Poradov\u00e9 \u010d\u00edslo<\/strong><\/th><th class=\"subtable_td1\" style=\"text-align: center;\"><strong><span id=\"M3_rptReviews_ctl33_rptReviewsData_ctl00_projectId\">\u010c\u00edslo rozhodnutia zo d\u0148a<\/span><\/strong><\/th><th class=\"subtable_td1 evf-l-align\" style=\"text-align: center;\"><strong>N\u00e1zov \u017eiadate\u013ea<\/strong><\/th><th class=\"subtable_td1 evf-l-align\" style=\"text-align: center;\"><strong>N\u00e1zov projektu<\/strong><\/th><th class=\"subtable_td1 evf-r-align\" style=\"text-align: center;\"><strong>Schv\u00e1len\u00e1 dot\u00e1cia v EUR<\/strong><\/th><\/tr><\/thead><tbody><tr><td>1<\/td><td class=\"evf-c-align\">E3958\/D9-43\/21 16.12.2021<\/td><td>\u0160t\u00e1tna ochrana pr\u00edrody Slovenskej republiky<\/td><td class=\"evf-l-align\">Zabezpe\u010denie vybavenia str\u00e1\u017ee pr\u00edrody<\/td><td class=\"evf-r-align\">199\u00a0880,00<\/td><\/tr><\/tbody><\/table><p>\u010cinnos\u0165 D10: Realiz\u00e1cia praktickej starostlivosti o chr\u00e1nen\u00e9 druhy rastl\u00edn a \u017eivo\u010d\u00edchov<\/p><table class=\"tblBorder\"><thead><tr class=\"subtable_title\"><th class=\"subtable_td1\" style=\"text-align: center;\"><strong>Poradov\u00e9 \u010d\u00edslo<\/strong><\/th><th class=\"subtable_td1\" style=\"text-align: center;\"><strong><span id=\"M3_rptReviews_ctl34_rptReviewsData_ctl00_projectId\">\u010c\u00edslo rozhodnutia zo d\u0148a<\/span><\/strong><\/th><th class=\"subtable_td1 evf-l-align\" style=\"text-align: center;\"><strong>N\u00e1zov \u017eiadate\u013ea<\/strong><\/th><th class=\"subtable_td1 evf-l-align\" style=\"text-align: center;\"><strong>N\u00e1zov projektu<\/strong><\/th><th class=\"subtable_td1 evf-r-align\" style=\"text-align: center;\"><strong>Schv\u00e1len\u00e1 dot\u00e1cia v EUR<\/strong><\/th><\/tr><\/thead><tbody><tr><td>1<\/td><td class=\"evf-c-align\">E3959\/D10-43\/21 16.12.2021<\/td><td>\u0160t\u00e1tna ochrana pr\u00edrody Slovenskej republiky<\/td><td class=\"evf-l-align\">Realiz\u00e1cia praktickej starostlivosti o chr\u00e1nen\u00e9 druhy rastl\u00edn a \u017eivo\u010d\u00edchov<\/td><td class=\"evf-r-align\">200\u00a0000,00<\/td><\/tr><\/tbody><\/table>\t\t\t\t\t<\/div>\n\t\t\t\t\t\t<\/div>\n\t\t\t\t<\/div>\n\t\t\t\t<div class=\"elementor-element elementor-element-11ee197 divider_yes elementor-widget elementor-widget-wgl-double-headings\" data-id=\"11ee197\" data-element_type=\"widget\" data-widget_type=\"wgl-double-headings.default\">\n\t\t\t\t<div class=\"elementor-widget-container\">\n\t\t\t<div class=\"wgl-double_heading aleft\">                <h5 class=\"dbl-title_wrapper\"><span class=\"dbl-title dbl-title_1\">E: ENVIRONMENT\u00c1LNA V\u00ddCHOVA, VZDEL\u00c1VANIE A OSVETA\n<\/span>                 <\/h5>        <\/div>\t\t<\/div>\n\t\t\t\t<\/div>\n\t\t\t\t<div class=\"elementor-element elementor-element-944d893 elementor-widget elementor-widget-text-editor\" data-id=\"944d893\" data-element_type=\"widget\" data-widget_type=\"text-editor.default\">\n\t\t\t\t<div class=\"elementor-widget-container\">\n\t\t\t\t\t\t\t\t<div class=\"elementor-text-editor elementor-clearfix\">\n\t\t\t\t<p>\u010cinnos\u0165 E1: Environment\u00e1lna v\u00fdchova, vzdel\u00e1vanie a osveta<\/p><table class=\"tblBorder\"><thead><tr class=\"subtable_title\"><th class=\"subtable_td1\" style=\"text-align: center;\"><strong>Poradov\u00e9 \u010d\u00edslo<\/strong><\/th><th class=\"subtable_td1\" style=\"text-align: center;\"><strong><span id=\"M3_rptReviews_ctl35_rptReviewsData_ctl00_projectId\">\u010c\u00edslo rozhodnutia zo d\u0148a<\/span><\/strong><\/th><th class=\"subtable_td1 evf-l-align\" style=\"text-align: center;\"><strong>N\u00e1zov \u017eiadate\u013ea<\/strong><\/th><th class=\"subtable_td1 evf-l-align\" style=\"text-align: center;\"><strong>N\u00e1zov projektu<\/strong><\/th><th class=\"subtable_td1 evf-r-align\" style=\"text-align: center;\"><strong>Schv\u00e1len\u00e1 dot\u00e1cia v EUR<\/strong><\/th><\/tr><\/thead><tbody><tr><td>1<\/td><td class=\"evf-c-align\">E2762\/E1-43\/21 14.10.2021<\/td><td>\u0160t\u00e1tna ochrana pr\u00edrody Slovenskej republiky<\/td><td class=\"evf-l-align\">Oprava n\u00e1u\u010dn\u00fdch chodn\u00edkov a propag\u00e1cia \u00fazemia NP Mur\u00e1nska planina<\/td><td class=\"evf-r-align\">48\u00a0811,00<\/td><\/tr><tr><td>2<\/td><td class=\"evf-c-align\">E2767\/E1-43\/21 14.10.2021<\/td><td>Slovensk\u00e9 bansk\u00e9 m\u00fazeum<\/td><td class=\"evf-l-align\">Inov\u00e1cia expoz\u00edcie Ban\u00edctvo na Slovensku a Envirou\u010debne, III.etapa<\/td><td class=\"evf-r-align\">155\u00a0565,00<\/td><\/tr><\/tbody><\/table>\t\t\t\t\t<\/div>\n\t\t\t\t\t\t<\/div>\n\t\t\t\t<\/div>\n\t\t\t\t<div class=\"elementor-element elementor-element-31f4efa divider_yes elementor-widget elementor-widget-wgl-double-headings\" data-id=\"31f4efa\" data-element_type=\"widget\" data-widget_type=\"wgl-double-headings.default\">\n\t\t\t\t<div class=\"elementor-widget-container\">\n\t\t\t<div class=\"wgl-double_heading aleft\">                <h5 class=\"dbl-title_wrapper\"><span class=\"dbl-title dbl-title_1\">L. OBLAS\u0164: ZVY\u0160OVANIE ENERGETICKEJ \u00da\u010cINNOSTI EXISTUJ\u00daCICH VEREJN\u00ddCH BUDOV VR\u00c1TANE ZATEP\u013dOVANIA\n<\/span>                 <\/h5>        <\/div>\t\t<\/div>\n\t\t\t\t<\/div>\n\t\t\t\t<div class=\"elementor-element elementor-element-147a2e5 elementor-widget elementor-widget-text-editor\" data-id=\"147a2e5\" data-element_type=\"widget\" data-widget_type=\"text-editor.default\">\n\t\t\t\t<div class=\"elementor-widget-container\">\n\t\t\t\t\t\t\t\t<div class=\"elementor-text-editor elementor-clearfix\">\n\t\t\t\t<p>\u010cinnos\u0165 L7: Zvy\u0161ovanie energetickej \u00fa\u010dinnosti existuj\u00facich verejn\u00fdch budov vr\u00e1tane zatep\u013eovania (mimo najmenej rozvinut\u00fdch okresov)<\/p><table class=\"tblBorder\"><thead><tr class=\"subtable_title\"><th class=\"subtable_td1\" style=\"text-align: center;\"><strong>Poradov\u00e9 \u010d\u00edslo<\/strong><\/th><th class=\"subtable_td1\" style=\"text-align: center;\"><strong><span id=\"M3_rptReviews_ctl36_rptReviewsData_ctl00_projectId\">\u010c\u00edslo rozhodnutia zo d\u0148a<\/span><\/strong><\/th><th class=\"subtable_td1 evf-l-align\" style=\"text-align: center;\"><strong>N\u00e1zov \u017eiadate\u013ea<\/strong><\/th><th class=\"subtable_td1 evf-l-align\" style=\"text-align: center;\"><strong>N\u00e1zov projektu<\/strong><\/th><th class=\"subtable_td1 evf-r-align\" style=\"text-align: center;\"><strong>Schv\u00e1len\u00e1 dot\u00e1cia v EUR<\/strong><\/th><\/tr><\/thead><tbody><tr><td>1<\/td><td class=\"evf-c-align\">E1926\/L7-30\/21 29.11.2021<\/td><td>Obec Oponice<\/td><td class=\"evf-l-align\">Zv\u00fd\u0161enie energetickej efekt\u00edvnosti budovy Z\u00e1kladnej \u0161koly Oponice<\/td><td class=\"evf-r-align\">161\u00a0506,00<\/td><\/tr><tr><td>2<\/td><td class=\"evf-c-align\">E1939\/L7-16\/21 29.11.2021<\/td><td>Tren\u010diansky samospr\u00e1vny kraj<\/td><td class=\"evf-l-align\">Zn\u00ed\u017eenie energetickej n\u00e1ro\u010dnosti \u0161koly Obchodn\u00e1 akad\u00e9mia Pova\u017esk\u00e1 Bystrica<\/td><td class=\"evf-r-align\">400\u00a0000,00<\/td><\/tr><tr><td>3<\/td><td class=\"evf-c-align\">E1948\/L7-44\/21 09.08.2021<\/td><td>Technick\u00e9 slu\u017eby, mestsk\u00fd podnik Bansk\u00e1 \u0160tiavnica<\/td><td class=\"evf-l-align\">Rekon\u0161trukcia a moderniz\u00e1cia AB za \u00fa\u010delom zn\u00ed\u017eenia energetickej n\u00e1ro\u010dnosti&#8221; Bansk\u00e1 \u0160tiavnica, E. M. \u0160olt\u00e9sovej 1<\/td><td class=\"evf-r-align\">308\u00a0070,00<\/td><\/tr><tr><td>4<\/td><td class=\"evf-c-align\">E1959\/L7-22\/21 09.08.2021<\/td><td>Obec Vrchtepl\u00e1<\/td><td class=\"evf-l-align\">ZATEPLENIE DOMU KULT\u00daRY<\/td><td class=\"evf-r-align\">69\u00a0411,00<\/td><\/tr><tr><td>5<\/td><td class=\"evf-c-align\">E1970\/L7-45\/21 09.08.2021<\/td><td>Obec Z\u00e1vadka nad Hronom<\/td><td class=\"evf-l-align\">Rekon\u0161trukcia a roz\u0161\u00edrenie kapacity materskej \u0161koly v obci Z\u00e1vadka nad Hronom<\/td><td class=\"evf-r-align\">157\u00a0955,00<\/td><\/tr><tr><td>6<\/td><td class=\"evf-c-align\">E1971\/L7-65\/21 29.11.2021<\/td><td>Obec Lesnica<\/td><td class=\"evf-l-align\">Stavebn\u00e9 \u00fapravy polyfunk\u010dnej budovy v obci Lesnica<\/td><td class=\"evf-r-align\">142\u00a0100,00<\/td><\/tr><tr><td>7<\/td><td class=\"evf-c-align\">E1973\/L7-16\/21 29.11.2021<\/td><td>Spr\u00e1va ciest Tren\u010dianskeho samospr\u00e1vneho kraja<\/td><td class=\"evf-l-align\">Zn\u00ed\u017eenie energetickej n\u00e1ro\u010dnosti administrat\u00edvnej budovy Spr\u00e1vy ciest TSK<\/td><td class=\"evf-r-align\">346\u00a0605,00<\/td><\/tr><tr><td>8<\/td><td class=\"evf-c-align\">E1975\/L7-35\/21 09.08.2021<\/td><td>Obec Pokryv\u00e1\u010d<\/td><td class=\"evf-l-align\">Zateplenie Obecn\u00e9ho \u00daradu v obci Pokryv\u00e1\u010d<\/td><td class=\"evf-r-align\">103\u00a0524,00<\/td><\/tr><tr><td>9<\/td><td class=\"evf-c-align\">E1976\/L7-16\/21 29.11.2021<\/td><td>Obec Bobot<\/td><td class=\"evf-l-align\">Zateplenie stavebn\u00fdch objektov obce Bobot<\/td><td class=\"evf-r-align\">114\u00a0456,00<\/td><\/tr><tr><td>10<\/td><td class=\"evf-c-align\">E1993\/L7-23\/21 29.11.2021<\/td><td>Obec Opatovce nad Nitrou<\/td><td class=\"evf-l-align\">Zn\u00ed\u017eenie energetickej n\u00e1ro\u010dnosti obecn\u00e9ho \u00faradu v obci Opatovce nad Nitrou<\/td><td class=\"evf-r-align\">205\u00a0184,00<\/td><\/tr><tr><td>11<\/td><td class=\"evf-c-align\">E1998\/L7-20\/21 29.11.2021<\/td><td>Obec Va\u010fovce<\/td><td class=\"evf-l-align\">Zv\u00fd\u0161enie energetickej \u00fa\u010dinosti budov\u00fd Z\u0160 v Obci Va\u010fovce<\/td><td class=\"evf-r-align\">202\u00a0083,00<\/td><\/tr><tr><td>12<\/td><td class=\"evf-c-align\">E2002\/L7-25\/21 29.11.2021<\/td><td>Mesto Vr\u00e1ble<\/td><td class=\"evf-l-align\">Matersk\u00e1 \u0161kola s\u00eddlisko L\u00faky s.\u010d. 1121, Vr\u00e1ble, parc. \u010d. 374\/1, 374\/2, 374\/3, 375\/1, 375\/2, 375\/3<\/td><td class=\"evf-r-align\">366\u00a0546,00<\/td><\/tr><tr><td>13<\/td><td class=\"evf-c-align\">E2030\/L7-58\/21 09.08.2021<\/td><td>Obec Lieskovec<\/td><td class=\"evf-l-align\">Zvy\u0161ovanie energetickej \u00fa\u010dinnosti Materskej \u0161koly, Lieskovec<\/td><td class=\"evf-r-align\">157\u00a0648,00<\/td><\/tr><tr><td>14<\/td><td class=\"evf-c-align\">E2069\/L7-28\/21 09.08.2021<\/td><td>Obec Pozba<\/td><td class=\"evf-l-align\">Zn\u00ed\u017eenie energetickej n\u00e1ro\u010dnosti budovy materskej \u0161koly<\/td><td class=\"evf-r-align\">136\u00a0800,00<\/td><\/tr><tr><td>15<\/td><td class=\"evf-c-align\">E2082\/L7-31\/21 29.11.2021<\/td><td>Obec Machulince<\/td><td class=\"evf-l-align\">Zateplenie obvodov\u00fdch kon\u0161trukci\u00ed a rekon\u0161trukcia vykurovania budovy Z\u0160 Sv. Dominika S\u00e1via Machulince<\/td><td class=\"evf-r-align\">72\u00a0599,00<\/td><\/tr><tr><td>16<\/td><td class=\"evf-c-align\">E2084\/L7-21\/21 09.08.2021<\/td><td>Obec Pa\u017ei\u0165<\/td><td class=\"evf-l-align\">Rekon\u0161trukcia a pr\u00edstavba obecnej budovy so zateplen\u00edm<\/td><td class=\"evf-r-align\">221\u00a0782,00<\/td><\/tr><tr><td>17<\/td><td class=\"evf-c-align\">E2114\/L7-24\/21 09.08.2021<\/td><td>Obec Vydrn\u00e1<\/td><td class=\"evf-l-align\">VYDRN\u00c1 stavebn\u00e9 \u00fapravy kult\u00farneho domu s. \u010d. 51<\/td><td class=\"evf-r-align\">125\u00a0069,00<\/td><\/tr><tr><td>18<\/td><td class=\"evf-c-align\">E2150\/L7-33\/21 09.08.2021<\/td><td>Obec Mar\u0161ov\u00e1 &#8211; Ra\u0161ov<\/td><td class=\"evf-l-align\">Matersk\u00e1 \u0161kola &#8211; Mar\u0161ov\u00e1-Ra\u0161ov Zlep\u0161enie energetickej hospod\u00e1rnosti budov<\/td><td class=\"evf-r-align\">79\u00a0629,00<\/td><\/tr><tr><td>19<\/td><td class=\"evf-c-align\">E2171\/L7-10\/21 14.10.2021<\/td><td>Obec \u0147\u00e1rad<\/td><td class=\"evf-l-align\">Rekon\u0161trukcia domu sm\u00fatku v obci \u0147\u00e1rad<\/td><td class=\"evf-r-align\">170\u00a0000,00<\/td><\/tr><tr><td>20<\/td><td class=\"evf-c-align\">E2203\/L7-33\/21 09.08.2021<\/td><td>Obec Hlbok\u00e9 nad V\u00e1hom<\/td><td class=\"evf-l-align\">Zv\u00fd\u0161enie energetickej \u00fa\u010dinnosti existuj\u00faceho objektu Kult\u00farneho domu s obecn\u00fdm \u00faradom v obci Hlbok\u00e9 nad V\u00e1hom<\/td><td class=\"evf-r-align\">219\u00a0242,00<\/td><\/tr><tr><td>21<\/td><td class=\"evf-c-align\">E2204\/L7-27\/21 29.11.2021<\/td><td>Obec Doln\u00fd Pial<\/td><td class=\"evf-l-align\">REKON\u0160TRUKCIA KULT\u00daRNEHO DOMU DOLN\u00dd PIAL PRESTAVBOU<\/td><td class=\"evf-r-align\">98\u00a0440,00<\/td><\/tr><tr><td>22<\/td><td class=\"evf-c-align\">E2207\/L7-12\/21 09.08.2021<\/td><td>Obec Koplotovce<\/td><td class=\"evf-l-align\">Zv\u00fd\u0161enie energetickej \u00fa\u010dinnosti Kut\u00farneho domu<\/td><td class=\"evf-r-align\">137\u00a0646,00<\/td><\/tr><tr><td>23<\/td><td class=\"evf-c-align\">E2213\/L7-14\/21 29.11.2021<\/td><td>Mesto Senica<\/td><td class=\"evf-l-align\">Zateplenie Z\u0160 V. Paul\u00ednyho T\u00f3tha 32, Senica<\/td><td class=\"evf-r-align\">400\u00a0000,00<\/td><\/tr><tr><td>24<\/td><td class=\"evf-c-align\">E2222\/L7-47\/21 29.11.2021<\/td><td>Obec Hontianske Moravce<\/td><td class=\"evf-l-align\">Rekon\u0161trukcia objektu \u0161kolskej telocvi\u010dne Hontianske Moravce<\/td><td class=\"evf-r-align\">169\u00a0788,00<\/td><\/tr><tr><td>25<\/td><td class=\"evf-c-align\">E2232\/L7-28\/21 29.11.2021<\/td><td>Obec N\u00e1na<\/td><td class=\"evf-l-align\">Zv\u00fd\u0161enie energetickej \u00fa\u010dinnosti budovy materskej \u0161koly a z\u00e1kladnej \u0161koly v N\u00e1ne<\/td><td class=\"evf-r-align\">347\u00a0307,00<\/td><\/tr><tr><td>26<\/td><td class=\"evf-c-align\">E2247\/L7-35\/21 29.11.2021<\/td><td>Obec Pribi\u0161<\/td><td class=\"evf-l-align\">Obnova administrat\u00edvnej budovy s. \u010d. 141 obce Pribi\u0161<\/td><td class=\"evf-r-align\">73\u00a0443,00<\/td><\/tr><tr><td>27<\/td><td class=\"evf-c-align\">E2266\/L7-26\/21 29.11.2021<\/td><td>OBEC KAMENI\u010cN\u00c1<\/td><td class=\"evf-l-align\">Zvy\u0161ovanie energetickej \u00fa\u010dinnosti kult\u00farneho domu v obci Kameni\u010dn\u00e1<\/td><td class=\"evf-r-align\">338\u00a0830,00<\/td><\/tr><tr><td>28<\/td><td class=\"evf-c-align\">E2269\/L7-26\/21 09.08.2021<\/td><td>Mesto Kom\u00e1rno<\/td><td class=\"evf-l-align\">Zn\u00ed\u017eenie energetickej n\u00e1ro\u010dnosti budovy Z\u0160 M\u00f3ra J\u00f3kaiho v Kom\u00e1rne s VJM<\/td><td class=\"evf-r-align\">301\u00a0558,00<\/td><\/tr><tr><td>29<\/td><td class=\"evf-c-align\">E2283\/L7-16\/21 29.11.2021<\/td><td>Obec Kostoln\u00e1 &#8211; Z\u00e1rie\u010die<\/td><td class=\"evf-l-align\">Zv\u00fd\u0161enie energetickej efekt\u00edvnosti objektu obecn\u00e9ho \u00faradu Kostoln\u00e1 &#8211; Z\u00e1rie\u010die<\/td><td class=\"evf-r-align\">55\u00a0603,00<\/td><\/tr><tr><td>30<\/td><td class=\"evf-c-align\">E2289\/L7-38\/21 09.08.2021<\/td><td>Obec Tur\u010diansky \u010eur<\/td><td class=\"evf-l-align\">Stavebn\u00e9 \u00fapravy objektu slu\u017eieb v obci Tur\u010diansky \u010eur<\/td><td class=\"evf-r-align\">87\u00a0688,00<\/td><\/tr><tr><td>31<\/td><td class=\"evf-c-align\">E2331\/L7-24\/21 29.11.2021<\/td><td>Obec Nimnica<\/td><td class=\"evf-l-align\">Moderniz\u00e1cia kult\u00farneho domu, zv\u00fd\u0161enie energetickej \u00fa\u010dinnosti budovy, vyu\u017eitie obnovite\u013en\u00fdch zdrojov energie<\/td><td class=\"evf-r-align\">193\u00a0620,00<\/td><\/tr><tr><td>32<\/td><td class=\"evf-c-align\">E2336\/L7-31\/21 29.11.2021<\/td><td>Obec Hos\u0165ovce<\/td><td class=\"evf-l-align\">Matersk\u00e1 \u0161kola v obci Hos\u0165ovce &#8211; moderniz\u00e1cia &#8211; zateplenie budovy<\/td><td class=\"evf-r-align\">135\u00a0509,00<\/td><\/tr><tr><td>33<\/td><td class=\"evf-c-align\">E2339\/L7-17\/21 29.11.2021<\/td><td>Obec Podlu\u017eany<\/td><td class=\"evf-l-align\">Matersk\u00e1 \u0161kola v Podlu\u017eanoch<\/td><td class=\"evf-r-align\">261\u00a0965,00<\/td><\/tr><tr><td>34<\/td><td class=\"evf-c-align\">E2350\/L7-38\/21 09.08.2021<\/td><td>Obec Slovany<\/td><td class=\"evf-l-align\">Moderniz\u00e1cia a stavebn\u00e9 \u00fapravy Obecn\u00e9ho \u00faradu &#8211; II. etapa<\/td><td class=\"evf-r-align\">175\u00a0908,00<\/td><\/tr><tr><td>35<\/td><td class=\"evf-c-align\">E2371\/L7-56\/21 29.11.2021<\/td><td>Obec \u013dubovec<\/td><td class=\"evf-l-align\">Zn\u00ed\u017eenie energetickej n\u00e1ro\u010dnosti Obecn\u00e9ho \u00faradu \u013dubovec<\/td><td class=\"evf-r-align\">202\u00a0650,00<\/td><\/tr><tr><td>36<\/td><td class=\"evf-c-align\">E2377\/L7-58\/21 09.08.2021<\/td><td>Obec Hrabovec nad Laborcom<\/td><td class=\"evf-l-align\">KLUB ML\u00c1DE\u017dE &#8211; v\u00fdmena strechy, zateplenie obvodov\u00fdch stien<\/td><td class=\"evf-r-align\">109\u00a0215,00<\/td><\/tr><tr><td>37<\/td><td class=\"evf-c-align\">E2389\/L7-45\/21 29.11.2021<\/td><td>Obec Dr\u00e1bsko<\/td><td class=\"evf-l-align\">Zateplenie obecn\u00e9ho \u00faradu s kult\u00farnym domom<\/td><td class=\"evf-r-align\">58\u00a0980,00<\/td><\/tr><tr><td>38<\/td><td class=\"evf-c-align\">E2406\/L7-62\/21 29.11.2021<\/td><td>Obec Spi\u0161sk\u00e9 Bystr\u00e9<\/td><td class=\"evf-l-align\">Zateplenie budovy Z\u00e1kladnej \u0161koly Spi\u0161sk\u00e9 Bystr\u00e9<\/td><td class=\"evf-r-align\">317\u00a0816,00<\/td><\/tr><tr><td>39<\/td><td class=\"evf-c-align\">E2409\/L7-34\/21 29.11.2021<\/td><td>Mesto Turzovka<\/td><td class=\"evf-l-align\">Zv\u00fd\u0161enie energetickej \u00fa\u010dinnosti objektu KaSS v Turzovke<\/td><td class=\"evf-r-align\">349\u00a0893,00<\/td><\/tr><tr><td>40<\/td><td class=\"evf-c-align\">E2460\/L7-13\/21 09.08.2021<\/td><td>Obec Pra\u0161n\u00edk<\/td><td class=\"evf-l-align\">ENERGETICK\u00c1 \u00daSPORA BUDOVY OBECN\u00c9HO \u00daRADU S KULT\u00daRNYM DOMOM OBCE PRA\u0160N\u00cdK<\/td><td class=\"evf-r-align\">145\u00a0011,00<\/td><\/tr><tr><td>41<\/td><td class=\"evf-c-align\">E2477\/L7-23\/21 09.08.2021<\/td><td>Obec \u010cavoj<\/td><td class=\"evf-l-align\">Zn\u00ed\u017eenie energetickej n\u00e1ro\u010dnosti kult\u00farneho domu<\/td><td class=\"evf-r-align\">166\u00a0018,89<\/td><\/tr><tr><td>42<\/td><td class=\"evf-c-align\">E2480\/L7-58\/21 29.11.2021<\/td><td>Centrum vo\u013en\u00e9ho \u010dasu, N\u00e1mestie slobody 1736\/48, Humenn\u00e9<\/td><td class=\"evf-l-align\">Rie\u0161enie energetickej \u00faspornosti Centra vo\u013en\u00e9ho \u010dasu D\u00daHA v Humennom<\/td><td class=\"evf-r-align\">394\u00a0925,00<\/td><\/tr><tr><td>43<\/td><td class=\"evf-c-align\">E2482\/L7-78\/21 29.11.2021<\/td><td>Obec Dani\u0161ovce<\/td><td class=\"evf-l-align\">Zv\u00fd\u0161enie energetickej \u00fa\u010dinnosti materskej \u0161koly v obci Dani\u0161ovce<\/td><td class=\"evf-r-align\">104\u00a0425,00<\/td><\/tr><tr><td>44<\/td><td class=\"evf-c-align\">E2487\/L7-55\/21 29.11.2021<\/td><td>Obec Star\u00e1 Kremni\u010dka<\/td><td class=\"evf-l-align\">Zn\u00ed\u017eenie energetickej n\u00e1ro\u010dnosti budovy Z\u0160 SO-03 Telocvi\u010d\u0148a Star\u00e1 Kremni\u010dka<\/td><td class=\"evf-r-align\">372\u00a0500,00<\/td><\/tr><tr><td>45<\/td><td class=\"evf-c-align\">E2509\/L7-35\/21 29.11.2021<\/td><td>Obec Pucov<\/td><td class=\"evf-l-align\">Zateplenie obecn\u00e9ho \u00faradu v obci Pucov<\/td><td class=\"evf-r-align\">118\u00a0488,00<\/td><\/tr><tr><td>46<\/td><td class=\"evf-c-align\">E2518\/L7-40\/21 29.11.2021<\/td><td>Obec Liptovsk\u00e9 Slia\u010de<\/td><td class=\"evf-l-align\">Zv\u00fd\u0161enie energetickej \u00fa\u010dinnosti kult\u00farneho domu a obecn\u00e9ho \u00faradu Liptovsk\u00e9 Slia\u010de<\/td><td class=\"evf-r-align\">185\u00a0554,00<\/td><\/tr><tr><td>47<\/td><td class=\"evf-c-align\">E2558\/L7-19\/21 29.11.2021<\/td><td>Obec Bukovec<\/td><td class=\"evf-l-align\">Zv\u00fd\u0161enie energetickej \u00fa\u010dinnosti objektu Obecn\u00fd \u00farad Bukovec<\/td><td class=\"evf-r-align\">203\u00a0815,00<\/td><\/tr><tr><td>48<\/td><td class=\"evf-c-align\">E2616\/L7-10\/21 29.11.2021<\/td><td>Obec Ve\u013ek\u00e9 Blahovo<\/td><td class=\"evf-l-align\">Zn\u00ed\u017eenie energetickej n\u00e1ro\u010dnosti budovy Z\u00e1kladnej \u0161koly<\/td><td class=\"evf-r-align\">119\u00a0604,00<\/td><\/tr><tr><td>49<\/td><td class=\"evf-c-align\">E2636\/L7-37\/21 09.08.2021<\/td><td>Obec Vavri\u0161ovo<\/td><td class=\"evf-l-align\">Stavebn\u00e9 \u00fapravy kult\u00farneho domu s. \u010d. 237 so zmenou \u00fa\u010delu pr\u00edstavby KD na matersk\u00fa \u0161kolu &#8211; pr\u00edstavba<\/td><td class=\"evf-r-align\">150\u00a0102,00<\/td><\/tr><tr><td>50<\/td><td class=\"evf-c-align\">E2639\/L7-30\/21 29.11.2021<\/td><td>Obec Ludanice<\/td><td class=\"evf-l-align\">Zn\u00ed\u017eenie energetickej n\u00e1ro\u010dnosti budovy \u00faradovne<\/td><td class=\"evf-r-align\">56\u00a0949,00<\/td><\/tr><tr><td>51<\/td><td class=\"evf-c-align\">E2670\/L7-44\/21 09.08.2021<\/td><td>Obec Podhorie<\/td><td class=\"evf-l-align\">Zateplenie Materskej \u0161koly v obci Podhorie \u010d. 85<\/td><td class=\"evf-r-align\">108\u00a0959,00<\/td><\/tr><tr><td>52<\/td><td class=\"evf-c-align\">E2692\/L7-28\/21 29.11.2021<\/td><td>Obec Branovo<\/td><td class=\"evf-l-align\">Rekon\u0161trukcia Oc\u00da a Kult\u00farneho domu<\/td><td class=\"evf-r-align\">71\u00a0497,00<\/td><\/tr><tr><td>53<\/td><td class=\"evf-c-align\">E2697\/L7-10\/21 29.11.2021<\/td><td>Obec Kr\u00e1\u013eovi\u010dove Kra\u010dany<\/td><td class=\"evf-l-align\">Zn\u00ed\u017eenie energetickej n\u00e1ro\u010dnosti obecn\u00e9ho \u00faradu Kr\u00e1\u013eovi\u010dove Kra\u010dany<\/td><td class=\"evf-r-align\">171\u00a0110,00<\/td><\/tr><tr><td>54<\/td><td class=\"evf-c-align\">E2698\/L7-38\/21 29.11.2021<\/td><td>Obec Vr\u00edcko<\/td><td class=\"evf-l-align\">Rekon\u0161trukcia kult\u00farneho domu<\/td><td class=\"evf-r-align\">97\u00a0140,00<\/td><\/tr><tr><td>55<\/td><td class=\"evf-c-align\">E2728\/L7-09\/21 09.08.2021<\/td><td>Obec Lo\u0161onec<\/td><td class=\"evf-l-align\">Obnova kult\u00farneho domu<\/td><td class=\"evf-r-align\">194\u00a0038,00<\/td><\/tr><\/tbody><\/table><p>\u010cinnos\u0165 L7AP: Zvy\u0161ovanie energetickej \u00fa\u010dinnosti existuj\u00facich verejn\u00fdch budov vr\u00e1tane zatep\u013eovania (pre najmenej rozvinut\u00e9 okresy)<\/p><table class=\"tblBorder\"><thead><tr class=\"subtable_title\"><th class=\"subtable_td1\" style=\"text-align: center;\"><strong>Poradov\u00e9 \u010d\u00edslo<\/strong><\/th><th class=\"subtable_td1\" style=\"text-align: center;\"><strong><span id=\"M3_rptReviews_ctl37_rptReviewsData_ctl00_projectId\">\u010c\u00edslo rozhodnutia zo d\u0148a<\/span><\/strong><\/th><th class=\"subtable_td1 evf-l-align\" style=\"text-align: center;\"><strong>N\u00e1zov \u017eiadate\u013ea<\/strong><\/th><th class=\"subtable_td1 evf-l-align\" style=\"text-align: center;\"><strong>N\u00e1zov projektu<\/strong><\/th><th class=\"subtable_td1 evf-r-align\" style=\"text-align: center;\"><strong>Schv\u00e1len\u00e1 dot\u00e1cia v EUR<\/strong><\/th><\/tr><\/thead><tbody><tr><td>1<\/td><td class=\"evf-c-align\">E1925\/L7AP-60\/21 29.11.2021<\/td><td>Obec Kurimany<\/td><td class=\"evf-l-align\">Zn\u00ed\u017eenie energetickej n\u00e1ro\u010dnosti objektu administrat\u00edvnej budovy<\/td><td class=\"evf-r-align\">190\u00a0027,00<\/td><\/tr><tr><td>2<\/td><td class=\"evf-c-align\">E1964\/L7AP-76\/21 29.11.2021<\/td><td>Obec Henckovce<\/td><td class=\"evf-l-align\">Rekon\u0161trukcia budovy Obecn\u00e9ho \u00faradu Henckovce<\/td><td class=\"evf-r-align\">173\u00a0159,00<\/td><\/tr><tr><td>3<\/td><td class=\"evf-c-align\">E1979\/L7AP-52\/21 29.11.2021<\/td><td>Obec Ve\u013ek\u00e1 Ves nad Ip\u013eom<\/td><td class=\"evf-l-align\">Zv\u00fd\u0161enie energetickej hospod\u00e1rnosti obecnej budovy v obci Ve\u013ek\u00e1 Ves nad Ip\u013eom<\/td><td class=\"evf-r-align\">167\u00a0737,00<\/td><\/tr><tr><td>4<\/td><td class=\"evf-c-align\">E1987\/L7AP-75\/21 29.11.2021<\/td><td>Obec \u017dbince<\/td><td class=\"evf-l-align\">Zvy\u0161ovanie energetickej \u00fa\u010dinnosti budovy kult\u00farneho domu v obci \u017dbince<\/td><td class=\"evf-r-align\">98\u00a0570,00<\/td><\/tr><tr><td>5<\/td><td class=\"evf-c-align\">E1988\/L7AP-67\/21 09.08.2021<\/td><td>Obec Vagrinec<\/td><td class=\"evf-l-align\">Zn\u00ed\u017eenie energetickej n\u00e1ro\u010dnosti Obecn\u00e9ho \u00faradu<\/td><td class=\"evf-r-align\">181\u00a0180,00<\/td><\/tr><tr><td>6<\/td><td class=\"evf-c-align\">E2026\/L7AP-67\/21 29.11.2021<\/td><td>Obec Kukov\u00e1<\/td><td class=\"evf-l-align\">Zni\u017eovanie energetickej n\u00e1ro\u010dnosti Oc\u00da Kukov\u00e1<\/td><td class=\"evf-r-align\">203\u00a0698,00<\/td><\/tr><tr><td>7<\/td><td class=\"evf-c-align\">E2034\/L7AP-75\/21 29.11.2021<\/td><td>Obec Bracovce<\/td><td class=\"evf-l-align\">Zv\u00fd\u0161enie energetickej \u00fa\u010dinnosti administrat\u00edvnej budovy<\/td><td class=\"evf-r-align\">400\u00a0000,00<\/td><\/tr><tr><td>8<\/td><td class=\"evf-c-align\">E2037\/L7AP-79\/21 29.11.2021<\/td><td>Obec Brehov<\/td><td class=\"evf-l-align\">Kult\u00farny dom Brehov &#8211; SO 01 Zateplenie a SO 02 Stavebn\u00e9 \u00fapravy<\/td><td class=\"evf-r-align\">211\u00a0180,00<\/td><\/tr><tr><td>9<\/td><td class=\"evf-c-align\">E2042\/L7AP-73\/21 29.11.2021<\/td><td>Obec \u010ce\u010dejovce<\/td><td class=\"evf-l-align\">STAVEBN\u00c9 \u00daPRAVY NA ZVY\u0160OVANIE ENERGETICKEJ \u00da\u010cINNOSTI OBJEKTOV Z\u0160 V ARE\u00c1LI Z\u0160 \u010cE\u010cEJOVCE<\/td><td class=\"evf-r-align\">400\u00a0000,00<\/td><\/tr><tr><td>10<\/td><td class=\"evf-c-align\">E2048\/L7AP-79\/21 29.11.2021<\/td><td>Obec Sv\u00e4tu\u0161e<\/td><td class=\"evf-l-align\">Zvy\u0161ovanie energetickej \u00fa\u010dinnosti kult\u00farneho domu v obci Sv\u00e4tu\u0161e<\/td><td class=\"evf-r-align\">125\u00a0253,00<\/td><\/tr><tr><td>11<\/td><td class=\"evf-c-align\">E2049\/L7AP-79\/21 29.11.2021<\/td><td>Obec Sv\u00e4t\u00e1 M\u00e1ria<\/td><td class=\"evf-l-align\">Zvy\u0161ovanie energetickej \u00fa\u010dinnosti budovy kult\u00farneho domu a obecn\u00e9ho \u00faradu<\/td><td class=\"evf-r-align\">116\u00a0468,00<\/td><\/tr><tr><td>12<\/td><td class=\"evf-c-align\">E2058\/L7AP-75\/21 09.08.2021<\/td><td>Obec Ptruk\u0161a<\/td><td class=\"evf-l-align\">Zn\u00ed\u017eenie energetickej n\u00e1ro\u010dnosti obecn\u00fdch budov &#8211; Ptruk\u0161a SO 02 &#8211; Kult\u00farny dom<\/td><td class=\"evf-r-align\">82\u00a0646,00<\/td><\/tr><tr><td>13<\/td><td class=\"evf-c-align\">E2059\/L7AP-79\/21 29.11.2021<\/td><td>Obec Kysta<\/td><td class=\"evf-l-align\">ZVY\u0160OVANIE ENERGETICKEJ \u00da\u010cINNOSTI M\u0160 V OBCI KYSTA S.\u010c. 93\/10A<\/td><td class=\"evf-r-align\">96\u00a0374,00<\/td><\/tr><tr><td>14<\/td><td class=\"evf-c-align\">E2146\/L7AP-67\/21 29.11.2021<\/td><td>Obec Kalni\u0161te<\/td><td class=\"evf-l-align\">Z\u00c1KLADN\u00c1 \u0160KOLA KALNI\u0160TE &#8211; ZN\u00cd\u017dENIE ENERGETICKEJ N\u00c1RO\u010cNOSTI BUDOVY<\/td><td class=\"evf-r-align\">134\u00a0649,00<\/td><\/tr><tr><td>15<\/td><td class=\"evf-c-align\">E2165\/L7AP-73\/21 29.11.2021<\/td><td>Obec Ni\u017en\u00fd Kl\u00e1tov<\/td><td class=\"evf-l-align\">Obecn\u00fd \u00farad Ni\u017en\u00fd Kl\u00e1tov- zv\u00fd\u0161enie energetickej \u00fa\u010dinnosti<\/td><td class=\"evf-r-align\">202\u00a0684,00<\/td><\/tr><tr><td>16<\/td><td class=\"evf-c-align\">E2191\/L7AP-75\/21 29.11.2021<\/td><td>Obec Slavkovce<\/td><td class=\"evf-l-align\">Obecn\u00fd \u00farad Slavkovce &#8211; Zlep\u0161enie energetickej hospod\u00e1rnosti budovy &#8211; Stavebn\u00e9 \u00fapravy<\/td><td class=\"evf-r-align\">202\u00a0335,00<\/td><\/tr><tr><td>17<\/td><td class=\"evf-c-align\">E2228\/L7AP-51\/21 29.11.2021<\/td><td>Obec Abovce<\/td><td class=\"evf-l-align\">Zvy\u0161ovanie energetickej \u00fa\u010dinnosti kult\u00farneho domu v obci Abovce<\/td><td class=\"evf-r-align\">125\u00a0600,00<\/td><\/tr><tr><td>18<\/td><td class=\"evf-c-align\">E2249\/L7AP-76\/21 29.11.2021<\/td><td>Obec Kr\u00e1snohorsk\u00e1 Dlh\u00e1 L\u00faka<\/td><td class=\"evf-l-align\">Zn\u00ed\u017eenie energetickej n\u00e1ro\u010dnosti objektu Obecn\u00e9ho \u00faradu a kult\u00farneho domu v obci Kr\u00e1snohorsk\u00e1 Dlh\u00e1 L\u00faka s\u00fap. \u010d. 3<\/td><td class=\"evf-r-align\">182\u00a0639,00<\/td><\/tr><tr><td>19<\/td><td class=\"evf-c-align\">E2259\/L7AP-52\/21 29.11.2021<\/td><td>Obec Vinica<\/td><td class=\"evf-l-align\">Zn\u00ed\u017eenie energetickej n\u00e1ro\u010dnosti budovy Obecn\u00e9ho \u00faradu v obci Vinica<\/td><td class=\"evf-r-align\">400\u00a0000,00<\/td><\/tr><tr><td>20<\/td><td class=\"evf-c-align\">E2280\/L7AP-49\/21 09.08.2021<\/td><td>Obec Ozd\u00edn<\/td><td class=\"evf-l-align\">Zv\u00fd\u0161enie energetickej \u00fa\u010dinnosti budovy O\u00da v obci Ozd\u00edn<\/td><td class=\"evf-r-align\">116\u00a0692,00<\/td><\/tr><tr><td>21<\/td><td class=\"evf-c-align\">E2287\/L7AP-48\/21 29.11.2021<\/td><td>Obec Radzovce<\/td><td class=\"evf-l-align\">Rekon\u0161trukcia Obecn\u00e9ho \u00faradu- Radzovce<\/td><td class=\"evf-r-align\">295\u00a0000,00<\/td><\/tr><tr><td>22<\/td><td class=\"evf-c-align\">E2366\/L7AP-75\/21 29.11.2021<\/td><td>Obec Bajany<\/td><td class=\"evf-l-align\">ZLEP\u0160ENIE ENERGETICKEJ HOSPOD\u00c1RNOSTI OBECNEJ BUDOVY BAJANY<\/td><td class=\"evf-r-align\">133\u00a0310,00<\/td><\/tr><tr><td>23<\/td><td class=\"evf-c-align\">E2368\/L7AP-57\/21 29.11.2021<\/td><td>Obec Belove\u017ea<\/td><td class=\"evf-l-align\">Rekon\u0161trukcia materskej \u0161koly v obci Belove\u017ea<\/td><td class=\"evf-r-align\">175\u00a0730,00<\/td><\/tr><tr><td>24<\/td><td class=\"evf-c-align\">E2388\/L7AP-77\/21 29.11.2021<\/td><td>Obec Be\u017eovce<\/td><td class=\"evf-l-align\">ZV\u00dd\u0160ENIE ENERGETICKEJ \u00da\u010cINNOSTI BUDOVY MATERSKEJ \u0160KOLY BE\u017dOVCE<\/td><td class=\"evf-r-align\">176\u00a0357,00<\/td><\/tr><tr><td>25<\/td><td class=\"evf-c-align\">E2410\/L7AP-75\/21 09.08.2021<\/td><td>Obec Lesn\u00e9<\/td><td class=\"evf-l-align\">LESN\u00c9 \u2013 ZV\u00dd\u0160ENIE ENERGETICKEJ \u00da\u010cINNOSTI BUDOVY KULT\u00daRNEHO DOMU p. \u010d. 2<\/td><td class=\"evf-r-align\">204\u00a0800,00<\/td><\/tr><tr><td>26<\/td><td class=\"evf-c-align\">E2413\/L7AP-68\/21 29.11.2021<\/td><td>Mesto Vranov nad Top\u013eou<\/td><td class=\"evf-l-align\">Zv\u00fd\u0161enie energetickej hospod\u00e1rnosti M\u0160 Kuku\u010d\u00ednova Vranov n. T.<\/td><td class=\"evf-r-align\">400\u00a0000,00<\/td><\/tr><tr><td>27<\/td><td class=\"evf-c-align\">E2416\/L7AP-76\/21 09.08.2021<\/td><td>Obec Jablonov nad Tur\u0148ou<\/td><td class=\"evf-l-align\">Zvy\u0161ovanie energetickej \u00fa\u010dinnosti verejnej budovy kni\u017enice vr\u00e1tane zatep\u013eovania<\/td><td class=\"evf-r-align\">70\u00a0118,00<\/td><\/tr><tr><td>28<\/td><td class=\"evf-c-align\">E2426\/L7AP-57\/21 29.11.2021<\/td><td>Obec Kochanovce<\/td><td class=\"evf-l-align\">Stavebn\u00e9 \u00fapravy budovy materskej \u0161koly Kochanovce<\/td><td class=\"evf-r-align\">202\u00a0759,00<\/td><\/tr><tr><td>29<\/td><td class=\"evf-c-align\">E2440\/L7AP-52\/21 29.11.2021<\/td><td>Obec Hru\u0161ov<\/td><td class=\"evf-l-align\">Zateplenie kult\u00farno a administrat\u00edvneho spolo\u010densk\u00e9ho zariadenia \u010d. 526 Hru\u0161ov<\/td><td class=\"evf-r-align\">400\u00a0000,00<\/td><\/tr><tr><td>30<\/td><td class=\"evf-c-align\">E2459\/L7AP-48\/21 29.11.2021<\/td><td>Obec \u00c1belov\u00e1<\/td><td class=\"evf-l-align\">Prestavba budovy a zn\u00ed\u017eenie spotreby energetickej n\u00e1ro\u010dnosti budovy &#8211; Obecn\u00fd \u00farad Abelov\u00e1<\/td><td class=\"evf-r-align\">207\u00a0569,00<\/td><\/tr><tr><td>31<\/td><td class=\"evf-c-align\">E2461\/L7AP-67\/21 09.08.2021<\/td><td>Obec Kru\u017elov\u00e1<\/td><td class=\"evf-l-align\">Rekon\u0161trukcia verejno-prospe\u0161nej budovy v obci Kru\u017elov\u00e1<\/td><td class=\"evf-r-align\">99\u00a0400,00<\/td><\/tr><tr><td>32<\/td><td class=\"evf-c-align\">E2524\/L7AP-57\/21 09.08.2021<\/td><td>Obec Dubinn\u00e9<\/td><td class=\"evf-l-align\">Zn\u00ed\u017eenie energetickej n\u00e1ro\u010dnosti kult\u00farno-spr\u00e1vnej budovy Dubinn\u00e9<\/td><td class=\"evf-r-align\">224\u00a0560,00<\/td><\/tr><tr><td>33<\/td><td class=\"evf-c-align\">E2532\/L7AP-75\/21 09.08.2021<\/td><td>Obec Markovce<\/td><td class=\"evf-l-align\">Zv\u00fd\u0161enie energetickej \u00fa\u010dinnosti Kult\u00farneho domu<\/td><td class=\"evf-r-align\">113\u00a0054,00<\/td><\/tr><tr><td>34<\/td><td class=\"evf-c-align\">E2573\/L7AP-75\/21 29.11.2021<\/td><td>Obec Kalu\u017ea<\/td><td class=\"evf-l-align\">Zvy\u0161ovanie energetickej \u00fa\u010dinnosti existuj\u00facej verejnej budovy Obecn\u00e9ho \u00faradu v Kalu\u017ei vr\u00e1tane zatep\u013eovania<\/td><td class=\"evf-r-align\">143\u00a0635,00<\/td><\/tr><tr><td>35<\/td><td class=\"evf-c-align\">E2610\/L7AP-67\/21 29.11.2021<\/td><td>Obec Mlyn\u00e1rovce<\/td><td class=\"evf-l-align\">Stavebn\u00e9 \u00fapravy Oc\u00da Mlyn\u00e1rovce<\/td><td class=\"evf-r-align\">200\u00a0000,00<\/td><\/tr><tr><td>36<\/td><td class=\"evf-c-align\">E2641\/L7AP-57\/21 09.08.2021<\/td><td>Obec Nemcovce<\/td><td class=\"evf-l-align\">Invest\u00edcie do vyu\u017e\u00edvania OZE-moderniz\u00e1cia KSB a M\u0160 v obci Nemcovce<\/td><td class=\"evf-r-align\">185\u00a0711,00<\/td><\/tr><tr><td>37<\/td><td class=\"evf-c-align\">E2668\/L7AP-48\/21 29.11.2021<\/td><td>Obec Ru\u017ein\u00e1<\/td><td class=\"evf-l-align\">Zv\u00fd\u0161enie energetickej \u00fa\u010dinnosti polyfunk\u010dnej budovy v obci Ru\u017ein\u00e1<\/td><td class=\"evf-r-align\">85\u00a0685,00<\/td><\/tr><tr><td>38<\/td><td class=\"evf-c-align\">E2680\/L7AP-52\/21 29.11.2021<\/td><td>Obec Kiarov<\/td><td class=\"evf-l-align\">Zv\u00fd\u0161enie energetickej hospod\u00e1rnosti obecn\u00e9ho domu v obci Kiarov<\/td><td class=\"evf-r-align\">159\u00a0896,00<\/td><\/tr><tr><td>39<\/td><td class=\"evf-c-align\">E2703\/L7AP-60\/21 09.08.2021<\/td><td>Obec Doma\u0148ovce<\/td><td class=\"evf-l-align\">ZN\u00cd\u017dENIE ENERGETICKEJ N\u00c1RO\u010cNOSTI MULTIFUNK\u010cNEJ BUDOVY V OBCI DOMA\u0147OVCE<\/td><td class=\"evf-r-align\">321\u00a0783,00<\/td><\/tr><tr><td>40<\/td><td class=\"evf-c-align\">E2726\/L7AP-76\/21 29.11.2021<\/td><td>Obec Rudn\u00e1<\/td><td class=\"evf-l-align\">REKON\u0160TRUKCIA MATERSKEJ \u0160KOLY RUDN\u00c1<\/td><td class=\"evf-r-align\">188\u00a0111,00<\/td><\/tr><\/tbody><\/table>\t\t\t\t\t<\/div>\n\t\t\t\t\t\t<\/div>\n\t\t\t\t<\/div>\n\t\t\t\t<div class=\"elementor-element elementor-element-3bae3a2 divider_yes elementor-widget elementor-widget-wgl-double-headings\" data-id=\"3bae3a2\" data-element_type=\"widget\" data-widget_type=\"wgl-double-headings.default\">\n\t\t\t\t<div class=\"elementor-widget-container\">\n\t\t\t<div class=\"wgl-double_heading aleft\">                <h5 class=\"dbl-title_wrapper\"><span class=\"dbl-title dbl-title_1\">ODSTRA\u0147OVANIE N\u00c1SLEDKOV HAV\u00c1RIE\n<\/span>                 <\/h5>        <\/div>\t\t<\/div>\n\t\t\t\t<\/div>\n\t\t\t\t<div class=\"elementor-element elementor-element-b928b2b elementor-widget elementor-widget-text-editor\" data-id=\"b928b2b\" data-element_type=\"widget\" data-widget_type=\"text-editor.default\">\n\t\t\t\t<div class=\"elementor-widget-container\">\n\t\t\t\t\t\t\t\t<div class=\"elementor-text-editor elementor-clearfix\">\n\t\t\t\t<table class=\"tblBorder\"><thead><tr class=\"subtable_title\"><th class=\"subtable_td1\" style=\"text-align: center;\"><strong>Poradov\u00e9 \u010d\u00edslo<\/strong><\/th><th class=\"subtable_td1\" style=\"text-align: center;\"><strong><span id=\"M3_rptReviews_ctl38_rptReviewsData_ctl00_projectId\">\u010c\u00edslo rozhodnutia zo d\u0148a<\/span><\/strong><\/th><th class=\"subtable_td1 evf-l-align\" style=\"text-align: center;\"><strong>N\u00e1zov \u017eiadate\u013ea<\/strong><\/th><th class=\"subtable_td1 evf-l-align\" style=\"text-align: center;\"><strong>N\u00e1zov projektu<\/strong><\/th><th class=\"subtable_td1 evf-r-align\" style=\"text-align: center;\"><strong>Schv\u00e1len\u00e1 dot\u00e1cia v EUR<\/strong><\/th><\/tr><\/thead><tbody><tr><td>1<\/td><td class=\"evf-c-align\">151592\/HV-01\/21 18.05.2021<\/td><td>Slovensk\u00e1 in\u0161pekcia \u017eivotn\u00e9ho prostredia<\/td><td class=\"evf-l-align\">Odstra\u0148ovanie n\u00e1sledkov mimoriadnych zhor\u0161en\u00ed kvality v\u00f4d alebo mimoriadnych ohrozen\u00ed kvality v\u00f4d na \u00fazem\u00ed Slovenskej republiky pre rok 2021<\/td><td class=\"evf-r-align\">30\u00a0000,00<\/td><\/tr><\/tbody><\/table>\t\t\t\t\t<\/div>\n\t\t\t\t\t\t<\/div>\n\t\t\t\t<\/div>\n\t\t\t\t<div class=\"elementor-element elementor-element-aad0747 divider_yes elementor-widget elementor-widget-wgl-double-headings\" data-id=\"aad0747\" data-element_type=\"widget\" data-widget_type=\"wgl-double-headings.default\">\n\t\t\t\t<div class=\"elementor-widget-container\">\n\t\t\t<div class=\"wgl-double_heading aleft\">                <h5 class=\"dbl-title_wrapper\"><span class=\"dbl-title dbl-title_1\">\u00daHRADA N\u00c1KLADOV S\u00daVISIACICH S OCHRANOU \u017dIVOTN\u00c9HO PROSTREDIA ZA SLU\u017dBY VO VEREJNOM Z\u00c1UJME\n<\/span>                 <\/h5>        <\/div>\t\t<\/div>\n\t\t\t\t<\/div>\n\t\t\t\t<div class=\"elementor-element elementor-element-fcb899c elementor-widget elementor-widget-text-editor\" data-id=\"fcb899c\" data-element_type=\"widget\" data-widget_type=\"text-editor.default\">\n\t\t\t\t<div class=\"elementor-widget-container\">\n\t\t\t\t\t\t\t\t<div class=\"elementor-text-editor elementor-clearfix\">\n\t\t\t\t<table class=\"tblBorder\"><thead><tr class=\"subtable_title\"><th class=\"subtable_td1\" style=\"text-align: center;\"><strong>Poradov\u00e9 \u010d\u00edslo<\/strong><\/th><th class=\"subtable_td1\" style=\"text-align: center;\"><strong><span id=\"M3_rptReviews_ctl39_rptReviewsData_ctl00_projectId\">\u010c\u00edslo rozhodnutia zo d\u0148a<\/span><\/strong><\/th><th class=\"subtable_td1 evf-l-align\" style=\"text-align: center;\"><strong>N\u00e1zov \u017eiadate\u013ea<\/strong><\/th><th class=\"subtable_td1 evf-l-align\" style=\"text-align: center;\"><strong>N\u00e1zov projektu<\/strong><\/th><th class=\"subtable_td1 evf-r-align\" style=\"text-align: center;\"><strong>Schv\u00e1len\u00e1 dot\u00e1cia v EUR<\/strong><\/th><\/tr><\/thead><tbody><tr><td>1<\/td><td class=\"evf-c-align\">20491\/2021 16.04.2021<\/td><td>Slovensk\u00e1 in\u0161pekcia \u017eivotn\u00e9ho prostredia<\/td><td class=\"evf-l-align\">Dofinancovanie slu\u017eieb SI\u017dP<\/td><td class=\"evf-r-align\">1\u00a0090\u00a0000,00<\/td><\/tr><\/tbody><\/table>\t\t\t\t\t<\/div>\n\t\t\t\t\t\t<\/div>\n\t\t\t\t<\/div>\n\t\t\t\t\t\t<\/div>\n\t\t\t\t\t<\/div>\n\t\t<\/div>\n\t\t\t\t\t\t\t\t<\/div>\n\t\t\t\t\t<\/div>\n\t\t<\/section>\n\t\t\t\t\t\t<\/div>\n\t\t\t\t\t\t<\/div>\n\t\t\t\t\t<\/div>\n\t\t","protected":false},"excerpt":{"rendered":"<p>Preh\u013ead \u017eiadate\u013eov o poskytnutie finan\u010dn\u00fdch prostriedkov formou dot\u00e1cie z Environment\u00e1lneho fondu, o ktor\u00fdch podpore rozhodol minister \u017eivotn\u00e9ho prostredia SR A. Oblas\u0165: OCHRANA OVZDU\u0160IA \u010cinnos\u0165 A1: Podpora v\u00fdroby tepla a teplej vody prostredn\u00edctvom vyu\u017e\u00edvania n\u00edzkoemisn\u00fdch zdrojov Poradov\u00e9 \u010d\u00edslo \u010c\u00edslo rozhodnutia zo d\u0148a N\u00e1zov \u017eiadate\u013ea N\u00e1zov projektu Schv\u00e1len\u00e1 dot\u00e1cia v EUR 1 E16\/A1-73\/21 29.11.2021 Obec Sady nad [&hellip;]<\/p>\n","protected":false},"author":1,"featured_media":0,"parent":0,"menu_order":0,"comment_status":"closed","ping_status":"closed","template":"","meta":{"footnotes":""},"class_list":["post-2754","page","type-page","status-publish","hentry"],"_links":{"self":[{"href":"https:\/\/feelfreeagency.com\/envirofond\/wp-json\/wp\/v2\/pages\/2754","targetHints":{"allow":["GET"]}}],"collection":[{"href":"https:\/\/feelfreeagency.com\/envirofond\/wp-json\/wp\/v2\/pages"}],"about":[{"href":"https:\/\/feelfreeagency.com\/envirofond\/wp-json\/wp\/v2\/types\/page"}],"author":[{"embeddable":true,"href":"https:\/\/feelfreeagency.com\/envirofond\/wp-json\/wp\/v2\/users\/1"}],"replies":[{"embeddable":true,"href":"https:\/\/feelfreeagency.com\/envirofond\/wp-json\/wp\/v2\/comments?post=2754"}],"version-history":[{"count":25,"href":"https:\/\/feelfreeagency.com\/envirofond\/wp-json\/wp\/v2\/pages\/2754\/revisions"}],"predecessor-version":[{"id":2779,"href":"https:\/\/feelfreeagency.com\/envirofond\/wp-json\/wp\/v2\/pages\/2754\/revisions\/2779"}],"wp:attachment":[{"href":"https:\/\/feelfreeagency.com\/envirofond\/wp-json\/wp\/v2\/media?parent=2754"}],"curies":[{"name":"wp","href":"https:\/\/api.w.org\/{rel}","templated":true}]}}